{"id":28504,"date":"2026-04-28T13:44:53","date_gmt":"2026-04-28T13:44:53","guid":{"rendered":"https:\/\/ateliervae.fr\/?product=universele-oplader-42v-2a-2-polig"},"modified":"2026-04-28T16:20:47","modified_gmt":"2026-04-28T16:20:47","slug":"chargeur-velo-performance-42v-2a-puissance-elevee","status":"publish","type":"product","link":"https:\/\/ateliervae.fr\/?product=chargeur-velo-performance-42v-2a-puissance-elevee","title":{"rendered":"Chargeur v\u00e9lo \u00e9lectrique Universele oplader 42V 2A (2-polig)"},"content":{"rendered":"<h2 data-section-id=\"12wqmpa\" data-start=\"367\" data-end=\"406\"><span role=\"text\"><strong data-start=\"370\" data-end=\"406\">Description d\u00e9taill\u00e9e du produit<\/strong><\/span><\/h2>\n<p data-start=\"408\" data-end=\"823\">Le <strong data-start=\"411\" data-end=\"475\">chargeur v\u00e9lo \u00e9lectrique Universele oplader 42V 2A (2-polig)<\/strong> est un accessoire essentiel pour tous les utilisateurs de v\u00e9los \u00e9lectriques recherchant une solution fiable, rapide et s\u00e9curis\u00e9e pour recharger leur batterie. Compatible avec de nombreux mod\u00e8les de v\u00e9los urbains, VTT \u00e9lectriques et v\u00e9los de randonn\u00e9e, ce <strong data-start=\"731\" data-end=\"776\">chargeur v\u00e9lo \u00e9lectrique puissance \u00e9lev\u00e9e<\/strong> garantit une alimentation stable et optimis\u00e9e.<\/p>\n<p data-start=\"825\" data-end=\"1132\">Ce chargeur est con\u00e7u pour fonctionner avec des <strong data-start=\"873\" data-end=\"909\">batteries lithium-ion 36V et 48V<\/strong>, assurant une compatibilit\u00e9 large et une utilisation universelle. Gr\u00e2ce \u00e0 sa technologie intelligente, il ajuste automatiquement le courant de charge pour pr\u00e9server la dur\u00e9e de vie de la batterie et \u00e9viter les surchauffes.<\/p>\n<p data-start=\"1134\" data-end=\"1356\">Parmi ses principaux avantages, on retrouve une recharge rapide, une grande s\u00e9curit\u00e9 d\u2019utilisation et une excellente durabilit\u00e9. Il est id\u00e9al pour les trajets quotidiens, les longues distances ou une utilisation intensive.<\/p>\n<h2 data-section-id=\"1omcbhb\" data-start=\"1606\" data-end=\"1668\"><span role=\"text\"><strong data-start=\"1609\" data-end=\"1668\">Caract\u00e9ristiques techniques du chargeur v\u00e9lo \u00e9lectrique<\/strong><\/span><\/h2>\n<div class=\"TyagGW_tableContainer\">\n<div class=\"group TyagGW_tableWrapper flex flex-col-reverse w-fit\" tabindex=\"-1\">\n<table class=\"w-fit min-w-(--thread-content-width)\" data-start=\"1670\" data-end=\"2274\">\n<thead data-start=\"1670\" data-end=\"1698\">\n<tr data-start=\"1670\" data-end=\"1698\">\n<th class=\"\" data-start=\"1670\" data-end=\"1688\" data-col-size=\"sm\">Caract\u00e9ristique<\/th>\n<th class=\"\" data-start=\"1688\" data-end=\"1698\" data-col-size=\"md\">D\u00e9tail<\/th>\n<\/tr>\n<\/thead>\n<tbody data-start=\"1727\" data-end=\"2274\">\n<tr data-start=\"1727\" data-end=\"1758\">\n<td data-start=\"1727\" data-end=\"1736\" data-col-size=\"sm\">Marque<\/td>\n<td data-start=\"1736\" data-end=\"1758\" data-col-size=\"md\">Universele Oplader<\/td>\n<\/tr>\n<tr data-start=\"1759\" data-end=\"1805\">\n<td data-start=\"1759\" data-end=\"1777\" data-col-size=\"sm\">Type de produit<\/td>\n<td data-start=\"1777\" data-end=\"1805\" data-col-size=\"md\">Chargeur v\u00e9lo \u00e9lectrique<\/td>\n<\/tr>\n<tr data-start=\"1806\" data-end=\"1865\">\n<td data-start=\"1806\" data-end=\"1820\" data-col-size=\"sm\">Technologie<\/td>\n<td data-start=\"1820\" data-end=\"1865\" data-col-size=\"md\">Compatible Lithium-ion \/ Lithium-polym\u00e8re<\/td>\n<\/tr>\n<tr data-start=\"1866\" data-end=\"1883\">\n<td data-start=\"1866\" data-end=\"1876\" data-col-size=\"sm\">Voltage<\/td>\n<td data-start=\"1876\" data-end=\"1883\" data-col-size=\"md\">42V<\/td>\n<\/tr>\n<tr data-start=\"1884\" data-end=\"1902\">\n<td data-start=\"1884\" data-end=\"1896\" data-col-size=\"sm\">Intensit\u00e9<\/td>\n<td data-start=\"1896\" data-end=\"1902\" data-col-size=\"md\">2A<\/td>\n<\/tr>\n<tr data-start=\"1903\" data-end=\"1946\">\n<td data-start=\"1903\" data-end=\"1914\" data-col-size=\"sm\">Capacit\u00e9<\/td>\n<td data-start=\"1914\" data-end=\"1946\" data-col-size=\"md\">Adapt\u00e9e batteries 6Ah \u00e0 20Ah<\/td>\n<\/tr>\n<tr data-start=\"1947\" data-end=\"1996\">\n<td data-start=\"1947\" data-end=\"1965\" data-col-size=\"sm\">Temps de charge<\/td>\n<td data-start=\"1965\" data-end=\"1996\" data-col-size=\"md\">3 \u00e0 6 heures selon batterie<\/td>\n<\/tr>\n<tr data-start=\"1997\" data-end=\"2033\">\n<td data-start=\"1997\" data-end=\"2012\" data-col-size=\"sm\">Dur\u00e9e de vie<\/td>\n<td data-start=\"2012\" data-end=\"2033\" data-col-size=\"md\">800 \u00e0 1000 cycles<\/td>\n<\/tr>\n<tr data-start=\"2034\" data-end=\"2081\">\n<td data-start=\"2034\" data-end=\"2050\" data-col-size=\"sm\">Compatibilit\u00e9<\/td>\n<td data-start=\"2050\" data-end=\"2081\" data-col-size=\"md\">V\u00e9los \u00e9lectriques 36V \/ 48V<\/td>\n<\/tr>\n<tr data-start=\"2082\" data-end=\"2116\">\n<td data-start=\"2082\" data-end=\"2095\" data-col-size=\"sm\">Connecteur<\/td>\n<td data-start=\"2095\" data-end=\"2116\" data-col-size=\"md\">2 broches (2-pin)<\/td>\n<\/tr>\n<tr data-start=\"2117\" data-end=\"2134\">\n<td data-start=\"2117\" data-end=\"2125\" data-col-size=\"sm\">Poids<\/td>\n<td data-start=\"2125\" data-end=\"2134\" data-col-size=\"md\">450 g<\/td>\n<\/tr>\n<tr data-start=\"2135\" data-end=\"2200\">\n<td data-start=\"2135\" data-end=\"2157\" data-col-size=\"sm\">Syst\u00e8me de s\u00e9curit\u00e9<\/td>\n<td data-start=\"2157\" data-end=\"2200\" data-col-size=\"md\">Protection surtension + BMS intelligent<\/td>\n<\/tr>\n<tr data-start=\"2201\" data-end=\"2243\">\n<td data-start=\"2201\" data-end=\"2229\" data-col-size=\"sm\">Temp\u00e9rature d\u2019utilisation<\/td>\n<td data-start=\"2229\" data-end=\"2243\" data-col-size=\"md\">0\u00b0C \u00e0 45\u00b0C<\/td>\n<\/tr>\n<tr data-start=\"2244\" data-end=\"2274\">\n<td data-start=\"2244\" data-end=\"2252\" data-col-size=\"sm\">Gamme<\/td>\n<td data-start=\"2252\" data-end=\"2274\" data-col-size=\"md\">Universelle e-bike<\/td>\n<\/tr>\n<\/tbody>\n<\/table>\n<\/div>\n<\/div>\n<h3 data-section-id=\"5obhu3\" data-start=\"2276\" data-end=\"2300\"><\/h3>\n<h2 data-section-id=\"mkcerz\" data-start=\"2413\" data-end=\"2452\"><span role=\"text\"><strong data-start=\"2416\" data-end=\"2452\">Tableau comparatif (concurrence)<\/strong><\/span><\/h2>\n<div class=\"TyagGW_tableContainer\">\n<div class=\"group TyagGW_tableWrapper flex flex-col-reverse w-fit\" tabindex=\"-1\">\n<table class=\"w-fit min-w-(--thread-content-width)\" data-start=\"2454\" data-end=\"2960\">\n<thead data-start=\"2454\" data-end=\"2563\">\n<tr data-start=\"2454\" data-end=\"2563\">\n<th class=\"\" data-start=\"2454\" data-end=\"2463\" data-col-size=\"sm\">Mod\u00e8le<\/th>\n<th class=\"\" data-start=\"2463\" data-end=\"2481\" data-col-size=\"sm\">Type de produit<\/th>\n<th class=\"\" data-start=\"2481\" data-end=\"2502\" data-col-size=\"sm\">Voltage \/ capacit\u00e9<\/th>\n<th class=\"\" data-start=\"2502\" data-end=\"2514\" data-col-size=\"sm\">Autonomie<\/th>\n<th class=\"\" data-start=\"2514\" data-end=\"2530\" data-col-size=\"sm\">Compatibilit\u00e9<\/th>\n<th class=\"\" data-start=\"2530\" data-end=\"2538\" data-col-size=\"sm\">Poids<\/th>\n<th class=\"\" data-start=\"2538\" data-end=\"2563\" data-col-size=\"sm\">Prix TTC constructeur<\/th>\n<\/tr>\n<\/thead>\n<tbody data-start=\"2676\" data-end=\"2960\">\n<tr data-start=\"2676\" data-end=\"2767\">\n<td data-start=\"2676\" data-end=\"2696\" data-col-size=\"sm\">Universele 42V 2A<\/td>\n<td data-start=\"2696\" data-end=\"2714\" data-col-size=\"sm\">Chargeur e-bike<\/td>\n<td data-start=\"2714\" data-end=\"2725\" data-col-size=\"sm\">42V \/ 2A<\/td>\n<td data-start=\"2725\" data-end=\"2739\" data-col-size=\"sm\">3-6h charge<\/td>\n<td data-start=\"2739\" data-end=\"2751\" data-col-size=\"sm\">36V \/ 48V<\/td>\n<td data-start=\"2751\" data-end=\"2759\" data-col-size=\"sm\">450 g<\/td>\n<td data-start=\"2759\" data-end=\"2767\" data-col-size=\"sm\">59,99 \u20ac<\/td>\n<\/tr>\n<tr data-start=\"2768\" data-end=\"2865\">\n<td data-start=\"2768\" data-end=\"2789\" data-col-size=\"sm\">FastCharge Pro 42V<\/td>\n<td data-start=\"2789\" data-end=\"2807\" data-col-size=\"sm\">Chargeur rapide<\/td>\n<td data-start=\"2807\" data-end=\"2818\" data-col-size=\"sm\">42V \/ 3A<\/td>\n<td data-start=\"2818\" data-end=\"2832\" data-col-size=\"sm\">2-4h charge<\/td>\n<td data-start=\"2832\" data-end=\"2849\" data-col-size=\"sm\">36V uniquement<\/td>\n<td data-start=\"2849\" data-end=\"2857\" data-col-size=\"sm\">520 g<\/td>\n<td data-start=\"2857\" data-end=\"2865\" data-col-size=\"sm\">49 \u20ac<\/td>\n<\/tr>\n<tr data-start=\"2866\" data-end=\"2960\">\n<td data-start=\"2866\" data-end=\"2886\" data-col-size=\"sm\">EcoPower Standard<\/td>\n<td data-start=\"2886\" data-end=\"2905\" data-col-size=\"sm\">Chargeur basique<\/td>\n<td data-start=\"2905\" data-end=\"2918\" data-col-size=\"sm\">42V \/ 1.5A<\/td>\n<td data-start=\"2918\" data-end=\"2932\" data-col-size=\"sm\">5-7h charge<\/td>\n<td data-start=\"2932\" data-end=\"2944\" data-col-size=\"sm\">36V \/ 48V<\/td>\n<td data-start=\"2944\" data-end=\"2952\" data-col-size=\"sm\">400 g<\/td>\n<td data-start=\"2952\" data-end=\"2960\" data-col-size=\"sm\">29 \u20ac<\/td>\n<\/tr>\n<\/tbody>\n<\/table>\n<\/div>\n<\/div>\n<h3 data-section-id=\"44yye2\" data-start=\"2962\" data-end=\"2990\"><\/h3>\n<h2 data-section-id=\"1j7yhys\" data-start=\"3220\" data-end=\"3257\"><span role=\"text\"><strong data-start=\"3223\" data-end=\"3257\">Conclusion<\/strong><\/span><\/h2>\n<p data-start=\"3259\" data-end=\"3574\">Le <strong data-start=\"3262\" data-end=\"3308\">chargeur v\u00e9lo \u00e9lectrique Universele 42V 2A<\/strong> est une solution id\u00e9ale pour tous ceux qui souhaitent une recharge rapide, s\u00e9curis\u00e9e et compatible avec la majorit\u00e9 des v\u00e9los \u00e9lectriques du march\u00e9. Sa puissance \u00e9lev\u00e9e, sa compatibilit\u00e9 universelle et sa technologie intelligente en font un choix fiable et durable.<\/p>\n<p data-start=\"3576\" data-end=\"3687\">\n<h2 data-section-id=\"3fisb0\" data-start=\"3694\" data-end=\"3731\"><span role=\"text\"><strong data-start=\"3697\" data-end=\"3731\">FAQ \u2013 Chargeur v\u00e9lo \u00e9lectrique<\/strong><\/span><\/h2>\n<p data-start=\"3733\" data-end=\"3860\"><strong data-start=\"3733\" data-end=\"3796\">1. Ce chargeur est-il compatible avec mon v\u00e9lo \u00e9lectrique ?<\/strong><br data-start=\"3796\" data-end=\"3799\" \/>Oui, il est compatible avec la majorit\u00e9 des v\u00e9los 36V et 48V.<\/p>\n<p data-start=\"3862\" data-end=\"3956\"><strong data-start=\"3862\" data-end=\"3900\">2. Quelle est la dur\u00e9e de charge ?<\/strong><br data-start=\"3900\" data-end=\"3903\" \/>Entre 3 et 6 heures selon la capacit\u00e9 de la batterie.<\/p>\n<p data-start=\"3958\" data-end=\"4040\"><strong data-start=\"3958\" data-end=\"3992\">3. Est-ce un chargeur rapide ?<\/strong><br data-start=\"3992\" data-end=\"3995\" \/>Oui, il offre une puissance \u00e9lev\u00e9e de 42V 2A.<\/p>\n<p data-start=\"4042\" data-end=\"4147\"><strong data-start=\"4042\" data-end=\"4087\">4. Peut-il remplacer un ancien chargeur ?<\/strong><br data-start=\"4087\" data-end=\"4090\" \/>Oui, s\u2019il respecte les m\u00eames caract\u00e9ristiques techniques.<\/p>\n<p data-start=\"4149\" data-end=\"4239\"><strong data-start=\"4149\" data-end=\"4173\">5. Est-il s\u00e9curis\u00e9 ?<\/strong><br data-start=\"4173\" data-end=\"4176\" \/>Oui, il poss\u00e8de une protection contre surtension et surchauffe.<\/p>\n<p data-start=\"4241\" data-end=\"4319\"><strong data-start=\"4241\" data-end=\"4276\">6. Quelle est sa dur\u00e9e de vie ?<\/strong><br data-start=\"4276\" data-end=\"4279\" \/>Environ 800 \u00e0 1000 cycles d\u2019utilisation.<\/p>\n<p data-start=\"4321\" data-end=\"4407\"><strong data-start=\"4321\" data-end=\"4359\">7. Est-il compatible lithium-ion ?<\/strong><br data-start=\"4359\" data-end=\"4362\" \/>Oui, il est con\u00e7u pour batteries lithium-ion.<\/p>\n","protected":false},"excerpt":{"rendered":"<ul data-start=\"4441\" data-end=\"4630\">\n<li data-section-id=\"1mbhblb\" data-start=\"4441\" data-end=\"4480\"><span style=\"color: #99cc00;\">\u26a1 Puissance et charge rapide 42V 2A<\/span><\/li>\n<li data-section-id=\"1i4t6ga\" data-start=\"4481\" data-end=\"4533\"><span style=\"color: #99cc00;\">\ud83d\udd12 S\u00e9curit\u00e9 avanc\u00e9e avec protection intelligente<\/span><\/li>\n<li data-section-id=\"3y7csc\" data-start=\"4534\" data-end=\"4570\"><span style=\"color: #99cc00;\">\ud83d\udd0c Compatibilit\u00e9 large 36V \/ 48V<\/span><\/li>\n<li data-section-id=\"eth0k1\" data-start=\"4571\" data-end=\"4630\"><span style=\"color: #99cc00;\">\ud83d\udeb4 Id\u00e9al pour tous les v\u00e9los \u00e9lectriques urbains et VTT<\/span><\/li>\n<\/ul>\n<p><strong>\ud83d\udc49 Optez pour la performance et la s\u00e9curit\u00e9, am\u00e9liorez votre exp\u00e9rience de mobilit\u00e9 \u00e9lectrique d\u00e8s aujourd\u2019hui.<\/strong><\/p>\n","protected":false},"featured_media":28503,"comment_status":"open","ping_status":"closed","template":"","meta":[],"product_brand":[538],"product_cat":[544,34],"product_tag":[551,471],"class_list":{"0":"post-28504","1":"product","2":"type-product","3":"status-publish","4":"has-post-thumbnail","6":"product_brand-universelle","7":"product_cat-42v","8":"product_cat-chargeurs-de-velos","9":"product_tag-chargeur-velo-electrique","10":"product_tag-recharge-rapide","12":"first","13":"instock","14":"sale","15":"shipping-taxable","16":"purchasable","17":"product-type-simple"},"yoast_head":"<!-- This site is optimized with the Yoast SEO plugin v27.5 - https:\/\/yoast.com\/product\/yoast-seo-wordpress\/ -->\n<title>Chargeur v\u00e9lo \u00e9lectrique Universele oplader 42V 2A (2-polig) - ateliervae.fr<\/title>\n<meta name=\"description\" content=\"Chargeur v\u00e9lo \u00e9lectrique puissance \u00e9lev\u00e9e 42V 2A, compatible e-bike lithium-ion. Recharge rapide, s\u00e9curis\u00e9. Prix estim\u00e9 29-49\u20ac.\" \/>\n<meta name=\"robots\" content=\"index, follow, max-snippet:-1, max-image-preview:large, max-video-preview:-1\" \/>\n<link rel=\"canonical\" href=\"https:\/\/ateliervae.fr\/?product=chargeur-velo-performance-42v-2a-puissance-elevee\" \/>\n<meta property=\"og:locale\" content=\"fr_FR\" \/>\n<meta property=\"og:type\" content=\"article\" \/>\n<meta property=\"og:title\" content=\"Chargeur v\u00e9lo \u00e9lectrique Universele oplader 42V 2A (2-polig) - ateliervae.fr\" \/>\n<meta property=\"og:description\" content=\"Chargeur v\u00e9lo \u00e9lectrique puissance \u00e9lev\u00e9e 42V 2A, compatible e-bike lithium-ion. Recharge rapide, s\u00e9curis\u00e9. Prix estim\u00e9 29-49\u20ac.\" \/>\n<meta property=\"og:url\" content=\"https:\/\/ateliervae.fr\/?product=chargeur-velo-performance-42v-2a-puissance-elevee\" \/>\n<meta property=\"og:site_name\" content=\"ateliervae.fr\" \/>\n<meta property=\"article:modified_time\" content=\"2026-04-28T16:20:47+00:00\" \/>\n<meta property=\"og:image\" content=\"https:\/\/ateliervae.fr\/wp-content\/uploads\/2026\/04\/universele-oplader-fietsaccu-42v_1.png\" \/>\n\t<meta property=\"og:image:width\" content=\"360\" \/>\n\t<meta property=\"og:image:height\" content=\"360\" \/>\n\t<meta property=\"og:image:type\" content=\"image\/png\" \/>\n<meta name=\"twitter:card\" content=\"summary_large_image\" \/>\n<meta name=\"twitter:label1\" content=\"Dur\u00e9e de lecture estim\u00e9e\" \/>\n\t<meta name=\"twitter:data1\" content=\"3 minutes\" \/>\n<script type=\"application\/ld+json\" class=\"yoast-schema-graph\">{\"@context\":\"https:\\\/\\\/schema.org\",\"@graph\":[{\"@type\":\"WebPage\",\"@id\":\"https:\\\/\\\/ateliervae.fr\\\/?product=chargeur-velo-performance-42v-2a-puissance-elevee\",\"url\":\"https:\\\/\\\/ateliervae.fr\\\/?product=chargeur-velo-performance-42v-2a-puissance-elevee\",\"name\":\"Chargeur v\u00e9lo \u00e9lectrique Universele oplader 42V 2A (2-polig) - ateliervae.fr\",\"isPartOf\":{\"@id\":\"https:\\\/\\\/ateliervae.fr\\\/#website\"},\"primaryImageOfPage\":{\"@id\":\"https:\\\/\\\/ateliervae.fr\\\/?product=chargeur-velo-performance-42v-2a-puissance-elevee#primaryimage\"},\"image\":{\"@id\":\"https:\\\/\\\/ateliervae.fr\\\/?product=chargeur-velo-performance-42v-2a-puissance-elevee#primaryimage\"},\"thumbnailUrl\":\"https:\\\/\\\/ateliervae.fr\\\/wp-content\\\/uploads\\\/2026\\\/04\\\/universele-oplader-fietsaccu-42v_1.png\",\"datePublished\":\"2026-04-28T13:44:53+00:00\",\"dateModified\":\"2026-04-28T16:20:47+00:00\",\"description\":\"Chargeur v\u00e9lo \u00e9lectrique puissance \u00e9lev\u00e9e 42V 2A, compatible e-bike lithium-ion. Recharge rapide, s\u00e9curis\u00e9. Prix estim\u00e9 29-49\u20ac.\",\"breadcrumb\":{\"@id\":\"https:\\\/\\\/ateliervae.fr\\\/?product=chargeur-velo-performance-42v-2a-puissance-elevee#breadcrumb\"},\"inLanguage\":\"fr-FR\",\"potentialAction\":[{\"@type\":\"ReadAction\",\"target\":[\"https:\\\/\\\/ateliervae.fr\\\/?product=chargeur-velo-performance-42v-2a-puissance-elevee\"]}]},{\"@type\":\"ImageObject\",\"inLanguage\":\"fr-FR\",\"@id\":\"https:\\\/\\\/ateliervae.fr\\\/?product=chargeur-velo-performance-42v-2a-puissance-elevee#primaryimage\",\"url\":\"https:\\\/\\\/ateliervae.fr\\\/wp-content\\\/uploads\\\/2026\\\/04\\\/universele-oplader-fietsaccu-42v_1.png\",\"contentUrl\":\"https:\\\/\\\/ateliervae.fr\\\/wp-content\\\/uploads\\\/2026\\\/04\\\/universele-oplader-fietsaccu-42v_1.png\",\"width\":360,\"height\":360,\"caption\":\"chargeur v\u00e9lo \u00e9lectrique puissance \u00e9lev\u00e9e\"},{\"@type\":\"BreadcrumbList\",\"@id\":\"https:\\\/\\\/ateliervae.fr\\\/?product=chargeur-velo-performance-42v-2a-puissance-elevee#breadcrumb\",\"itemListElement\":[{\"@type\":\"ListItem\",\"position\":1,\"name\":\"Home\",\"item\":\"https:\\\/\\\/ateliervae.fr\\\/\"},{\"@type\":\"ListItem\",\"position\":2,\"name\":\"Produits\",\"item\":\"https:\\\/\\\/ateliervae.fr\\\/shop\\\/\"},{\"@type\":\"ListItem\",\"position\":3,\"name\":\"Chargeur v\u00e9lo \u00e9lectrique Universele oplader 42V 2A (2-polig)\"}]},{\"@type\":\"WebSite\",\"@id\":\"https:\\\/\\\/ateliervae.fr\\\/#website\",\"url\":\"https:\\\/\\\/ateliervae.fr\\\/\",\"name\":\"ateliervae.fr\",\"description\":\"L\u2019\u00e9nergie au c\u0153ur de vos trajets\",\"publisher\":{\"@id\":\"https:\\\/\\\/ateliervae.fr\\\/#organization\"},\"potentialAction\":[{\"@type\":\"SearchAction\",\"target\":{\"@type\":\"EntryPoint\",\"urlTemplate\":\"https:\\\/\\\/ateliervae.fr\\\/?s={search_term_string}\"},\"query-input\":{\"@type\":\"PropertyValueSpecification\",\"valueRequired\":true,\"valueName\":\"search_term_string\"}}],\"inLanguage\":\"fr-FR\"},{\"@type\":\"Organization\",\"@id\":\"https:\\\/\\\/ateliervae.fr\\\/#organization\",\"name\":\"ateliervae.fr\",\"url\":\"https:\\\/\\\/ateliervae.fr\\\/\",\"logo\":{\"@type\":\"ImageObject\",\"inLanguage\":\"fr-FR\",\"@id\":\"https:\\\/\\\/ateliervae.fr\\\/#\\\/schema\\\/logo\\\/image\\\/\",\"url\":\"https:\\\/\\\/ateliervae.fr\\\/wp-content\\\/uploads\\\/2026\\\/04\\\/ChatGPT-Image-6-avr.-2026-11_58_22.png\",\"contentUrl\":\"https:\\\/\\\/ateliervae.fr\\\/wp-content\\\/uploads\\\/2026\\\/04\\\/ChatGPT-Image-6-avr.-2026-11_58_22.png\",\"width\":1536,\"height\":1024,\"caption\":\"ateliervae.fr\"},\"image\":{\"@id\":\"https:\\\/\\\/ateliervae.fr\\\/#\\\/schema\\\/logo\\\/image\\\/\"}}]}<\/script>\n<!-- \/ Yoast SEO plugin. -->","yoast_head_json":{"title":"Chargeur v\u00e9lo \u00e9lectrique Universele oplader 42V 2A (2-polig) - ateliervae.fr","description":"Chargeur v\u00e9lo \u00e9lectrique puissance \u00e9lev\u00e9e 42V 2A, compatible e-bike lithium-ion. Recharge rapide, s\u00e9curis\u00e9. Prix estim\u00e9 29-49\u20ac.","robots":{"index":"index","follow":"follow","max-snippet":"max-snippet:-1","max-image-preview":"max-image-preview:large","max-video-preview":"max-video-preview:-1"},"canonical":"https:\/\/ateliervae.fr\/?product=chargeur-velo-performance-42v-2a-puissance-elevee","og_locale":"fr_FR","og_type":"article","og_title":"Chargeur v\u00e9lo \u00e9lectrique Universele oplader 42V 2A (2-polig) - ateliervae.fr","og_description":"Chargeur v\u00e9lo \u00e9lectrique puissance \u00e9lev\u00e9e 42V 2A, compatible e-bike lithium-ion. Recharge rapide, s\u00e9curis\u00e9. Prix estim\u00e9 29-49\u20ac.","og_url":"https:\/\/ateliervae.fr\/?product=chargeur-velo-performance-42v-2a-puissance-elevee","og_site_name":"ateliervae.fr","article_modified_time":"2026-04-28T16:20:47+00:00","og_image":[{"width":360,"height":360,"url":"https:\/\/ateliervae.fr\/wp-content\/uploads\/2026\/04\/universele-oplader-fietsaccu-42v_1.png","type":"image\/png"}],"twitter_card":"summary_large_image","twitter_misc":{"Dur\u00e9e de lecture estim\u00e9e":"3 minutes"},"schema":{"@context":"https:\/\/schema.org","@graph":[{"@type":"WebPage","@id":"https:\/\/ateliervae.fr\/?product=chargeur-velo-performance-42v-2a-puissance-elevee","url":"https:\/\/ateliervae.fr\/?product=chargeur-velo-performance-42v-2a-puissance-elevee","name":"Chargeur v\u00e9lo \u00e9lectrique Universele oplader 42V 2A (2-polig) - ateliervae.fr","isPartOf":{"@id":"https:\/\/ateliervae.fr\/#website"},"primaryImageOfPage":{"@id":"https:\/\/ateliervae.fr\/?product=chargeur-velo-performance-42v-2a-puissance-elevee#primaryimage"},"image":{"@id":"https:\/\/ateliervae.fr\/?product=chargeur-velo-performance-42v-2a-puissance-elevee#primaryimage"},"thumbnailUrl":"https:\/\/ateliervae.fr\/wp-content\/uploads\/2026\/04\/universele-oplader-fietsaccu-42v_1.png","datePublished":"2026-04-28T13:44:53+00:00","dateModified":"2026-04-28T16:20:47+00:00","description":"Chargeur v\u00e9lo \u00e9lectrique puissance \u00e9lev\u00e9e 42V 2A, compatible e-bike lithium-ion. Recharge rapide, s\u00e9curis\u00e9. Prix estim\u00e9 29-49\u20ac.","breadcrumb":{"@id":"https:\/\/ateliervae.fr\/?product=chargeur-velo-performance-42v-2a-puissance-elevee#breadcrumb"},"inLanguage":"fr-FR","potentialAction":[{"@type":"ReadAction","target":["https:\/\/ateliervae.fr\/?product=chargeur-velo-performance-42v-2a-puissance-elevee"]}]},{"@type":"ImageObject","inLanguage":"fr-FR","@id":"https:\/\/ateliervae.fr\/?product=chargeur-velo-performance-42v-2a-puissance-elevee#primaryimage","url":"https:\/\/ateliervae.fr\/wp-content\/uploads\/2026\/04\/universele-oplader-fietsaccu-42v_1.png","contentUrl":"https:\/\/ateliervae.fr\/wp-content\/uploads\/2026\/04\/universele-oplader-fietsaccu-42v_1.png","width":360,"height":360,"caption":"chargeur v\u00e9lo \u00e9lectrique puissance \u00e9lev\u00e9e"},{"@type":"BreadcrumbList","@id":"https:\/\/ateliervae.fr\/?product=chargeur-velo-performance-42v-2a-puissance-elevee#breadcrumb","itemListElement":[{"@type":"ListItem","position":1,"name":"Home","item":"https:\/\/ateliervae.fr\/"},{"@type":"ListItem","position":2,"name":"Produits","item":"https:\/\/ateliervae.fr\/shop\/"},{"@type":"ListItem","position":3,"name":"Chargeur v\u00e9lo \u00e9lectrique Universele oplader 42V 2A (2-polig)"}]},{"@type":"WebSite","@id":"https:\/\/ateliervae.fr\/#website","url":"https:\/\/ateliervae.fr\/","name":"ateliervae.fr","description":"L\u2019\u00e9nergie au c\u0153ur de vos trajets","publisher":{"@id":"https:\/\/ateliervae.fr\/#organization"},"potentialAction":[{"@type":"SearchAction","target":{"@type":"EntryPoint","urlTemplate":"https:\/\/ateliervae.fr\/?s={search_term_string}"},"query-input":{"@type":"PropertyValueSpecification","valueRequired":true,"valueName":"search_term_string"}}],"inLanguage":"fr-FR"},{"@type":"Organization","@id":"https:\/\/ateliervae.fr\/#organization","name":"ateliervae.fr","url":"https:\/\/ateliervae.fr\/","logo":{"@type":"ImageObject","inLanguage":"fr-FR","@id":"https:\/\/ateliervae.fr\/#\/schema\/logo\/image\/","url":"https:\/\/ateliervae.fr\/wp-content\/uploads\/2026\/04\/ChatGPT-Image-6-avr.-2026-11_58_22.png","contentUrl":"https:\/\/ateliervae.fr\/wp-content\/uploads\/2026\/04\/ChatGPT-Image-6-avr.-2026-11_58_22.png","width":1536,"height":1024,"caption":"ateliervae.fr"},"image":{"@id":"https:\/\/ateliervae.fr\/#\/schema\/logo\/image\/"}}]}},"_links":{"self":[{"href":"https:\/\/ateliervae.fr\/index.php?rest_route=\/wp\/v2\/product\/28504","targetHints":{"allow":["GET"]}}],"collection":[{"href":"https:\/\/ateliervae.fr\/index.php?rest_route=\/wp\/v2\/product"}],"about":[{"href":"https:\/\/ateliervae.fr\/index.php?rest_route=\/wp\/v2\/types\/product"}],"replies":[{"embeddable":true,"href":"https:\/\/ateliervae.fr\/index.php?rest_route=%2Fwp%2Fv2%2Fcomments&post=28504"}],"version-history":[{"count":2,"href":"https:\/\/ateliervae.fr\/index.php?rest_route=\/wp\/v2\/product\/28504\/revisions"}],"predecessor-version":[{"id":28540,"href":"https:\/\/ateliervae.fr\/index.php?rest_route=\/wp\/v2\/product\/28504\/revisions\/28540"}],"wp:featuredmedia":[{"embeddable":true,"href":"https:\/\/ateliervae.fr\/index.php?rest_route=\/wp\/v2\/media\/28503"}],"wp:attachment":[{"href":"https:\/\/ateliervae.fr\/index.php?rest_route=%2Fwp%2Fv2%2Fmedia&parent=28504"}],"wp:term":[{"taxonomy":"product_brand","embeddable":true,"href":"https:\/\/ateliervae.fr\/index.php?rest_route=%2Fwp%2Fv2%2Fproduct_brand&post=28504"},{"taxonomy":"product_cat","embeddable":true,"href":"https:\/\/ateliervae.fr\/index.php?rest_route=%2Fwp%2Fv2%2Fproduct_cat&post=28504"},{"taxonomy":"product_tag","embeddable":true,"href":"https:\/\/ateliervae.fr\/index.php?rest_route=%2Fwp%2Fv2%2Fproduct_tag&post=28504"}],"curies":[{"name":"wp","href":"https:\/\/api.w.org\/{rel}","templated":true}]}}