{"id":28472,"date":"2026-04-28T13:42:17","date_gmt":"2026-04-28T13:42:17","guid":{"rendered":"https:\/\/ateliervae.fr\/?product=chargeur-universel-42v-2a-2-broches-batterie-velo-electrique"},"modified":"2026-04-28T17:32:44","modified_gmt":"2026-04-28T17:32:44","slug":"chargeur-velo-performance-42v-2a-universel","status":"publish","type":"product","link":"https:\/\/ateliervae.fr\/?product=chargeur-velo-performance-42v-2a-universel","title":{"rendered":"Chargeur v\u00e9lo \u00e9lectrique Chargeur universel 42V 2A (2 broches)"},"content":{"rendered":"<section class=\"text-token-text-primary w-full focus:outline-none [--shadow-height:45px] has-data-writing-block:pointer-events-none has-data-writing-block:-mt-(--shadow-height) has-data-writing-block:pt-(--shadow-height) [&amp;:has([data-writing-block])&gt;*]:pointer-events-auto [content-visibility:auto] supports-[content-visibility:auto]:[contain-intrinsic-size:auto_100lvh] R6Vx5W_threadScrollVars scroll-mb-[calc(var(--scroll-root-safe-area-inset-bottom,0px)+var(--thread-response-height))] scroll-mt-[calc(var(--header-height)+min(200px,max(70px,20svh)))]\" dir=\"auto\" data-turn-id=\"request-69f0abca-5f18-83ea-9b9e-a415d5f386b9-14\" data-testid=\"conversation-turn-2\" data-scroll-anchor=\"false\" data-turn=\"assistant\">\n<div class=\"text-base my-auto mx-auto pb-10 [--thread-content-margin:var(--thread-content-margin-xs,calc(var(--spacing)*4))] @w-sm\/main:[--thread-content-margin:var(--thread-content-margin-sm,calc(var(--spacing)*6))] @w-lg\/main:[--thread-content-margin:var(--thread-content-margin-lg,calc(var(--spacing)*16))] px-(--thread-content-margin)\">\n<div class=\"[--thread-content-max-width:40rem] @w-lg\/main:[--thread-content-max-width:48rem] mx-auto max-w-(--thread-content-max-width) flex-1 group\/turn-messages focus-visible:outline-hidden relative flex w-full min-w-0 flex-col agent-turn\">\n<div class=\"flex max-w-full flex-col gap-4 grow\">\n<div class=\"min-h-8 text-message relative flex w-full flex-col items-end gap-2 text-start break-words whitespace-normal outline-none keyboard-focused:focus-ring [.text-message+&amp;]:mt-1\" dir=\"auto\" tabindex=\"0\" data-message-author-role=\"assistant\" data-message-id=\"af007548-18b7-420a-916a-5f5c18d86659\" data-message-model-slug=\"gpt-5-3-mini\" data-turn-start-message=\"true\">\n<div class=\"flex w-full flex-col gap-1 empty:hidden\">\n<div class=\"markdown prose dark:prose-invert w-full wrap-break-word light markdown-new-styling\">\n<h2 data-section-id=\"18j2dlr\" data-start=\"273\" data-end=\"311\">Description d\u00e9taill\u00e9e du produit<\/h2>\n<p>&nbsp;<\/p>\n<p data-start=\"313\" data-end=\"679\">Le <strong data-start=\"316\" data-end=\"373\">chargeur v\u00e9lo \u00e9lectrique universel 42V 2A (2 broches)<\/strong> est un accessoire indispensable pour tous les utilisateurs de v\u00e9los \u00e0 assistance \u00e9lectrique souhaitant une <strong data-start=\"481\" data-end=\"519\">charge rapide, stable et s\u00e9curis\u00e9e<\/strong>. Con\u00e7u pour optimiser la performance de vos batteries Lithium-ion, il garantit une alimentation fiable adapt\u00e9e aux trajets urbains comme aux longues distances.<\/p>\n<p data-start=\"681\" data-end=\"957\">Ce chargeur est sp\u00e9cialement con\u00e7u pour offrir une <strong data-start=\"732\" data-end=\"755\">charge intelligente<\/strong> gr\u00e2ce \u00e0 sa r\u00e9gulation automatique du courant. Il prot\u00e8ge la batterie contre les surcharges, les courts-circuits et la surchauffe, prolongeant ainsi la dur\u00e9e de vie de votre batterie de v\u00e9lo \u00e9lectrique.<\/p>\n<p data-start=\"959\" data-end=\"1193\">Compatible avec de nombreux mod\u00e8les de VTT \u00e9lectriques, v\u00e9los urbains et v\u00e9los de randonn\u00e9e, il s\u2019adapte parfaitement aux syst\u00e8mes 36V et 42V les plus courants. Son format compact le rend facile \u00e0 transporter lors de vos d\u00e9placements.<\/p>\n<div><\/div>\n<h2 data-section-id=\"1ohrphl\" data-start=\"1881\" data-end=\"1912\">\u2699\ufe0f Tableau technique complet<\/h2>\n<div class=\"TyagGW_tableContainer\">\n<div class=\"group TyagGW_tableWrapper flex flex-col-reverse w-fit\" tabindex=\"-1\">\n<table class=\"w-fit min-w-(--thread-content-width)\" data-start=\"1914\" data-end=\"2483\">\n<thead data-start=\"1914\" data-end=\"1942\">\n<tr data-start=\"1914\" data-end=\"1942\">\n<th class=\"\" data-start=\"1914\" data-end=\"1932\" data-col-size=\"sm\">Caract\u00e9ristique<\/th>\n<th class=\"\" data-start=\"1932\" data-end=\"1942\" data-col-size=\"sm\">D\u00e9tail<\/th>\n<\/tr>\n<\/thead>\n<tbody data-start=\"1971\" data-end=\"2483\">\n<tr data-start=\"1971\" data-end=\"2017\">\n<td data-start=\"1971\" data-end=\"1989\" data-col-size=\"sm\">Type de produit<\/td>\n<td data-start=\"1989\" data-end=\"2017\" data-col-size=\"sm\">Chargeur v\u00e9lo \u00e9lectrique<\/td>\n<\/tr>\n<tr data-start=\"2018\" data-end=\"2058\">\n<td data-start=\"2018\" data-end=\"2032\" data-col-size=\"sm\">Technologie<\/td>\n<td data-start=\"2032\" data-end=\"2058\" data-col-size=\"sm\">Compatible Lithium-ion<\/td>\n<\/tr>\n<tr data-start=\"2059\" data-end=\"2085\">\n<td data-start=\"2059\" data-end=\"2069\" data-col-size=\"sm\">Voltage<\/td>\n<td data-start=\"2069\" data-end=\"2085\" data-col-size=\"sm\">42V (sortie)<\/td>\n<\/tr>\n<tr data-start=\"2086\" data-end=\"2104\">\n<td data-start=\"2086\" data-end=\"2098\" data-col-size=\"sm\">Intensit\u00e9<\/td>\n<td data-start=\"2098\" data-end=\"2104\" data-col-size=\"sm\">2A<\/td>\n<\/tr>\n<tr data-start=\"2105\" data-end=\"2138\">\n<td data-start=\"2105\" data-end=\"2121\" data-col-size=\"sm\">Compatibilit\u00e9<\/td>\n<td data-start=\"2121\" data-end=\"2138\" data-col-size=\"sm\">VAE 36V \/ 42V<\/td>\n<\/tr>\n<tr data-start=\"2139\" data-end=\"2173\">\n<td data-start=\"2139\" data-end=\"2157\" data-col-size=\"sm\">Temps de charge<\/td>\n<td data-start=\"2157\" data-end=\"2173\" data-col-size=\"sm\">4 \u00e0 7 heures<\/td>\n<\/tr>\n<tr data-start=\"2174\" data-end=\"2219\">\n<td data-start=\"2174\" data-end=\"2189\" data-col-size=\"sm\">Dur\u00e9e de vie<\/td>\n<td data-start=\"2189\" data-end=\"2219\" data-col-size=\"sm\">500 \u00e0 1000 cycles batterie<\/td>\n<\/tr>\n<tr data-start=\"2220\" data-end=\"2272\">\n<td data-start=\"2220\" data-end=\"2231\" data-col-size=\"sm\">S\u00e9curit\u00e9<\/td>\n<td data-start=\"2231\" data-end=\"2272\" data-col-size=\"sm\">Protection surtension + court-circuit<\/td>\n<\/tr>\n<tr data-start=\"2273\" data-end=\"2317\">\n<td data-start=\"2273\" data-end=\"2283\" data-col-size=\"sm\">Syst\u00e8me<\/td>\n<td data-start=\"2283\" data-end=\"2317\" data-col-size=\"sm\">Gestion intelligente de charge<\/td>\n<\/tr>\n<tr data-start=\"2318\" data-end=\"2353\">\n<td data-start=\"2318\" data-end=\"2331\" data-col-size=\"sm\">Connecteur<\/td>\n<td data-start=\"2331\" data-end=\"2353\" data-col-size=\"sm\">2 broches standard<\/td>\n<\/tr>\n<tr data-start=\"2354\" data-end=\"2379\">\n<td data-start=\"2354\" data-end=\"2362\" data-col-size=\"sm\">Poids<\/td>\n<td data-start=\"2362\" data-end=\"2379\" data-col-size=\"sm\">350 g environ<\/td>\n<\/tr>\n<tr data-start=\"2380\" data-end=\"2408\">\n<td data-start=\"2380\" data-end=\"2394\" data-col-size=\"sm\">Temp\u00e9rature<\/td>\n<td data-start=\"2394\" data-end=\"2408\" data-col-size=\"sm\">0\u00b0C \u00e0 45\u00b0C<\/td>\n<\/tr>\n<tr data-start=\"2409\" data-end=\"2455\">\n<td data-start=\"2409\" data-end=\"2423\" data-col-size=\"sm\">Utilisation<\/td>\n<td data-start=\"2423\" data-end=\"2455\" data-col-size=\"sm\">V\u00e9lo urbain \/ VTT \/ trekking<\/td>\n<\/tr>\n<tr data-start=\"2456\" data-end=\"2483\">\n<td data-start=\"2456\" data-end=\"2464\" data-col-size=\"sm\">Gamme<\/td>\n<td data-start=\"2464\" data-end=\"2483\" data-col-size=\"sm\">Universelle VAE<\/td>\n<\/tr>\n<\/tbody>\n<\/table>\n<\/div>\n<\/div>\n<h2 data-section-id=\"11jqkao\" data-start=\"2626\" data-end=\"2650\"><\/h2>\n<h2 data-section-id=\"11jqkao\" data-start=\"2626\" data-end=\"2650\">\u00a0Tableau comparatif<\/h2>\n<div class=\"TyagGW_tableContainer\">\n<div class=\"group TyagGW_tableWrapper flex flex-col-reverse w-fit\" tabindex=\"-1\">\n<table class=\"w-fit min-w-(--thread-content-width)\" data-start=\"2652\" data-end=\"3205\">\n<thead data-start=\"2652\" data-end=\"2781\">\n<tr data-start=\"2652\" data-end=\"2781\">\n<th class=\"\" data-start=\"2652\" data-end=\"2661\" data-col-size=\"sm\">Mod\u00e8le<\/th>\n<th class=\"\" data-start=\"2661\" data-end=\"2679\" data-col-size=\"sm\">Type de produit<\/th>\n<th class=\"\" data-start=\"2679\" data-end=\"2700\" data-col-size=\"sm\">Voltage \/ capacit\u00e9<\/th>\n<th class=\"\" data-start=\"2700\" data-end=\"2732\" data-col-size=\"sm\">Autonomie (batterie associ\u00e9e)<\/th>\n<th class=\"\" data-start=\"2732\" data-end=\"2748\" data-col-size=\"sm\">Compatibilit\u00e9<\/th>\n<th class=\"\" data-start=\"2748\" data-end=\"2756\" data-col-size=\"sm\">Poids<\/th>\n<th class=\"\" data-start=\"2756\" data-end=\"2781\" data-col-size=\"sm\">Prix TTC constructeur<\/th>\n<\/tr>\n<\/thead>\n<tbody data-start=\"2909\" data-end=\"3205\">\n<tr data-start=\"2909\" data-end=\"3020\">\n<td data-start=\"2909\" data-end=\"2937\" data-col-size=\"sm\">Chargeur 42V 2A universel<\/td>\n<td data-start=\"2937\" data-end=\"2952\" data-col-size=\"sm\">Chargeur VAE<\/td>\n<td data-start=\"2952\" data-end=\"2963\" data-col-size=\"sm\">42V \/ 2A<\/td>\n<td data-start=\"2963\" data-end=\"2980\" data-col-size=\"sm\">Jusqu\u2019\u00e0 120 km<\/td>\n<td data-start=\"2980\" data-end=\"3002\" data-col-size=\"sm\">Universelle 36V\/42V<\/td>\n<td data-start=\"3002\" data-end=\"3010\" data-col-size=\"sm\">350 g<\/td>\n<td data-start=\"3010\" data-end=\"3020\" data-col-size=\"sm\">29,90\u20ac<\/td>\n<\/tr>\n<tr data-start=\"3021\" data-end=\"3113\">\n<td data-start=\"3021\" data-end=\"3045\" data-col-size=\"sm\">Bosch Compact Charger<\/td>\n<td data-start=\"3045\" data-end=\"3061\" data-col-size=\"sm\">Chargeur v\u00e9lo<\/td>\n<td data-start=\"3061\" data-end=\"3072\" data-col-size=\"sm\">36V \/ 2A<\/td>\n<td data-start=\"3072\" data-end=\"3084\" data-col-size=\"sm\">80\u2013120 km<\/td>\n<td data-start=\"3084\" data-end=\"3098\" data-col-size=\"sm\">Bosch eBike<\/td>\n<td data-start=\"3098\" data-end=\"3106\" data-col-size=\"sm\">600 g<\/td>\n<td data-start=\"3106\" data-end=\"3113\" data-col-size=\"sm\">99\u20ac<\/td>\n<\/tr>\n<tr data-start=\"3114\" data-end=\"3205\">\n<td data-start=\"3114\" data-end=\"3133\" data-col-size=\"sm\">Shimano EC-E6002<\/td>\n<td data-start=\"3133\" data-end=\"3149\" data-col-size=\"sm\">Chargeur v\u00e9lo<\/td>\n<td data-start=\"3149\" data-end=\"3162\" data-col-size=\"sm\">42V \/ 1.8A<\/td>\n<td data-start=\"3162\" data-end=\"3174\" data-col-size=\"sm\">90\u2013130 km<\/td>\n<td data-start=\"3174\" data-end=\"3190\" data-col-size=\"sm\">Shimano STEPS<\/td>\n<td data-start=\"3190\" data-end=\"3198\" data-col-size=\"sm\">550 g<\/td>\n<td data-start=\"3198\" data-end=\"3205\" data-col-size=\"sm\">89\u20ac<\/td>\n<\/tr>\n<\/tbody>\n<\/table>\n<\/div>\n<\/div>\n<h2 data-section-id=\"1cd7tmb\" data-start=\"3429\" data-end=\"3464\">Conclusion<\/h2>\n<p data-start=\"3466\" data-end=\"3790\">Ce <strong data-start=\"3469\" data-end=\"3514\">chargeur v\u00e9lo \u00e9lectrique 42V 2A universel<\/strong> est la solution id\u00e9ale pour tous ceux qui recherchent un <strong data-start=\"3572\" data-end=\"3615\">chargeur v\u00e9lo recharge rapide et fiable<\/strong>, performant et s\u00e9curis\u00e9. Gr\u00e2ce \u00e0 sa compatibilit\u00e9 \u00e9tendue et sa technologie intelligente, il assure une recharge efficace tout en prot\u00e9geant votre batterie sur le long terme.<\/p>\n<p data-start=\"3792\" data-end=\"3952\">Que vous soyez un cycliste urbain ou un passionn\u00e9 de longues randonn\u00e9es, ce chargeur garantit une disponibilit\u00e9 optimale de votre v\u00e9lo \u00e9lectrique \u00e0 tout moment.<\/p>\n<h2 data-section-id=\"h5hji8\" data-start=\"4060\" data-end=\"4068\">FAQ<\/h2>\n<p data-start=\"4070\" data-end=\"4204\"><strong data-start=\"4070\" data-end=\"4140\">1. Ce chargeur est-il compatible avec tous les v\u00e9los \u00e9lectriques ?<\/strong><br data-start=\"4140\" data-end=\"4143\" \/>Oui, il est compatible avec la majorit\u00e9 des v\u00e9los 36V et 42V.<\/p>\n<p data-start=\"4206\" data-end=\"4308\"><strong data-start=\"4206\" data-end=\"4256\">2. Combien de temps dure une charge compl\u00e8te ?<\/strong><br data-start=\"4256\" data-end=\"4259\" \/>En moyenne entre 4 et 7 heures selon la batterie.<\/p>\n<p data-start=\"4310\" data-end=\"4417\"><strong data-start=\"4310\" data-end=\"4351\">3. Est-il s\u00e9curis\u00e9 pour la batterie ?<\/strong><br data-start=\"4351\" data-end=\"4354\" \/>Oui, il int\u00e8gre des protections contre surcharge et surchauffe.<\/p>\n<p data-start=\"4419\" data-end=\"4523\"><strong data-start=\"4419\" data-end=\"4467\">4. Peut-il remplacer un chargeur d\u2019origine ?<\/strong><br data-start=\"4467\" data-end=\"4470\" \/>Oui, s\u2019il respecte les m\u00eames tensions et connecteurs.<\/p>\n<p data-start=\"4525\" data-end=\"4598\"><strong data-start=\"4525\" data-end=\"4560\">5. Quelle est sa dur\u00e9e de vie ?<\/strong><br data-start=\"4560\" data-end=\"4563\" \/>Plusieurs ann\u00e9es avec usage normal.<\/p>\n<p data-start=\"4600\" data-end=\"4695\"><strong data-start=\"4600\" data-end=\"4636\">6. Est-il facile \u00e0 transporter ?<\/strong><br data-start=\"4636\" data-end=\"4639\" \/>Oui, son format compact est id\u00e9al pour les d\u00e9placements.<\/p>\n<\/div>\n<\/div>\n<\/div>\n<\/div>\n<\/div>\n<\/div>\n<\/section>\n<div class=\"pointer-events-none -mt-px h-px translate-y-[calc(var(--scroll-root-safe-area-inset-bottom)-14*var(--spacing))]\" aria-hidden=\"true\"><\/div>\n","protected":false},"excerpt":{"rendered":"<ul data-start=\"4728\" data-end=\"4939\" data-is-last-node=\"\" data-is-only-node=\"\">\n<li data-section-id=\"1cu7bed\" data-start=\"4728\" data-end=\"4770\"><span style=\"color: #99cc00;\">\u26a1 Puissance et charge rapide optimis\u00e9e<\/span><\/li>\n<li data-section-id=\"1ejmhgu\" data-start=\"4771\" data-end=\"4822\"><span style=\"color: #99cc00;\">\ud83d\udd0b Technologie compatible Lithium-ion s\u00e9curis\u00e9e<\/span><\/li>\n<li data-section-id=\"11p86nu\" data-start=\"4823\" data-end=\"4872\"><span style=\"color: #99cc00;\">\ud83d\udd0c Compatibilit\u00e9 large avec v\u00e9los \u00e9lectriques<\/span><\/li>\n<li data-section-id=\"1bvrh7\" data-start=\"4873\" data-end=\"4939\" data-is-last-node=\"\"><span style=\"color: #99cc00;\">\ud83d\ude80 Avantage principal : <strong data-start=\"4899\" data-end=\"4939\" data-is-last-node=\"\">charge rapide, fiable et universelle<\/strong><\/span><\/li>\n<\/ul>\n<p>\ud83d\udc49 <strong data-start=\"3957\" data-end=\"4053\">Commandez d\u00e8s maintenant et profitez d\u2019une recharge rapide, s\u00fbre et durable pour votre VAE !<\/strong><\/p>\n","protected":false},"featured_media":28471,"comment_status":"open","ping_status":"closed","template":"","meta":[],"product_brand":[538],"product_cat":[544,34],"product_tag":[550],"class_list":{"0":"post-28472","1":"product","2":"type-product","3":"status-publish","4":"has-post-thumbnail","6":"product_brand-universelle","7":"product_cat-42v","8":"product_cat-chargeurs-de-velos","9":"product_tag-chargeur-recharge-rapide","11":"first","12":"instock","13":"featured","14":"shipping-taxable","15":"purchasable","16":"product-type-simple"},"yoast_head":"<!-- This site is optimized with the Yoast SEO plugin v27.5 - https:\/\/yoast.com\/product\/yoast-seo-wordpress\/ -->\n<title>Chargeur v\u00e9lo \u00e9lectrique Chargeur universel 42V 2A (2 broches) - ateliervae.fr<\/title>\n<meta name=\"description\" content=\"Chargeur v\u00e9lo recharge rapide et fiable \u2013 42V 2A universel ~29,90\u20ac : charge s\u00fbre, rapide et compatible pour v\u00e9lo \u00e9lectrique.\" \/>\n<meta name=\"robots\" content=\"index, follow, max-snippet:-1, max-image-preview:large, max-video-preview:-1\" \/>\n<link rel=\"canonical\" href=\"https:\/\/ateliervae.fr\/?product=chargeur-velo-performance-42v-2a-universel\" \/>\n<meta property=\"og:locale\" content=\"fr_FR\" \/>\n<meta property=\"og:type\" content=\"article\" \/>\n<meta property=\"og:title\" content=\"Chargeur v\u00e9lo \u00e9lectrique Chargeur universel 42V 2A (2 broches) - ateliervae.fr\" \/>\n<meta property=\"og:description\" content=\"Chargeur v\u00e9lo recharge rapide et fiable \u2013 42V 2A universel ~29,90\u20ac : charge s\u00fbre, rapide et compatible pour v\u00e9lo \u00e9lectrique.\" \/>\n<meta property=\"og:url\" content=\"https:\/\/ateliervae.fr\/?product=chargeur-velo-performance-42v-2a-universel\" \/>\n<meta property=\"og:site_name\" content=\"ateliervae.fr\" \/>\n<meta property=\"article:modified_time\" content=\"2026-04-28T17:32:44+00:00\" \/>\n<meta property=\"og:image\" content=\"https:\/\/ateliervae.fr\/wp-content\/uploads\/2026\/04\/universele_fietsaccu_oplader_42v_2a_2-polig___eyxon___driekwartaanzicht.jpg\" \/>\n\t<meta property=\"og:image:width\" content=\"360\" \/>\n\t<meta property=\"og:image:height\" content=\"360\" \/>\n\t<meta property=\"og:image:type\" content=\"image\/jpeg\" \/>\n<meta name=\"twitter:card\" content=\"summary_large_image\" \/>\n<meta name=\"twitter:label1\" content=\"Dur\u00e9e de lecture estim\u00e9e\" \/>\n\t<meta name=\"twitter:data1\" content=\"3 minutes\" \/>\n<script type=\"application\/ld+json\" class=\"yoast-schema-graph\">{\"@context\":\"https:\\\/\\\/schema.org\",\"@graph\":[{\"@type\":\"WebPage\",\"@id\":\"https:\\\/\\\/ateliervae.fr\\\/?product=chargeur-velo-performance-42v-2a-universel\",\"url\":\"https:\\\/\\\/ateliervae.fr\\\/?product=chargeur-velo-performance-42v-2a-universel\",\"name\":\"Chargeur v\u00e9lo \u00e9lectrique Chargeur universel 42V 2A (2 broches) - ateliervae.fr\",\"isPartOf\":{\"@id\":\"https:\\\/\\\/ateliervae.fr\\\/#website\"},\"primaryImageOfPage\":{\"@id\":\"https:\\\/\\\/ateliervae.fr\\\/?product=chargeur-velo-performance-42v-2a-universel#primaryimage\"},\"image\":{\"@id\":\"https:\\\/\\\/ateliervae.fr\\\/?product=chargeur-velo-performance-42v-2a-universel#primaryimage\"},\"thumbnailUrl\":\"https:\\\/\\\/ateliervae.fr\\\/wp-content\\\/uploads\\\/2026\\\/04\\\/universele_fietsaccu_oplader_42v_2a_2-polig___eyxon___driekwartaanzicht.jpg\",\"datePublished\":\"2026-04-28T13:42:17+00:00\",\"dateModified\":\"2026-04-28T17:32:44+00:00\",\"description\":\"Chargeur v\u00e9lo recharge rapide et fiable \u2013 42V 2A universel ~29,90\u20ac : charge s\u00fbre, rapide et compatible pour v\u00e9lo \u00e9lectrique.\",\"breadcrumb\":{\"@id\":\"https:\\\/\\\/ateliervae.fr\\\/?product=chargeur-velo-performance-42v-2a-universel#breadcrumb\"},\"inLanguage\":\"fr-FR\",\"potentialAction\":[{\"@type\":\"ReadAction\",\"target\":[\"https:\\\/\\\/ateliervae.fr\\\/?product=chargeur-velo-performance-42v-2a-universel\"]}]},{\"@type\":\"ImageObject\",\"inLanguage\":\"fr-FR\",\"@id\":\"https:\\\/\\\/ateliervae.fr\\\/?product=chargeur-velo-performance-42v-2a-universel#primaryimage\",\"url\":\"https:\\\/\\\/ateliervae.fr\\\/wp-content\\\/uploads\\\/2026\\\/04\\\/universele_fietsaccu_oplader_42v_2a_2-polig___eyxon___driekwartaanzicht.jpg\",\"contentUrl\":\"https:\\\/\\\/ateliervae.fr\\\/wp-content\\\/uploads\\\/2026\\\/04\\\/universele_fietsaccu_oplader_42v_2a_2-polig___eyxon___driekwartaanzicht.jpg\",\"width\":360,\"height\":360,\"caption\":\"chargeur v\u00e9lo recharge rapide et fiable\"},{\"@type\":\"BreadcrumbList\",\"@id\":\"https:\\\/\\\/ateliervae.fr\\\/?product=chargeur-velo-performance-42v-2a-universel#breadcrumb\",\"itemListElement\":[{\"@type\":\"ListItem\",\"position\":1,\"name\":\"Home\",\"item\":\"https:\\\/\\\/ateliervae.fr\\\/\"},{\"@type\":\"ListItem\",\"position\":2,\"name\":\"Produits\",\"item\":\"https:\\\/\\\/ateliervae.fr\\\/shop\\\/\"},{\"@type\":\"ListItem\",\"position\":3,\"name\":\"Chargeur v\u00e9lo \u00e9lectrique Chargeur universel 42V 2A (2 broches)\"}]},{\"@type\":\"WebSite\",\"@id\":\"https:\\\/\\\/ateliervae.fr\\\/#website\",\"url\":\"https:\\\/\\\/ateliervae.fr\\\/\",\"name\":\"ateliervae.fr\",\"description\":\"L\u2019\u00e9nergie au c\u0153ur de vos trajets\",\"publisher\":{\"@id\":\"https:\\\/\\\/ateliervae.fr\\\/#organization\"},\"potentialAction\":[{\"@type\":\"SearchAction\",\"target\":{\"@type\":\"EntryPoint\",\"urlTemplate\":\"https:\\\/\\\/ateliervae.fr\\\/?s={search_term_string}\"},\"query-input\":{\"@type\":\"PropertyValueSpecification\",\"valueRequired\":true,\"valueName\":\"search_term_string\"}}],\"inLanguage\":\"fr-FR\"},{\"@type\":\"Organization\",\"@id\":\"https:\\\/\\\/ateliervae.fr\\\/#organization\",\"name\":\"ateliervae.fr\",\"url\":\"https:\\\/\\\/ateliervae.fr\\\/\",\"logo\":{\"@type\":\"ImageObject\",\"inLanguage\":\"fr-FR\",\"@id\":\"https:\\\/\\\/ateliervae.fr\\\/#\\\/schema\\\/logo\\\/image\\\/\",\"url\":\"https:\\\/\\\/ateliervae.fr\\\/wp-content\\\/uploads\\\/2026\\\/04\\\/ChatGPT-Image-6-avr.-2026-11_58_22.png\",\"contentUrl\":\"https:\\\/\\\/ateliervae.fr\\\/wp-content\\\/uploads\\\/2026\\\/04\\\/ChatGPT-Image-6-avr.-2026-11_58_22.png\",\"width\":1536,\"height\":1024,\"caption\":\"ateliervae.fr\"},\"image\":{\"@id\":\"https:\\\/\\\/ateliervae.fr\\\/#\\\/schema\\\/logo\\\/image\\\/\"}}]}<\/script>\n<!-- \/ Yoast SEO plugin. -->","yoast_head_json":{"title":"Chargeur v\u00e9lo \u00e9lectrique Chargeur universel 42V 2A (2 broches) - ateliervae.fr","description":"Chargeur v\u00e9lo recharge rapide et fiable \u2013 42V 2A universel ~29,90\u20ac : charge s\u00fbre, rapide et compatible pour v\u00e9lo \u00e9lectrique.","robots":{"index":"index","follow":"follow","max-snippet":"max-snippet:-1","max-image-preview":"max-image-preview:large","max-video-preview":"max-video-preview:-1"},"canonical":"https:\/\/ateliervae.fr\/?product=chargeur-velo-performance-42v-2a-universel","og_locale":"fr_FR","og_type":"article","og_title":"Chargeur v\u00e9lo \u00e9lectrique Chargeur universel 42V 2A (2 broches) - ateliervae.fr","og_description":"Chargeur v\u00e9lo recharge rapide et fiable \u2013 42V 2A universel ~29,90\u20ac : charge s\u00fbre, rapide et compatible pour v\u00e9lo \u00e9lectrique.","og_url":"https:\/\/ateliervae.fr\/?product=chargeur-velo-performance-42v-2a-universel","og_site_name":"ateliervae.fr","article_modified_time":"2026-04-28T17:32:44+00:00","og_image":[{"width":360,"height":360,"url":"https:\/\/ateliervae.fr\/wp-content\/uploads\/2026\/04\/universele_fietsaccu_oplader_42v_2a_2-polig___eyxon___driekwartaanzicht.jpg","type":"image\/jpeg"}],"twitter_card":"summary_large_image","twitter_misc":{"Dur\u00e9e de lecture estim\u00e9e":"3 minutes"},"schema":{"@context":"https:\/\/schema.org","@graph":[{"@type":"WebPage","@id":"https:\/\/ateliervae.fr\/?product=chargeur-velo-performance-42v-2a-universel","url":"https:\/\/ateliervae.fr\/?product=chargeur-velo-performance-42v-2a-universel","name":"Chargeur v\u00e9lo \u00e9lectrique Chargeur universel 42V 2A (2 broches) - ateliervae.fr","isPartOf":{"@id":"https:\/\/ateliervae.fr\/#website"},"primaryImageOfPage":{"@id":"https:\/\/ateliervae.fr\/?product=chargeur-velo-performance-42v-2a-universel#primaryimage"},"image":{"@id":"https:\/\/ateliervae.fr\/?product=chargeur-velo-performance-42v-2a-universel#primaryimage"},"thumbnailUrl":"https:\/\/ateliervae.fr\/wp-content\/uploads\/2026\/04\/universele_fietsaccu_oplader_42v_2a_2-polig___eyxon___driekwartaanzicht.jpg","datePublished":"2026-04-28T13:42:17+00:00","dateModified":"2026-04-28T17:32:44+00:00","description":"Chargeur v\u00e9lo recharge rapide et fiable \u2013 42V 2A universel ~29,90\u20ac : charge s\u00fbre, rapide et compatible pour v\u00e9lo \u00e9lectrique.","breadcrumb":{"@id":"https:\/\/ateliervae.fr\/?product=chargeur-velo-performance-42v-2a-universel#breadcrumb"},"inLanguage":"fr-FR","potentialAction":[{"@type":"ReadAction","target":["https:\/\/ateliervae.fr\/?product=chargeur-velo-performance-42v-2a-universel"]}]},{"@type":"ImageObject","inLanguage":"fr-FR","@id":"https:\/\/ateliervae.fr\/?product=chargeur-velo-performance-42v-2a-universel#primaryimage","url":"https:\/\/ateliervae.fr\/wp-content\/uploads\/2026\/04\/universele_fietsaccu_oplader_42v_2a_2-polig___eyxon___driekwartaanzicht.jpg","contentUrl":"https:\/\/ateliervae.fr\/wp-content\/uploads\/2026\/04\/universele_fietsaccu_oplader_42v_2a_2-polig___eyxon___driekwartaanzicht.jpg","width":360,"height":360,"caption":"chargeur v\u00e9lo recharge rapide et fiable"},{"@type":"BreadcrumbList","@id":"https:\/\/ateliervae.fr\/?product=chargeur-velo-performance-42v-2a-universel#breadcrumb","itemListElement":[{"@type":"ListItem","position":1,"name":"Home","item":"https:\/\/ateliervae.fr\/"},{"@type":"ListItem","position":2,"name":"Produits","item":"https:\/\/ateliervae.fr\/shop\/"},{"@type":"ListItem","position":3,"name":"Chargeur v\u00e9lo \u00e9lectrique Chargeur universel 42V 2A (2 broches)"}]},{"@type":"WebSite","@id":"https:\/\/ateliervae.fr\/#website","url":"https:\/\/ateliervae.fr\/","name":"ateliervae.fr","description":"L\u2019\u00e9nergie au c\u0153ur de vos trajets","publisher":{"@id":"https:\/\/ateliervae.fr\/#organization"},"potentialAction":[{"@type":"SearchAction","target":{"@type":"EntryPoint","urlTemplate":"https:\/\/ateliervae.fr\/?s={search_term_string}"},"query-input":{"@type":"PropertyValueSpecification","valueRequired":true,"valueName":"search_term_string"}}],"inLanguage":"fr-FR"},{"@type":"Organization","@id":"https:\/\/ateliervae.fr\/#organization","name":"ateliervae.fr","url":"https:\/\/ateliervae.fr\/","logo":{"@type":"ImageObject","inLanguage":"fr-FR","@id":"https:\/\/ateliervae.fr\/#\/schema\/logo\/image\/","url":"https:\/\/ateliervae.fr\/wp-content\/uploads\/2026\/04\/ChatGPT-Image-6-avr.-2026-11_58_22.png","contentUrl":"https:\/\/ateliervae.fr\/wp-content\/uploads\/2026\/04\/ChatGPT-Image-6-avr.-2026-11_58_22.png","width":1536,"height":1024,"caption":"ateliervae.fr"},"image":{"@id":"https:\/\/ateliervae.fr\/#\/schema\/logo\/image\/"}}]}},"_links":{"self":[{"href":"https:\/\/ateliervae.fr\/index.php?rest_route=\/wp\/v2\/product\/28472","targetHints":{"allow":["GET"]}}],"collection":[{"href":"https:\/\/ateliervae.fr\/index.php?rest_route=\/wp\/v2\/product"}],"about":[{"href":"https:\/\/ateliervae.fr\/index.php?rest_route=\/wp\/v2\/types\/product"}],"replies":[{"embeddable":true,"href":"https:\/\/ateliervae.fr\/index.php?rest_route=%2Fwp%2Fv2%2Fcomments&post=28472"}],"version-history":[{"count":2,"href":"https:\/\/ateliervae.fr\/index.php?rest_route=\/wp\/v2\/product\/28472\/revisions"}],"predecessor-version":[{"id":28555,"href":"https:\/\/ateliervae.fr\/index.php?rest_route=\/wp\/v2\/product\/28472\/revisions\/28555"}],"wp:featuredmedia":[{"embeddable":true,"href":"https:\/\/ateliervae.fr\/index.php?rest_route=\/wp\/v2\/media\/28471"}],"wp:attachment":[{"href":"https:\/\/ateliervae.fr\/index.php?rest_route=%2Fwp%2Fv2%2Fmedia&parent=28472"}],"wp:term":[{"taxonomy":"product_brand","embeddable":true,"href":"https:\/\/ateliervae.fr\/index.php?rest_route=%2Fwp%2Fv2%2Fproduct_brand&post=28472"},{"taxonomy":"product_cat","embeddable":true,"href":"https:\/\/ateliervae.fr\/index.php?rest_route=%2Fwp%2Fv2%2Fproduct_cat&post=28472"},{"taxonomy":"product_tag","embeddable":true,"href":"https:\/\/ateliervae.fr\/index.php?rest_route=%2Fwp%2Fv2%2Fproduct_tag&post=28472"}],"curies":[{"name":"wp","href":"https:\/\/api.w.org\/{rel}","templated":true}]}}