{"id":28375,"date":"2026-04-27T13:20:37","date_gmt":"2026-04-27T13:20:37","guid":{"rendered":"https:\/\/ateliervae.fr\/?product=bosch-active-performance-chargeur-36v-4a"},"modified":"2026-04-28T13:02:45","modified_gmt":"2026-04-28T13:02:45","slug":"chargeur-bosch-36v-4a-batterie-velo-performance","status":"publish","type":"product","link":"https:\/\/ateliervae.fr\/?product=chargeur-bosch-36v-4a-batterie-velo-performance","title":{"rendered":"Chargeur v\u00e9lo \u00e9lectrique Bosch Active\/Performance Chargeur | 36V 4A"},"content":{"rendered":"<h1 data-section-id=\"9gdech\" data-start=\"235\" data-end=\"262\">Description du produit<\/h1>\n<p data-start=\"264\" data-end=\"620\">Le <strong data-start=\"267\" data-end=\"311\">Chargeur Bosch Active\/Performance 36V 4A<\/strong> est un accessoire indispensable pour tous les utilisateurs de v\u00e9los \u00e9lectriques \u00e9quip\u00e9s d\u2019un syst\u00e8me Bosch. le chargeur batterie v\u00e9lo \u00e9lectrique 36vne s\u2019agit pas d\u2019une batterie, mais d\u2019un <strong data-start=\"463\" data-end=\"538\">chargeur haute performance pour batterie lithium-ion de v\u00e9lo \u00e9lectrique<\/strong>, con\u00e7u pour optimiser la recharge et prolonger la dur\u00e9e de vie de votre batterie.<\/p>\n<p data-start=\"622\" data-end=\"785\">Gr\u00e2ce \u00e0 sa technologie avanc\u00e9e, il assure une recharge rapide, stable et s\u00e9curis\u00e9e, id\u00e9ale pour les trajets urbains, les VTT \u00e9lectriques ou les longues randonn\u00e9es.<\/p>\n<p data-start=\"787\" data-end=\"952\">Ce mod\u00e8le est particuli\u00e8rement recommand\u00e9 pour am\u00e9liorer l\u2019<strong data-start=\"846\" data-end=\"884\">autonomie batterie v\u00e9lo \u00e9lectrique<\/strong>, r\u00e9duire les temps d\u2019attente et garantir une performance constante.<\/p>\n<p data-start=\"956\" data-end=\"1160\">Compatible avec les syst\u00e8mes Bosch Active Line et Performance Line, ce chargeur batterie v\u00e9lo \u00e9lectrique 36v garantit une excellente gestion \u00e9nerg\u00e9tique et s\u2019inscrit parfaitement dans l\u2019\u00e9cosyst\u00e8me <strong data-start=\"1124\" data-end=\"1151\">batterie lithium e-bike<\/strong> moderne.<\/p>\n<h1 data-section-id=\"1l6o4uv\" data-start=\"1167\" data-end=\"1199\">\u2699\ufe0f Caract\u00e9ristiques techniques<\/h1>\n<div class=\"TyagGW_tableContainer\">\n<div class=\"group TyagGW_tableWrapper flex flex-col-reverse w-fit\" tabindex=\"-1\">\n<table class=\"w-fit min-w-(--thread-content-width)\" data-start=\"1201\" data-end=\"1694\">\n<thead data-start=\"1201\" data-end=\"1229\">\n<tr data-start=\"1201\" data-end=\"1229\">\n<th class=\"\" data-start=\"1201\" data-end=\"1219\" data-col-size=\"sm\">Caract\u00e9ristique<\/th>\n<th class=\"\" data-start=\"1219\" data-end=\"1229\" data-col-size=\"sm\">D\u00e9tail<\/th>\n<\/tr>\n<\/thead>\n<tbody data-start=\"1258\" data-end=\"1694\">\n<tr data-start=\"1258\" data-end=\"1276\">\n<td data-start=\"1258\" data-end=\"1267\" data-col-size=\"sm\">Marque<\/td>\n<td data-start=\"1267\" data-end=\"1276\" data-col-size=\"sm\">Bosch<\/td>\n<\/tr>\n<tr data-start=\"1277\" data-end=\"1332\">\n<td data-start=\"1277\" data-end=\"1295\" data-col-size=\"sm\">Type de produit<\/td>\n<td data-start=\"1295\" data-end=\"1332\" data-col-size=\"sm\">Chargeur batterie v\u00e9lo \u00e9lectrique<\/td>\n<\/tr>\n<tr data-start=\"1333\" data-end=\"1362\">\n<td data-start=\"1333\" data-end=\"1347\" data-col-size=\"sm\">Technologie<\/td>\n<td data-start=\"1347\" data-end=\"1362\" data-col-size=\"sm\">Lithium-ion<\/td>\n<\/tr>\n<tr data-start=\"1363\" data-end=\"1380\">\n<td data-start=\"1363\" data-end=\"1373\" data-col-size=\"sm\">Voltage<\/td>\n<td data-start=\"1373\" data-end=\"1380\" data-col-size=\"sm\">36V<\/td>\n<\/tr>\n<tr data-start=\"1381\" data-end=\"1399\">\n<td data-start=\"1381\" data-end=\"1393\" data-col-size=\"sm\">Intensit\u00e9<\/td>\n<td data-start=\"1393\" data-end=\"1399\" data-col-size=\"sm\">4A<\/td>\n<\/tr>\n<tr data-start=\"1400\" data-end=\"1451\">\n<td data-start=\"1400\" data-end=\"1416\" data-col-size=\"sm\">Compatibilit\u00e9<\/td>\n<td data-start=\"1416\" data-end=\"1451\" data-col-size=\"sm\">Bosch Active \/ Performance Line<\/td>\n<\/tr>\n<tr data-start=\"1452\" data-end=\"1486\">\n<td data-start=\"1452\" data-end=\"1470\" data-col-size=\"sm\">Temps de charge<\/td>\n<td data-start=\"1470\" data-end=\"1486\" data-col-size=\"sm\">3 \u00e0 5 heures<\/td>\n<\/tr>\n<tr data-start=\"1487\" data-end=\"1525\">\n<td data-start=\"1487\" data-end=\"1502\" data-col-size=\"sm\">Dur\u00e9e de vie<\/td>\n<td data-start=\"1502\" data-end=\"1525\" data-col-size=\"sm\">1000 cycles environ<\/td>\n<\/tr>\n<tr data-start=\"1526\" data-end=\"1572\">\n<td data-start=\"1526\" data-end=\"1537\" data-col-size=\"sm\">S\u00e9curit\u00e9<\/td>\n<td data-start=\"1537\" data-end=\"1572\" data-col-size=\"sm\">BMS protection batterie int\u00e9gr\u00e9<\/td>\n<\/tr>\n<tr data-start=\"1573\" data-end=\"1615\">\n<td data-start=\"1573\" data-end=\"1601\" data-col-size=\"sm\">Temp\u00e9rature d\u2019utilisation<\/td>\n<td data-start=\"1601\" data-end=\"1615\" data-col-size=\"sm\">0\u00b0C \u00e0 40\u00b0C<\/td>\n<\/tr>\n<tr data-start=\"1616\" data-end=\"1642\">\n<td data-start=\"1616\" data-end=\"1624\" data-col-size=\"sm\">Poids<\/td>\n<td data-start=\"1624\" data-end=\"1642\" data-col-size=\"sm\">Environ 0,8 kg<\/td>\n<\/tr>\n<tr data-start=\"1643\" data-end=\"1694\">\n<td data-start=\"1643\" data-end=\"1651\" data-col-size=\"sm\">Usage<\/td>\n<td data-start=\"1651\" data-end=\"1694\" data-col-size=\"sm\">V\u00e9lo \u00e9lectrique urbain \/ VTT \/ trekking<\/td>\n<\/tr>\n<\/tbody>\n<\/table>\n<\/div>\n<\/div>\n<p data-start=\"1698\" data-end=\"1851\">Ce chargeur est con\u00e7u pour optimiser chaque <strong data-start=\"1742\" data-end=\"1778\">cycle de charge batterie lithium<\/strong>, tout en prot\u00e9geant la batterie contre les surtensions et la surchauffe.<\/p>\n<h1 data-section-id=\"bbw5yb\" data-start=\"1858\" data-end=\"1881\">\ud83d\udcca Tableau comparatif<\/h1>\n<div class=\"TyagGW_tableContainer\">\n<div class=\"group TyagGW_tableWrapper flex flex-col-reverse w-fit\" tabindex=\"-1\">\n<table class=\"w-fit min-w-(--thread-content-width)\" data-start=\"1883\" data-end=\"2425\">\n<thead data-start=\"1883\" data-end=\"1992\">\n<tr data-start=\"1883\" data-end=\"1992\">\n<th class=\"\" data-start=\"1883\" data-end=\"1892\" data-col-size=\"sm\">Mod\u00e8le<\/th>\n<th class=\"\" data-start=\"1892\" data-end=\"1910\" data-col-size=\"sm\">Type de produit<\/th>\n<th class=\"\" data-start=\"1910\" data-end=\"1931\" data-col-size=\"sm\">Voltage \/ capacit\u00e9<\/th>\n<th class=\"\" data-start=\"1931\" data-end=\"1943\" data-col-size=\"sm\">Autonomie<\/th>\n<th class=\"\" data-start=\"1943\" data-end=\"1959\" data-col-size=\"sm\">Compatibilit\u00e9<\/th>\n<th class=\"\" data-start=\"1959\" data-end=\"1967\" data-col-size=\"sm\">Poids<\/th>\n<th class=\"\" data-start=\"1967\" data-end=\"1992\" data-col-size=\"sm\">Prix TTC constructeur<\/th>\n<\/tr>\n<\/thead>\n<tbody data-start=\"2103\" data-end=\"2425\">\n<tr data-start=\"2103\" data-end=\"2218\">\n<td data-start=\"2103\" data-end=\"2118\" data-col-size=\"sm\">Bosch 36V 4A<\/td>\n<td data-start=\"2118\" data-end=\"2141\" data-col-size=\"sm\">Chargeur lithium-ion<\/td>\n<td data-start=\"2141\" data-end=\"2152\" data-col-size=\"sm\">36V \/ 4A<\/td>\n<td data-start=\"2152\" data-end=\"2175\" data-col-size=\"sm\">Optimise l\u2019autonomie<\/td>\n<td data-start=\"2175\" data-end=\"2202\" data-col-size=\"sm\">Bosch Active\/Performance<\/td>\n<td data-start=\"2202\" data-end=\"2211\" data-col-size=\"sm\">0,8 kg<\/td>\n<td data-start=\"2211\" data-end=\"2218\" data-col-size=\"sm\">69\u20ac<\/td>\n<\/tr>\n<tr data-start=\"2219\" data-end=\"2310\">\n<td data-start=\"2219\" data-end=\"2238\" data-col-size=\"sm\">Shimano EC-E6002<\/td>\n<td data-start=\"2238\" data-end=\"2256\" data-col-size=\"sm\">Chargeur e-bike<\/td>\n<td data-start=\"2256\" data-end=\"2267\" data-col-size=\"sm\">36V \/ 2A<\/td>\n<td data-start=\"2267\" data-end=\"2278\" data-col-size=\"sm\">Standard<\/td>\n<td data-start=\"2278\" data-end=\"2294\" data-col-size=\"sm\">Shimano Steps<\/td>\n<td data-start=\"2294\" data-end=\"2303\" data-col-size=\"sm\">0,6 kg<\/td>\n<td data-start=\"2303\" data-end=\"2310\" data-col-size=\"sm\">59\u20ac<\/td>\n<\/tr>\n<tr data-start=\"2311\" data-end=\"2425\">\n<td data-start=\"2311\" data-end=\"2337\" data-col-size=\"sm\"><a href=\"https:\/\/ateliervae.fr\/?product=batterie-velo-performance-chargeur-shimano-sonic-v10-36v\">Yamaha 36V Fast Charger<\/a><\/td>\n<td data-start=\"2337\" data-end=\"2355\" data-col-size=\"sm\">Chargeur rapide<\/td>\n<td data-start=\"2355\" data-end=\"2366\" data-col-size=\"sm\">36V \/ 4A<\/td>\n<td data-start=\"2366\" data-end=\"2386\" data-col-size=\"sm\">Haute performance<\/td>\n<td data-start=\"2386\" data-end=\"2409\" data-col-size=\"sm\">Yamaha e-bike system<\/td>\n<td data-start=\"2409\" data-end=\"2418\" data-col-size=\"sm\">0,9 kg<\/td>\n<td data-start=\"2418\" data-end=\"2425\" data-col-size=\"sm\">79\u20ac<\/td>\n<\/tr>\n<\/tbody>\n<\/table>\n<\/div>\n<\/div>\n<h1 data-section-id=\"b54sfo\" data-start=\"2434\" data-end=\"2459\">\u00a0Avantages principaux<\/h1>\n<p data-start=\"2461\" data-end=\"2681\">Ce chargeur se distingue par sa fiabilit\u00e9 et sa compatibilit\u00e9 parfaite avec les syst\u00e8mes Bosch. Il am\u00e9liore la <strong data-start=\"2572\" data-end=\"2605\">charge rapide v\u00e9lo \u00e9lectrique<\/strong>, r\u00e9duit les pertes d\u2019\u00e9nergie et prolonge la dur\u00e9e de vie de votre batterie.<\/p>\n<p data-start=\"2683\" data-end=\"2854\">Il est id\u00e9al pour ceux qui recherchent une solution efficace de <strong data-start=\"2747\" data-end=\"2780\">recharge batterie v\u00e9lo urbain<\/strong>, tout en garantissant une s\u00e9curit\u00e9 maximale gr\u00e2ce au syst\u00e8me BMS int\u00e9gr\u00e9.<\/p>\n<h1 data-section-id=\"18stfmy\" data-start=\"2861\" data-end=\"2876\">\u00a0Conclusion<\/h1>\n<p data-start=\"2878\" data-end=\"3081\">Le <strong data-start=\"2881\" data-end=\"2925\">Chargeur Bosch Active\/Performance 36V 4A<\/strong> est un choix incontournable pour tous les cyclistes \u00e9lectriques exigeants. Il combine rapidit\u00e9, s\u00e9curit\u00e9 et compatibilit\u00e9 optimale avec les syst\u00e8mes Bosch.<\/p>\n<p data-start=\"3083\" data-end=\"3234\">Si vous souhaitez optimiser la performance de votre v\u00e9lo \u00e9lectrique et prolonger la dur\u00e9e de vie de votre batterie, ce chargeur est la solution id\u00e9ale.<\/p>\n<p data-start=\"3236\" data-end=\"3342\">\n<h1 data-section-id=\"1lxd8kj\" data-start=\"3349\" data-end=\"3356\">FAQ<\/h1>\n<p data-start=\"3358\" data-end=\"3499\"><strong data-start=\"3358\" data-end=\"3397\">Quelle autonomie avec ce chargeur ?<\/strong><br data-start=\"3397\" data-end=\"3400\" \/>Il ne cr\u00e9e pas l\u2019autonomie, mais optimise la recharge pour maximiser la performance de la batterie.<\/p>\n<p data-start=\"3501\" data-end=\"3621\"><strong data-start=\"3501\" data-end=\"3556\">Est-il compatible avec tous les v\u00e9los \u00e9lectriques ?<\/strong><br data-start=\"3556\" data-end=\"3559\" \/>Non, uniquement avec les syst\u00e8mes Bosch Active et Performance.<\/p>\n<p data-start=\"3623\" data-end=\"3725\"><strong data-start=\"3623\" data-end=\"3669\">Combien de temps dure la charge compl\u00e8te ?<\/strong><br data-start=\"3669\" data-end=\"3672\" \/>Entre 3 et 5 heures selon la capacit\u00e9 de la batterie.<\/p>\n<p data-start=\"3727\" data-end=\"3825\"><strong data-start=\"3727\" data-end=\"3769\">Peut-on remplacer un ancien chargeur ?<\/strong><br data-start=\"3769\" data-end=\"3772\" \/>Oui, si votre ancien mod\u00e8le est Bosch 36V compatible.<\/p>\n<p data-start=\"3827\" data-end=\"3892\"><strong data-start=\"3827\" data-end=\"3859\">Quelle est la dur\u00e9e de vie ?<\/strong><br data-start=\"3859\" data-end=\"3862\" \/>Environ 1000 cycles de charge.<\/p>\n<p data-start=\"3894\" data-end=\"3964\"><strong data-start=\"3894\" data-end=\"3915\">Est-il s\u00e9curis\u00e9 ?<\/strong><br data-start=\"3915\" data-end=\"3918\" \/>Oui, gr\u00e2ce au syst\u00e8me BMS protection batterie.<\/p>\n","protected":false},"excerpt":{"rendered":"<ul data-start=\"3996\" data-end=\"4220\">\n<li data-section-id=\"1q4rsoo\" data-start=\"3996\" data-end=\"4038\">\u26a1 Puissance et charge optimis\u00e9e 36V 4A<\/li>\n<li data-section-id=\"1hvdglk\" data-start=\"4039\" data-end=\"4079\">\ud83d\udd0b Technologie lithium-ion s\u00e9curis\u00e9e<\/li>\n<li data-section-id=\"uzk7yh\" data-start=\"4080\" data-end=\"4125\">\ud83d\udd0c Compatibilit\u00e9 Bosch Active\/Performance<\/li>\n<li data-section-id=\"xiztxs\" data-start=\"4126\" data-end=\"4220\">\ud83d\udeb4\u200d\u2642\ufe0f Avantage principal : charge rapide et prolongation de la dur\u00e9e de vie de la batterie<\/li>\n<\/ul>\n<p><strong>\ud83d\udc49 Am\u00e9liorez d\u00e8s maintenant votre exp\u00e9rience de conduite et profitez d\u2019une recharge fiable et performante.<\/strong><\/p>\n","protected":false},"featured_media":28374,"comment_status":"closed","ping_status":"closed","template":"","meta":[],"product_brand":[76],"product_cat":[385,34],"product_tag":[550,471],"class_list":{"0":"post-28375","1":"product","2":"type-product","3":"status-publish","4":"has-post-thumbnail","6":"product_brand-bosch","7":"product_cat-36v-chargeurs-de-velos","8":"product_cat-chargeurs-de-velos","9":"product_tag-chargeur-recharge-rapide","10":"product_tag-recharge-rapide","12":"first","13":"instock","14":"sale","15":"shipping-taxable","16":"purchasable","17":"product-type-simple"},"yoast_head":"<!-- This site is optimized with the Yoast SEO plugin v27.5 - https:\/\/yoast.com\/product\/yoast-seo-wordpress\/ -->\n<title>Chargeur v\u00e9lo \u00e9lectrique Bosch Active\/Performance Chargeur | 36V 4A - ateliervae.fr<\/title>\n<meta name=\"description\" content=\"Chargeur batterie v\u00e9lo \u00e9lectrique 36V Bosch Active\/Performance 4A, compatible e-bike lithium-ion, charge rapide et s\u00fbre. Prix estim\u00e9 59\u20ac-79\u20ac.\" \/>\n<meta name=\"robots\" content=\"index, follow, max-snippet:-1, max-image-preview:large, max-video-preview:-1\" \/>\n<link rel=\"canonical\" href=\"https:\/\/ateliervae.fr\/?product=chargeur-bosch-36v-4a-batterie-velo-performance\" \/>\n<meta property=\"og:locale\" content=\"fr_FR\" \/>\n<meta property=\"og:type\" content=\"article\" \/>\n<meta property=\"og:title\" content=\"Chargeur v\u00e9lo \u00e9lectrique Bosch Active\/Performance Chargeur | 36V 4A - ateliervae.fr\" \/>\n<meta property=\"og:description\" content=\"Chargeur batterie v\u00e9lo \u00e9lectrique 36V Bosch Active\/Performance 4A, compatible e-bike lithium-ion, charge rapide et s\u00fbre. Prix estim\u00e9 59\u20ac-79\u20ac.\" \/>\n<meta property=\"og:url\" content=\"https:\/\/ateliervae.fr\/?product=chargeur-bosch-36v-4a-batterie-velo-performance\" \/>\n<meta property=\"og:site_name\" content=\"ateliervae.fr\" \/>\n<meta property=\"article:modified_time\" content=\"2026-04-28T13:02:45+00:00\" \/>\n<meta property=\"og:image\" content=\"https:\/\/ateliervae.fr\/wp-content\/uploads\/2026\/04\/bosch_active-performance_lader_36v_4a___driekwartaanzicht.jpg\" \/>\n\t<meta property=\"og:image:width\" content=\"360\" \/>\n\t<meta property=\"og:image:height\" content=\"360\" \/>\n\t<meta property=\"og:image:type\" content=\"image\/jpeg\" \/>\n<meta name=\"twitter:card\" content=\"summary_large_image\" \/>\n<meta name=\"twitter:label1\" content=\"Dur\u00e9e de lecture estim\u00e9e\" \/>\n\t<meta name=\"twitter:data1\" content=\"3 minutes\" \/>\n<script type=\"application\/ld+json\" class=\"yoast-schema-graph\">{\"@context\":\"https:\\\/\\\/schema.org\",\"@graph\":[{\"@type\":\"WebPage\",\"@id\":\"https:\\\/\\\/ateliervae.fr\\\/?product=chargeur-bosch-36v-4a-batterie-velo-performance\",\"url\":\"https:\\\/\\\/ateliervae.fr\\\/?product=chargeur-bosch-36v-4a-batterie-velo-performance\",\"name\":\"Chargeur v\u00e9lo \u00e9lectrique Bosch Active\\\/Performance Chargeur | 36V 4A - ateliervae.fr\",\"isPartOf\":{\"@id\":\"https:\\\/\\\/ateliervae.fr\\\/#website\"},\"primaryImageOfPage\":{\"@id\":\"https:\\\/\\\/ateliervae.fr\\\/?product=chargeur-bosch-36v-4a-batterie-velo-performance#primaryimage\"},\"image\":{\"@id\":\"https:\\\/\\\/ateliervae.fr\\\/?product=chargeur-bosch-36v-4a-batterie-velo-performance#primaryimage\"},\"thumbnailUrl\":\"https:\\\/\\\/ateliervae.fr\\\/wp-content\\\/uploads\\\/2026\\\/04\\\/bosch_active-performance_lader_36v_4a___driekwartaanzicht.jpg\",\"datePublished\":\"2026-04-27T13:20:37+00:00\",\"dateModified\":\"2026-04-28T13:02:45+00:00\",\"description\":\"Chargeur batterie v\u00e9lo \u00e9lectrique 36V Bosch Active\\\/Performance 4A, compatible e-bike lithium-ion, charge rapide et s\u00fbre. Prix estim\u00e9 59\u20ac-79\u20ac.\",\"breadcrumb\":{\"@id\":\"https:\\\/\\\/ateliervae.fr\\\/?product=chargeur-bosch-36v-4a-batterie-velo-performance#breadcrumb\"},\"inLanguage\":\"fr-FR\",\"potentialAction\":[{\"@type\":\"ReadAction\",\"target\":[\"https:\\\/\\\/ateliervae.fr\\\/?product=chargeur-bosch-36v-4a-batterie-velo-performance\"]}]},{\"@type\":\"ImageObject\",\"inLanguage\":\"fr-FR\",\"@id\":\"https:\\\/\\\/ateliervae.fr\\\/?product=chargeur-bosch-36v-4a-batterie-velo-performance#primaryimage\",\"url\":\"https:\\\/\\\/ateliervae.fr\\\/wp-content\\\/uploads\\\/2026\\\/04\\\/bosch_active-performance_lader_36v_4a___driekwartaanzicht.jpg\",\"contentUrl\":\"https:\\\/\\\/ateliervae.fr\\\/wp-content\\\/uploads\\\/2026\\\/04\\\/bosch_active-performance_lader_36v_4a___driekwartaanzicht.jpg\",\"width\":360,\"height\":360,\"caption\":\"chargeur batterie v\u00e9lo \u00e9lectrique 36v\"},{\"@type\":\"BreadcrumbList\",\"@id\":\"https:\\\/\\\/ateliervae.fr\\\/?product=chargeur-bosch-36v-4a-batterie-velo-performance#breadcrumb\",\"itemListElement\":[{\"@type\":\"ListItem\",\"position\":1,\"name\":\"Home\",\"item\":\"https:\\\/\\\/ateliervae.fr\\\/\"},{\"@type\":\"ListItem\",\"position\":2,\"name\":\"Produits\",\"item\":\"https:\\\/\\\/ateliervae.fr\\\/shop\\\/\"},{\"@type\":\"ListItem\",\"position\":3,\"name\":\"Chargeur v\u00e9lo \u00e9lectrique Bosch Active\\\/Performance Chargeur | 36V 4A\"}]},{\"@type\":\"WebSite\",\"@id\":\"https:\\\/\\\/ateliervae.fr\\\/#website\",\"url\":\"https:\\\/\\\/ateliervae.fr\\\/\",\"name\":\"ateliervae.fr\",\"description\":\"L\u2019\u00e9nergie au c\u0153ur de vos trajets\",\"publisher\":{\"@id\":\"https:\\\/\\\/ateliervae.fr\\\/#organization\"},\"potentialAction\":[{\"@type\":\"SearchAction\",\"target\":{\"@type\":\"EntryPoint\",\"urlTemplate\":\"https:\\\/\\\/ateliervae.fr\\\/?s={search_term_string}\"},\"query-input\":{\"@type\":\"PropertyValueSpecification\",\"valueRequired\":true,\"valueName\":\"search_term_string\"}}],\"inLanguage\":\"fr-FR\"},{\"@type\":\"Organization\",\"@id\":\"https:\\\/\\\/ateliervae.fr\\\/#organization\",\"name\":\"ateliervae.fr\",\"url\":\"https:\\\/\\\/ateliervae.fr\\\/\",\"logo\":{\"@type\":\"ImageObject\",\"inLanguage\":\"fr-FR\",\"@id\":\"https:\\\/\\\/ateliervae.fr\\\/#\\\/schema\\\/logo\\\/image\\\/\",\"url\":\"https:\\\/\\\/ateliervae.fr\\\/wp-content\\\/uploads\\\/2026\\\/04\\\/ChatGPT-Image-6-avr.-2026-11_58_22.png\",\"contentUrl\":\"https:\\\/\\\/ateliervae.fr\\\/wp-content\\\/uploads\\\/2026\\\/04\\\/ChatGPT-Image-6-avr.-2026-11_58_22.png\",\"width\":1536,\"height\":1024,\"caption\":\"ateliervae.fr\"},\"image\":{\"@id\":\"https:\\\/\\\/ateliervae.fr\\\/#\\\/schema\\\/logo\\\/image\\\/\"}}]}<\/script>\n<!-- \/ Yoast SEO plugin. -->","yoast_head_json":{"title":"Chargeur v\u00e9lo \u00e9lectrique Bosch Active\/Performance Chargeur | 36V 4A - ateliervae.fr","description":"Chargeur batterie v\u00e9lo \u00e9lectrique 36V Bosch Active\/Performance 4A, compatible e-bike lithium-ion, charge rapide et s\u00fbre. Prix estim\u00e9 59\u20ac-79\u20ac.","robots":{"index":"index","follow":"follow","max-snippet":"max-snippet:-1","max-image-preview":"max-image-preview:large","max-video-preview":"max-video-preview:-1"},"canonical":"https:\/\/ateliervae.fr\/?product=chargeur-bosch-36v-4a-batterie-velo-performance","og_locale":"fr_FR","og_type":"article","og_title":"Chargeur v\u00e9lo \u00e9lectrique Bosch Active\/Performance Chargeur | 36V 4A - ateliervae.fr","og_description":"Chargeur batterie v\u00e9lo \u00e9lectrique 36V Bosch Active\/Performance 4A, compatible e-bike lithium-ion, charge rapide et s\u00fbre. Prix estim\u00e9 59\u20ac-79\u20ac.","og_url":"https:\/\/ateliervae.fr\/?product=chargeur-bosch-36v-4a-batterie-velo-performance","og_site_name":"ateliervae.fr","article_modified_time":"2026-04-28T13:02:45+00:00","og_image":[{"width":360,"height":360,"url":"https:\/\/ateliervae.fr\/wp-content\/uploads\/2026\/04\/bosch_active-performance_lader_36v_4a___driekwartaanzicht.jpg","type":"image\/jpeg"}],"twitter_card":"summary_large_image","twitter_misc":{"Dur\u00e9e de lecture estim\u00e9e":"3 minutes"},"schema":{"@context":"https:\/\/schema.org","@graph":[{"@type":"WebPage","@id":"https:\/\/ateliervae.fr\/?product=chargeur-bosch-36v-4a-batterie-velo-performance","url":"https:\/\/ateliervae.fr\/?product=chargeur-bosch-36v-4a-batterie-velo-performance","name":"Chargeur v\u00e9lo \u00e9lectrique Bosch Active\/Performance Chargeur | 36V 4A - ateliervae.fr","isPartOf":{"@id":"https:\/\/ateliervae.fr\/#website"},"primaryImageOfPage":{"@id":"https:\/\/ateliervae.fr\/?product=chargeur-bosch-36v-4a-batterie-velo-performance#primaryimage"},"image":{"@id":"https:\/\/ateliervae.fr\/?product=chargeur-bosch-36v-4a-batterie-velo-performance#primaryimage"},"thumbnailUrl":"https:\/\/ateliervae.fr\/wp-content\/uploads\/2026\/04\/bosch_active-performance_lader_36v_4a___driekwartaanzicht.jpg","datePublished":"2026-04-27T13:20:37+00:00","dateModified":"2026-04-28T13:02:45+00:00","description":"Chargeur batterie v\u00e9lo \u00e9lectrique 36V Bosch Active\/Performance 4A, compatible e-bike lithium-ion, charge rapide et s\u00fbre. Prix estim\u00e9 59\u20ac-79\u20ac.","breadcrumb":{"@id":"https:\/\/ateliervae.fr\/?product=chargeur-bosch-36v-4a-batterie-velo-performance#breadcrumb"},"inLanguage":"fr-FR","potentialAction":[{"@type":"ReadAction","target":["https:\/\/ateliervae.fr\/?product=chargeur-bosch-36v-4a-batterie-velo-performance"]}]},{"@type":"ImageObject","inLanguage":"fr-FR","@id":"https:\/\/ateliervae.fr\/?product=chargeur-bosch-36v-4a-batterie-velo-performance#primaryimage","url":"https:\/\/ateliervae.fr\/wp-content\/uploads\/2026\/04\/bosch_active-performance_lader_36v_4a___driekwartaanzicht.jpg","contentUrl":"https:\/\/ateliervae.fr\/wp-content\/uploads\/2026\/04\/bosch_active-performance_lader_36v_4a___driekwartaanzicht.jpg","width":360,"height":360,"caption":"chargeur batterie v\u00e9lo \u00e9lectrique 36v"},{"@type":"BreadcrumbList","@id":"https:\/\/ateliervae.fr\/?product=chargeur-bosch-36v-4a-batterie-velo-performance#breadcrumb","itemListElement":[{"@type":"ListItem","position":1,"name":"Home","item":"https:\/\/ateliervae.fr\/"},{"@type":"ListItem","position":2,"name":"Produits","item":"https:\/\/ateliervae.fr\/shop\/"},{"@type":"ListItem","position":3,"name":"Chargeur v\u00e9lo \u00e9lectrique Bosch Active\/Performance Chargeur | 36V 4A"}]},{"@type":"WebSite","@id":"https:\/\/ateliervae.fr\/#website","url":"https:\/\/ateliervae.fr\/","name":"ateliervae.fr","description":"L\u2019\u00e9nergie au c\u0153ur de vos trajets","publisher":{"@id":"https:\/\/ateliervae.fr\/#organization"},"potentialAction":[{"@type":"SearchAction","target":{"@type":"EntryPoint","urlTemplate":"https:\/\/ateliervae.fr\/?s={search_term_string}"},"query-input":{"@type":"PropertyValueSpecification","valueRequired":true,"valueName":"search_term_string"}}],"inLanguage":"fr-FR"},{"@type":"Organization","@id":"https:\/\/ateliervae.fr\/#organization","name":"ateliervae.fr","url":"https:\/\/ateliervae.fr\/","logo":{"@type":"ImageObject","inLanguage":"fr-FR","@id":"https:\/\/ateliervae.fr\/#\/schema\/logo\/image\/","url":"https:\/\/ateliervae.fr\/wp-content\/uploads\/2026\/04\/ChatGPT-Image-6-avr.-2026-11_58_22.png","contentUrl":"https:\/\/ateliervae.fr\/wp-content\/uploads\/2026\/04\/ChatGPT-Image-6-avr.-2026-11_58_22.png","width":1536,"height":1024,"caption":"ateliervae.fr"},"image":{"@id":"https:\/\/ateliervae.fr\/#\/schema\/logo\/image\/"}}]}},"_links":{"self":[{"href":"https:\/\/ateliervae.fr\/index.php?rest_route=\/wp\/v2\/product\/28375","targetHints":{"allow":["GET"]}}],"collection":[{"href":"https:\/\/ateliervae.fr\/index.php?rest_route=\/wp\/v2\/product"}],"about":[{"href":"https:\/\/ateliervae.fr\/index.php?rest_route=\/wp\/v2\/types\/product"}],"replies":[{"embeddable":true,"href":"https:\/\/ateliervae.fr\/index.php?rest_route=%2Fwp%2Fv2%2Fcomments&post=28375"}],"version-history":[{"count":2,"href":"https:\/\/ateliervae.fr\/index.php?rest_route=\/wp\/v2\/product\/28375\/revisions"}],"predecessor-version":[{"id":28457,"href":"https:\/\/ateliervae.fr\/index.php?rest_route=\/wp\/v2\/product\/28375\/revisions\/28457"}],"wp:featuredmedia":[{"embeddable":true,"href":"https:\/\/ateliervae.fr\/index.php?rest_route=\/wp\/v2\/media\/28374"}],"wp:attachment":[{"href":"https:\/\/ateliervae.fr\/index.php?rest_route=%2Fwp%2Fv2%2Fmedia&parent=28375"}],"wp:term":[{"taxonomy":"product_brand","embeddable":true,"href":"https:\/\/ateliervae.fr\/index.php?rest_route=%2Fwp%2Fv2%2Fproduct_brand&post=28375"},{"taxonomy":"product_cat","embeddable":true,"href":"https:\/\/ateliervae.fr\/index.php?rest_route=%2Fwp%2Fv2%2Fproduct_cat&post=28375"},{"taxonomy":"product_tag","embeddable":true,"href":"https:\/\/ateliervae.fr\/index.php?rest_route=%2Fwp%2Fv2%2Fproduct_tag&post=28375"}],"curies":[{"name":"wp","href":"https:\/\/api.w.org\/{rel}","templated":true}]}}