{"id":27320,"date":"2026-04-13T10:32:04","date_gmt":"2026-04-13T10:32:04","guid":{"rendered":"https:\/\/ateliervae.fr\/product\/pack-bosch-powerpack-545-smart-frame-range-extender-cable-300mm\/"},"modified":"2026-04-20T20:20:35","modified_gmt":"2026-04-20T20:20:35","slug":"pack-bosch-powerpack-545-smart-frame-range-extender-cable-300mm","status":"publish","type":"product","link":"https:\/\/ateliervae.fr\/?product=pack-bosch-powerpack-545-smart-frame-range-extender-cable-300mm","title":{"rendered":"Pack: Bosch PowerPack 545 Smart | Frame | + Range Extender &#038; C\u00e2ble 300mm"},"content":{"rendered":"<h2 data-section-id=\"10qs832\" data-start=\"208\" data-end=\"243\">Description d\u00e9taill\u00e9e du produit<\/h2>\n<p data-start=\"245\" data-end=\"593\">La <strong data-start=\"248\" data-end=\"348\">batterie pour v\u00e9lo \u00e9lectrique Bosch PowerPack 545 Smart | Frame | + Range Extender &amp; C\u00e2ble 300mm<\/strong> est une solution haut de gamme con\u00e7ue pour les cyclistes exigeants en qu\u00eate de performance et de fiabilit\u00e9. Gr\u00e2ce \u00e0 sa <strong data-start=\"468\" data-end=\"495\">technologie Lithium-ion<\/strong>, elle offre une densit\u00e9 \u00e9nerg\u00e9tique \u00e9lev\u00e9e, une excellente dur\u00e9e de vie et une s\u00e9curit\u00e9 optimale.<\/p>\n<p data-start=\"595\" data-end=\"953\">Pens\u00e9e pour s\u2019int\u00e9grer parfaitement aux v\u00e9los \u00e9lectriques modernes, cette batterie s\u2019installe directement sur le cadre (Frame), garantissant un \u00e9quilibre optimal et une r\u00e9partition homog\u00e8ne du poids. Elle est id\u00e9ale pour les utilisateurs de <strong data-start=\"836\" data-end=\"855\">VTT \u00e9lectriques<\/strong>, v\u00e9los urbains et v\u00e9los de trekking souhaitant augmenter leur autonomie sur de longues distances.<\/p>\n<p data-start=\"955\" data-end=\"1244\">Son principal atout r\u00e9side dans son association avec un <strong data-start=\"1011\" data-end=\"1029\">Range Extender<\/strong>, permettant d\u2019augmenter significativement l\u2019<strong data-start=\"1074\" data-end=\"1112\">autonomie batterie v\u00e9lo \u00e9lectrique<\/strong>. Cette fonctionnalit\u00e9 est particuli\u00e8rement utile pour les longues randonn\u00e9es, les trajets quotidiens \u00e9tendus ou les voyages \u00e0 v\u00e9lo.<\/p>\n<p data-start=\"1246\" data-end=\"1522\">En termes de performance, cette batterie d\u00e9livre une puissance constante, assurant une assistance fluide et efficace m\u00eame dans les mont\u00e9es. Sa compatibilit\u00e9 avec le <strong data-start=\"1411\" data-end=\"1433\">Smart System Bosch<\/strong> garantit une gestion intelligente de l\u2019\u00e9nergie et une optimisation des cycles de charge.<\/p>\n<h3 data-section-id=\"1p08jyr\" data-start=\"1524\" data-end=\"1550\">Avantages principaux :<\/h3>\n<ul data-start=\"1551\" data-end=\"1763\">\n<li data-section-id=\"15stgef\" data-start=\"1551\" data-end=\"1598\">Excellente autonomie pour longues distances<\/li>\n<li data-section-id=\"kiqslq\" data-start=\"1599\" data-end=\"1648\">Batterie lithium e-bike fiable et performante<\/li>\n<li data-section-id=\"bcctul\" data-start=\"1649\" data-end=\"1692\">Compatible avec syst\u00e8mes Bosch modernes<\/li>\n<li data-section-id=\"fcb3jr\" data-start=\"1693\" data-end=\"1725\">Recharge rapide et s\u00e9curis\u00e9e<\/li>\n<li data-section-id=\"10qla2q\" data-start=\"1726\" data-end=\"1763\">Longue dur\u00e9e de vie batterie v\u00e9lo<\/li>\n<\/ul>\n<div><\/div>\n<div><\/div>\n<hr data-start=\"1904\" data-end=\"1907\" \/>\n<h2 data-section-id=\"t5bigv\" data-start=\"1909\" data-end=\"1937\">Tableau technique complet<\/h2>\n<div class=\"TyagGW_tableContainer\">\n<div class=\"group TyagGW_tableWrapper flex flex-col-reverse w-fit\" tabindex=\"-1\">\n<table class=\"w-fit min-w-(--thread-content-width)\" data-start=\"1939\" data-end=\"2511\">\n<thead data-start=\"1939\" data-end=\"1967\">\n<tr data-start=\"1939\" data-end=\"1967\">\n<th class=\"\" data-start=\"1939\" data-end=\"1957\" data-col-size=\"sm\">Caract\u00e9ristique<\/th>\n<th class=\"\" data-start=\"1957\" data-end=\"1967\" data-col-size=\"sm\">D\u00e9tail<\/th>\n<\/tr>\n<\/thead>\n<tbody data-start=\"1996\" data-end=\"2511\">\n<tr data-start=\"1996\" data-end=\"2048\">\n<td data-start=\"1996\" data-end=\"2015\" data-col-size=\"sm\">Type de batterie<\/td>\n<td data-start=\"2015\" data-end=\"2048\" data-col-size=\"sm\">Batterie pour v\u00e9lo \u00e9lectrique<\/td>\n<\/tr>\n<tr data-start=\"2049\" data-end=\"2078\">\n<td data-start=\"2049\" data-end=\"2063\" data-col-size=\"sm\">Technologie<\/td>\n<td data-start=\"2063\" data-end=\"2078\" data-col-size=\"sm\">Lithium-ion<\/td>\n<\/tr>\n<tr data-start=\"2079\" data-end=\"2096\">\n<td data-start=\"2079\" data-end=\"2089\" data-col-size=\"sm\">Voltage<\/td>\n<td data-start=\"2089\" data-end=\"2096\" data-col-size=\"sm\">36V<\/td>\n<\/tr>\n<tr data-start=\"2097\" data-end=\"2128\">\n<td data-start=\"2097\" data-end=\"2108\" data-col-size=\"sm\">Capacit\u00e9<\/td>\n<td data-start=\"2108\" data-end=\"2128\" data-col-size=\"sm\">15,1 Ah \/ 545 Wh<\/td>\n<\/tr>\n<tr data-start=\"2129\" data-end=\"2164\">\n<td data-start=\"2129\" data-end=\"2149\" data-col-size=\"sm\">Autonomie estim\u00e9e<\/td>\n<td data-start=\"2149\" data-end=\"2164\" data-col-size=\"sm\">60 \u00e0 150 km<\/td>\n<\/tr>\n<tr data-start=\"2165\" data-end=\"2201\">\n<td data-start=\"2165\" data-end=\"2183\" data-col-size=\"sm\">Temps de charge<\/td>\n<td data-start=\"2183\" data-end=\"2201\" data-col-size=\"sm\">4,5 \u00e0 5 heures<\/td>\n<\/tr>\n<tr data-start=\"2202\" data-end=\"2238\">\n<td data-start=\"2202\" data-end=\"2217\" data-col-size=\"sm\">Dur\u00e9e de vie<\/td>\n<td data-start=\"2217\" data-end=\"2238\" data-col-size=\"sm\">500 \u00e0 1000 cycles<\/td>\n<\/tr>\n<tr data-start=\"2239\" data-end=\"2277\">\n<td data-start=\"2239\" data-end=\"2255\" data-col-size=\"sm\">Compatibilit\u00e9<\/td>\n<td data-start=\"2255\" data-end=\"2277\" data-col-size=\"sm\">Bosch Smart System<\/td>\n<\/tr>\n<tr data-start=\"2278\" data-end=\"2321\">\n<td data-start=\"2278\" data-end=\"2300\" data-col-size=\"sm\">Syst\u00e8me de fixation<\/td>\n<td data-start=\"2300\" data-end=\"2321\" data-col-size=\"sm\">Sur cadre (Frame)<\/td>\n<\/tr>\n<tr data-start=\"2322\" data-end=\"2339\">\n<td data-start=\"2322\" data-end=\"2330\" data-col-size=\"sm\">Poids<\/td>\n<td data-start=\"2330\" data-end=\"2339\" data-col-size=\"sm\">~3 kg<\/td>\n<\/tr>\n<tr data-start=\"2340\" data-end=\"2363\">\n<td data-start=\"2340\" data-end=\"2354\" data-col-size=\"sm\">Emplacement<\/td>\n<td data-start=\"2354\" data-end=\"2363\" data-col-size=\"sm\">Cadre<\/td>\n<\/tr>\n<tr data-start=\"2364\" data-end=\"2401\">\n<td data-start=\"2364\" data-end=\"2371\" data-col-size=\"sm\">Type<\/td>\n<td data-start=\"2371\" data-end=\"2401\" data-col-size=\"sm\">Batterie rechargeable v\u00e9lo<\/td>\n<\/tr>\n<tr data-start=\"2402\" data-end=\"2428\">\n<td data-start=\"2402\" data-end=\"2413\" data-col-size=\"sm\">S\u00e9curit\u00e9<\/td>\n<td data-start=\"2413\" data-end=\"2428\" data-col-size=\"sm\">BMS int\u00e9gr\u00e9<\/td>\n<\/tr>\n<tr data-start=\"2429\" data-end=\"2473\">\n<td data-start=\"2429\" data-end=\"2457\" data-col-size=\"sm\">Temp\u00e9rature d\u2019utilisation<\/td>\n<td data-start=\"2457\" data-end=\"2473\" data-col-size=\"sm\">-10\u00b0C \u00e0 40\u00b0C<\/td>\n<\/tr>\n<tr data-start=\"2474\" data-end=\"2511\">\n<td data-start=\"2474\" data-end=\"2490\" data-col-size=\"sm\">Ann\u00e9e \/ gamme<\/td>\n<td data-start=\"2490\" data-end=\"2511\" data-col-size=\"sm\">2024 Smart System<\/td>\n<\/tr>\n<\/tbody>\n<\/table>\n<\/div>\n<\/div>\n<div><\/div>\n<hr data-start=\"2576\" data-end=\"2579\" \/>\n<h2 data-section-id=\"1mu3gfr\" data-start=\"2581\" data-end=\"2602\">Tableau comparatif<\/h2>\n<div class=\"TyagGW_tableContainer\">\n<div class=\"group TyagGW_tableWrapper flex flex-col-reverse w-fit\" tabindex=\"-1\">\n<table class=\"w-fit min-w-(--thread-content-width)\" data-start=\"2604\" data-end=\"3075\">\n<thead data-start=\"2604\" data-end=\"2701\">\n<tr data-start=\"2604\" data-end=\"2701\">\n<th class=\"\" data-start=\"2604\" data-end=\"2613\" data-col-size=\"sm\">Mod\u00e8le<\/th>\n<th class=\"\" data-start=\"2613\" data-end=\"2632\" data-col-size=\"sm\">Type de batterie<\/th>\n<th class=\"\" data-start=\"2632\" data-end=\"2653\" data-col-size=\"sm\">Voltage \/ Capacit\u00e9<\/th>\n<th class=\"\" data-start=\"2653\" data-end=\"2665\" data-col-size=\"sm\">Autonomie<\/th>\n<th class=\"\" data-start=\"2665\" data-end=\"2681\" data-col-size=\"sm\">Compatibilit\u00e9<\/th>\n<th class=\"\" data-start=\"2681\" data-end=\"2689\" data-col-size=\"sm\">Poids<\/th>\n<th class=\"\" data-start=\"2689\" data-end=\"2701\" data-col-size=\"sm\">Prix TTC<\/th>\n<\/tr>\n<\/thead>\n<tbody data-start=\"2797\" data-end=\"3075\">\n<tr data-start=\"2797\" data-end=\"2888\">\n<td data-start=\"2797\" data-end=\"2819\" data-col-size=\"sm\">Bosch PowerPack 545<\/td>\n<td data-start=\"2819\" data-end=\"2833\" data-col-size=\"sm\">Lithium-ion<\/td>\n<td data-start=\"2833\" data-end=\"2847\" data-col-size=\"sm\">36V \/ 545Wh<\/td>\n<td data-start=\"2847\" data-end=\"2859\" data-col-size=\"sm\">60-150 km<\/td>\n<td data-start=\"2859\" data-end=\"2873\" data-col-size=\"sm\">Bosch Smart<\/td>\n<td data-start=\"2873\" data-end=\"2880\" data-col-size=\"sm\">3 kg<\/td>\n<td data-start=\"2880\" data-end=\"2888\" data-col-size=\"sm\">899\u20ac<\/td>\n<\/tr>\n<tr data-start=\"2889\" data-end=\"2982\">\n<td data-start=\"2889\" data-end=\"2911\" data-col-size=\"sm\"><a href=\"https:\/\/ateliervae.fr\/shop\/accessories\/bosch-powertube-625-horizontal-compatible-par-e-bike-vision\/\">Bosch PowerTube 625<\/a><\/td>\n<td data-start=\"2911\" data-end=\"2925\" data-col-size=\"sm\">Lithium-ion<\/td>\n<td data-start=\"2925\" data-end=\"2939\" data-col-size=\"sm\">36V \/ 625Wh<\/td>\n<td data-start=\"2939\" data-end=\"2951\" data-col-size=\"sm\">80-160 km<\/td>\n<td data-start=\"2951\" data-end=\"2964\" data-col-size=\"sm\">Bosch Gen4<\/td>\n<td data-start=\"2964\" data-end=\"2973\" data-col-size=\"sm\">3,5 kg<\/td>\n<td data-start=\"2973\" data-end=\"2982\" data-col-size=\"sm\">1099\u20ac<\/td>\n<\/tr>\n<tr data-start=\"2983\" data-end=\"3075\">\n<td data-start=\"2983\" data-end=\"3002\" data-col-size=\"sm\">Shimano BT-E8035<\/td>\n<td data-start=\"3002\" data-end=\"3016\" data-col-size=\"sm\">Lithium-ion<\/td>\n<td data-start=\"3016\" data-end=\"3030\" data-col-size=\"sm\">36V \/ 504Wh<\/td>\n<td data-start=\"3030\" data-end=\"3042\" data-col-size=\"sm\">50-120 km<\/td>\n<td data-start=\"3042\" data-end=\"3058\" data-col-size=\"sm\">Shimano Steps<\/td>\n<td data-start=\"3058\" data-end=\"3067\" data-col-size=\"sm\">2,9 kg<\/td>\n<td data-start=\"3067\" data-end=\"3075\" data-col-size=\"sm\">799\u20ac<\/td>\n<\/tr>\n<\/tbody>\n<\/table>\n<\/div>\n<\/div>\n<div><\/div>\n<div><\/div>\n<hr data-start=\"3202\" data-end=\"3205\" \/>\n<h2 data-section-id=\"105r1gu\" data-start=\"3207\" data-end=\"3239\">Conclusion + appel \u00e0 l\u2019action<\/h2>\n<p data-start=\"3241\" data-end=\"3583\">La <strong data-start=\"3244\" data-end=\"3297\">batterie pour v\u00e9lo \u00e9lectrique Bosch PowerPack 545<\/strong> est un choix strat\u00e9gique pour tous les cyclistes souhaitant allier <strong data-start=\"3365\" data-end=\"3402\">puissance, autonomie et fiabilit\u00e9<\/strong>. Gr\u00e2ce \u00e0 sa <strong data-start=\"3415\" data-end=\"3444\">capacit\u00e9 \u00e9lev\u00e9e de 545 Wh<\/strong>, sa compatibilit\u00e9 avec le syst\u00e8me intelligent Bosch et son option de Range Extender, elle se positionne comme une r\u00e9f\u00e9rence sur le march\u00e9.<\/p>\n<hr data-start=\"3879\" data-end=\"3882\" \/>\n<h2 data-section-id=\"1hryhf7\" data-start=\"3884\" data-end=\"3890\">FAQ<\/h2>\n<h3 data-section-id=\"3ca5zl\" data-start=\"3892\" data-end=\"3934\">Quelle autonomie pour cette batterie ?<\/h3>\n<p data-start=\"3935\" data-end=\"4030\">L\u2019autonomie varie entre 60 et 150 km selon l\u2019utilisation, le terrain et le niveau d\u2019assistance.<\/p>\n<h3 data-section-id=\"18f9gkx\" data-start=\"4032\" data-end=\"4071\">Est-elle compatible avec mon v\u00e9lo ?<\/h3>\n<p data-start=\"4072\" data-end=\"4176\">Elle est compatible avec les v\u00e9los \u00e9quip\u00e9s du <strong data-start=\"4118\" data-end=\"4140\">Bosch Smart System<\/strong>. V\u00e9rifiez votre mod\u00e8le avant achat.<\/p>\n<h3 data-section-id=\"1rm5mbb\" data-start=\"4178\" data-end=\"4215\">Combien de temps dure la charge ?<\/h3>\n<p data-start=\"4216\" data-end=\"4264\">Environ 4,5 \u00e0 5 heures pour une charge compl\u00e8te.<\/p>\n<h3 data-section-id=\"5g15g1\" data-start=\"4266\" data-end=\"4311\">Peut-on remplacer une batterie ancienne ?<\/h3>\n<p data-start=\"4312\" data-end=\"4411\">Oui, si votre v\u00e9lo est compatible Bosch, cette batterie peut remplacer une ancienne batterie Bosch.<\/p>\n<h3 data-section-id=\"13txym1\" data-start=\"4413\" data-end=\"4445\">Quelle est sa dur\u00e9e de vie ?<\/h3>\n<p data-start=\"4446\" data-end=\"4518\">Entre 500 et 1000 cycles de charge, soit plusieurs ann\u00e9es d\u2019utilisation.<\/p>\n<h3 data-section-id=\"xkc7cr\" data-start=\"4520\" data-end=\"4557\">Est-ce une batterie lithium-ion ?<\/h3>\n<p data-start=\"4558\" data-end=\"4650\">Oui, elle utilise une technologie Lithium-ion, reconnue pour sa performance et sa long\u00e9vit\u00e9.<\/p>\n<h3 data-section-id=\"zvmf1n\" data-start=\"4652\" data-end=\"4688\">La batterie est-elle s\u00e9curis\u00e9e ?<\/h3>\n<p data-start=\"4689\" data-end=\"4783\">Oui, elle dispose d\u2019un syst\u00e8me BMS int\u00e9gr\u00e9 pour prot\u00e9ger contre les surcharges et surchauffes.<\/p>\n","protected":false},"excerpt":{"rendered":"<ul data-start=\"4813\" data-end=\"5053\">\n<li data-section-id=\"5atyr3\" data-start=\"4813\" data-end=\"4875\"><span style=\"color: #808000;\">\ud83d\udd0b <strong data-start=\"4818\" data-end=\"4844\">Puissance et autonomie<\/strong> : 545 Wh pour jusqu\u2019\u00e0 150 km<\/span><\/li>\n<li data-section-id=\"thkvrx\" data-start=\"4876\" data-end=\"4940\"><span style=\"color: #808000;\">\u26a1 <strong data-start=\"4880\" data-end=\"4907\">Technologie et s\u00e9curit\u00e9<\/strong> : Lithium-ion avec BMS int\u00e9gr\u00e9<\/span><\/li>\n<li data-section-id=\"e7xz1b\" data-start=\"4941\" data-end=\"4986\"><span style=\"color: #808000;\">\ud83d\udd27 <strong data-start=\"4946\" data-end=\"4963\">Compatibilit\u00e9<\/strong> : Bosch Smart System<\/span><\/li>\n<li data-section-id=\"lyxdqp\" data-start=\"4987\" data-end=\"5053\"><span style=\"color: #808000;\">\ud83d\udeb4 <strong data-start=\"4992\" data-end=\"5008\">Avantage cl\u00e9<\/strong> : autonomie extensible avec Range Extender<\/span><\/li>\n<li data-section-id=\"lyxdqp\" data-start=\"4987\" data-end=\"5053\">\n<p data-start=\"3585\" data-end=\"3759\"><strong>Que vous soyez un utilisateur urbain ou un passionn\u00e9 de longues sorties, cette batterie r\u00e9pondra \u00e0 toutes vos attentes en mati\u00e8re de performance batterie v\u00e9lo \u00e9lectrique.<\/strong><\/p>\n<p data-start=\"3761\" data-end=\"3877\"><strong>\ud83d\udc49 Ne laissez plus l\u2019autonomie limiter vos trajets : optez d\u00e8s maintenant pour une batterie performante et durable !<\/strong><\/p>\n<\/li>\n<\/ul>\n","protected":false},"featured_media":27319,"comment_status":"closed","ping_status":"closed","template":"","meta":[],"product_brand":[76],"product_cat":[223,227,212,113,33,114],"product_tag":[478,479,480],"class_list":{"0":"post-27320","1":"product","2":"type-product","3":"status-publish","4":"has-post-thumbnail","6":"product_brand-bosch","7":"product_cat-10-15-ah-36v-batterie-integree","8":"product_cat-360-540-wh-10-15-ah-36v-batterie-integree","9":"product_cat-36v-batterie-integree","10":"product_cat-batterie-integree","11":"product_cat-batteries-de-velos","12":"product_cat-cadre-integre","13":"product_tag-batterie-velo-electrique","14":"product_tag-batterie-velo-fiable","15":"product_tag-batterie-velo-resistante","17":"first","18":"instock","19":"sale","20":"shipping-taxable","21":"purchasable","22":"product-type-simple"},"yoast_head":"<!-- This site is optimized with the Yoast SEO plugin v27.5 - https:\/\/yoast.com\/product\/yoast-seo-wordpress\/ -->\n<title>Pack: Bosch PowerPack 545 Smart | Frame | + Range Extender &amp; C\u00e2ble 300mm - ateliervae.fr<\/title>\n<meta name=\"description\" content=\"Batterie pour v\u00e9lo \u00e9lectrique Bosch PowerPack 545 \u00e0 899 \u20ac : autonomie \u00e9tendue, recharge rapide et compatibilit\u00e9 Smart System.\" \/>\n<meta name=\"robots\" content=\"index, follow, max-snippet:-1, max-image-preview:large, max-video-preview:-1\" \/>\n<link rel=\"canonical\" href=\"https:\/\/ateliervae.fr\/?product=pack-bosch-powerpack-545-smart-frame-range-extender-cable-300mm\" \/>\n<meta property=\"og:locale\" content=\"fr_FR\" \/>\n<meta property=\"og:type\" content=\"article\" \/>\n<meta property=\"og:title\" content=\"Pack: Bosch PowerPack 545 Smart | Frame | + Range Extender &amp; C\u00e2ble 300mm - ateliervae.fr\" \/>\n<meta property=\"og:description\" content=\"Batterie pour v\u00e9lo \u00e9lectrique Bosch PowerPack 545 \u00e0 899 \u20ac : autonomie \u00e9tendue, recharge rapide et compatibilit\u00e9 Smart System.\" \/>\n<meta property=\"og:url\" content=\"https:\/\/ateliervae.fr\/?product=pack-bosch-powerpack-545-smart-frame-range-extender-cable-300mm\" \/>\n<meta property=\"og:site_name\" content=\"ateliervae.fr\" \/>\n<meta property=\"article:modified_time\" content=\"2026-04-20T20:20:35+00:00\" \/>\n<meta property=\"og:image\" content=\"https:\/\/ateliervae.fr\/wp-content\/uploads\/2026\/04\/545_frame_en_powermore_smart_logo.jpg\" \/>\n\t<meta property=\"og:image:width\" content=\"360\" \/>\n\t<meta property=\"og:image:height\" content=\"360\" \/>\n\t<meta property=\"og:image:type\" content=\"image\/jpeg\" \/>\n<meta name=\"twitter:card\" content=\"summary_large_image\" \/>\n<meta name=\"twitter:label1\" content=\"Dur\u00e9e de lecture estim\u00e9e\" \/>\n\t<meta name=\"twitter:data1\" content=\"3 minutes\" \/>\n<script type=\"application\/ld+json\" class=\"yoast-schema-graph\">{\"@context\":\"https:\\\/\\\/schema.org\",\"@graph\":[{\"@type\":\"WebPage\",\"@id\":\"https:\\\/\\\/ateliervae.fr\\\/?product=pack-bosch-powerpack-545-smart-frame-range-extender-cable-300mm\",\"url\":\"https:\\\/\\\/ateliervae.fr\\\/?product=pack-bosch-powerpack-545-smart-frame-range-extender-cable-300mm\",\"name\":\"Pack: Bosch PowerPack 545 Smart | Frame | + Range Extender & C\u00e2ble 300mm - ateliervae.fr\",\"isPartOf\":{\"@id\":\"https:\\\/\\\/ateliervae.fr\\\/#website\"},\"primaryImageOfPage\":{\"@id\":\"https:\\\/\\\/ateliervae.fr\\\/?product=pack-bosch-powerpack-545-smart-frame-range-extender-cable-300mm#primaryimage\"},\"image\":{\"@id\":\"https:\\\/\\\/ateliervae.fr\\\/?product=pack-bosch-powerpack-545-smart-frame-range-extender-cable-300mm#primaryimage\"},\"thumbnailUrl\":\"https:\\\/\\\/ateliervae.fr\\\/wp-content\\\/uploads\\\/2026\\\/04\\\/545_frame_en_powermore_smart_logo.jpg\",\"datePublished\":\"2026-04-13T10:32:04+00:00\",\"dateModified\":\"2026-04-20T20:20:35+00:00\",\"description\":\"Batterie pour v\u00e9lo \u00e9lectrique Bosch PowerPack 545 \u00e0 899 \u20ac : autonomie \u00e9tendue, recharge rapide et compatibilit\u00e9 Smart System.\",\"breadcrumb\":{\"@id\":\"https:\\\/\\\/ateliervae.fr\\\/?product=pack-bosch-powerpack-545-smart-frame-range-extender-cable-300mm#breadcrumb\"},\"inLanguage\":\"fr-FR\",\"potentialAction\":[{\"@type\":\"ReadAction\",\"target\":[\"https:\\\/\\\/ateliervae.fr\\\/?product=pack-bosch-powerpack-545-smart-frame-range-extender-cable-300mm\"]}]},{\"@type\":\"ImageObject\",\"inLanguage\":\"fr-FR\",\"@id\":\"https:\\\/\\\/ateliervae.fr\\\/?product=pack-bosch-powerpack-545-smart-frame-range-extender-cable-300mm#primaryimage\",\"url\":\"https:\\\/\\\/ateliervae.fr\\\/wp-content\\\/uploads\\\/2026\\\/04\\\/545_frame_en_powermore_smart_logo.jpg\",\"contentUrl\":\"https:\\\/\\\/ateliervae.fr\\\/wp-content\\\/uploads\\\/2026\\\/04\\\/545_frame_en_powermore_smart_logo.jpg\",\"width\":360,\"height\":360,\"caption\":\"batterie pour v\u00e9lo\"},{\"@type\":\"BreadcrumbList\",\"@id\":\"https:\\\/\\\/ateliervae.fr\\\/?product=pack-bosch-powerpack-545-smart-frame-range-extender-cable-300mm#breadcrumb\",\"itemListElement\":[{\"@type\":\"ListItem\",\"position\":1,\"name\":\"Home\",\"item\":\"https:\\\/\\\/ateliervae.fr\\\/\"},{\"@type\":\"ListItem\",\"position\":2,\"name\":\"Produits\",\"item\":\"https:\\\/\\\/ateliervae.fr\\\/shop\\\/\"},{\"@type\":\"ListItem\",\"position\":3,\"name\":\"Pack: Bosch PowerPack 545 Smart | Frame | + Range Extender &#038; C\u00e2ble 300mm\"}]},{\"@type\":\"WebSite\",\"@id\":\"https:\\\/\\\/ateliervae.fr\\\/#website\",\"url\":\"https:\\\/\\\/ateliervae.fr\\\/\",\"name\":\"ateliervae.fr\",\"description\":\"L\u2019\u00e9nergie au c\u0153ur de vos trajets\",\"publisher\":{\"@id\":\"https:\\\/\\\/ateliervae.fr\\\/#organization\"},\"potentialAction\":[{\"@type\":\"SearchAction\",\"target\":{\"@type\":\"EntryPoint\",\"urlTemplate\":\"https:\\\/\\\/ateliervae.fr\\\/?s={search_term_string}\"},\"query-input\":{\"@type\":\"PropertyValueSpecification\",\"valueRequired\":true,\"valueName\":\"search_term_string\"}}],\"inLanguage\":\"fr-FR\"},{\"@type\":\"Organization\",\"@id\":\"https:\\\/\\\/ateliervae.fr\\\/#organization\",\"name\":\"ateliervae.fr\",\"url\":\"https:\\\/\\\/ateliervae.fr\\\/\",\"logo\":{\"@type\":\"ImageObject\",\"inLanguage\":\"fr-FR\",\"@id\":\"https:\\\/\\\/ateliervae.fr\\\/#\\\/schema\\\/logo\\\/image\\\/\",\"url\":\"https:\\\/\\\/ateliervae.fr\\\/wp-content\\\/uploads\\\/2026\\\/04\\\/ChatGPT-Image-6-avr.-2026-11_58_22.png\",\"contentUrl\":\"https:\\\/\\\/ateliervae.fr\\\/wp-content\\\/uploads\\\/2026\\\/04\\\/ChatGPT-Image-6-avr.-2026-11_58_22.png\",\"width\":1536,\"height\":1024,\"caption\":\"ateliervae.fr\"},\"image\":{\"@id\":\"https:\\\/\\\/ateliervae.fr\\\/#\\\/schema\\\/logo\\\/image\\\/\"}}]}<\/script>\n<!-- \/ Yoast SEO plugin. -->","yoast_head_json":{"title":"Pack: Bosch PowerPack 545 Smart | Frame | + Range Extender & C\u00e2ble 300mm - ateliervae.fr","description":"Batterie pour v\u00e9lo \u00e9lectrique Bosch PowerPack 545 \u00e0 899 \u20ac : autonomie \u00e9tendue, recharge rapide et compatibilit\u00e9 Smart System.","robots":{"index":"index","follow":"follow","max-snippet":"max-snippet:-1","max-image-preview":"max-image-preview:large","max-video-preview":"max-video-preview:-1"},"canonical":"https:\/\/ateliervae.fr\/?product=pack-bosch-powerpack-545-smart-frame-range-extender-cable-300mm","og_locale":"fr_FR","og_type":"article","og_title":"Pack: Bosch PowerPack 545 Smart | Frame | + Range Extender & C\u00e2ble 300mm - ateliervae.fr","og_description":"Batterie pour v\u00e9lo \u00e9lectrique Bosch PowerPack 545 \u00e0 899 \u20ac : autonomie \u00e9tendue, recharge rapide et compatibilit\u00e9 Smart System.","og_url":"https:\/\/ateliervae.fr\/?product=pack-bosch-powerpack-545-smart-frame-range-extender-cable-300mm","og_site_name":"ateliervae.fr","article_modified_time":"2026-04-20T20:20:35+00:00","og_image":[{"width":360,"height":360,"url":"https:\/\/ateliervae.fr\/wp-content\/uploads\/2026\/04\/545_frame_en_powermore_smart_logo.jpg","type":"image\/jpeg"}],"twitter_card":"summary_large_image","twitter_misc":{"Dur\u00e9e de lecture estim\u00e9e":"3 minutes"},"schema":{"@context":"https:\/\/schema.org","@graph":[{"@type":"WebPage","@id":"https:\/\/ateliervae.fr\/?product=pack-bosch-powerpack-545-smart-frame-range-extender-cable-300mm","url":"https:\/\/ateliervae.fr\/?product=pack-bosch-powerpack-545-smart-frame-range-extender-cable-300mm","name":"Pack: Bosch PowerPack 545 Smart | Frame | + Range Extender & C\u00e2ble 300mm - ateliervae.fr","isPartOf":{"@id":"https:\/\/ateliervae.fr\/#website"},"primaryImageOfPage":{"@id":"https:\/\/ateliervae.fr\/?product=pack-bosch-powerpack-545-smart-frame-range-extender-cable-300mm#primaryimage"},"image":{"@id":"https:\/\/ateliervae.fr\/?product=pack-bosch-powerpack-545-smart-frame-range-extender-cable-300mm#primaryimage"},"thumbnailUrl":"https:\/\/ateliervae.fr\/wp-content\/uploads\/2026\/04\/545_frame_en_powermore_smart_logo.jpg","datePublished":"2026-04-13T10:32:04+00:00","dateModified":"2026-04-20T20:20:35+00:00","description":"Batterie pour v\u00e9lo \u00e9lectrique Bosch PowerPack 545 \u00e0 899 \u20ac : autonomie \u00e9tendue, recharge rapide et compatibilit\u00e9 Smart System.","breadcrumb":{"@id":"https:\/\/ateliervae.fr\/?product=pack-bosch-powerpack-545-smart-frame-range-extender-cable-300mm#breadcrumb"},"inLanguage":"fr-FR","potentialAction":[{"@type":"ReadAction","target":["https:\/\/ateliervae.fr\/?product=pack-bosch-powerpack-545-smart-frame-range-extender-cable-300mm"]}]},{"@type":"ImageObject","inLanguage":"fr-FR","@id":"https:\/\/ateliervae.fr\/?product=pack-bosch-powerpack-545-smart-frame-range-extender-cable-300mm#primaryimage","url":"https:\/\/ateliervae.fr\/wp-content\/uploads\/2026\/04\/545_frame_en_powermore_smart_logo.jpg","contentUrl":"https:\/\/ateliervae.fr\/wp-content\/uploads\/2026\/04\/545_frame_en_powermore_smart_logo.jpg","width":360,"height":360,"caption":"batterie pour v\u00e9lo"},{"@type":"BreadcrumbList","@id":"https:\/\/ateliervae.fr\/?product=pack-bosch-powerpack-545-smart-frame-range-extender-cable-300mm#breadcrumb","itemListElement":[{"@type":"ListItem","position":1,"name":"Home","item":"https:\/\/ateliervae.fr\/"},{"@type":"ListItem","position":2,"name":"Produits","item":"https:\/\/ateliervae.fr\/shop\/"},{"@type":"ListItem","position":3,"name":"Pack: Bosch PowerPack 545 Smart | Frame | + Range Extender &#038; C\u00e2ble 300mm"}]},{"@type":"WebSite","@id":"https:\/\/ateliervae.fr\/#website","url":"https:\/\/ateliervae.fr\/","name":"ateliervae.fr","description":"L\u2019\u00e9nergie au c\u0153ur de vos trajets","publisher":{"@id":"https:\/\/ateliervae.fr\/#organization"},"potentialAction":[{"@type":"SearchAction","target":{"@type":"EntryPoint","urlTemplate":"https:\/\/ateliervae.fr\/?s={search_term_string}"},"query-input":{"@type":"PropertyValueSpecification","valueRequired":true,"valueName":"search_term_string"}}],"inLanguage":"fr-FR"},{"@type":"Organization","@id":"https:\/\/ateliervae.fr\/#organization","name":"ateliervae.fr","url":"https:\/\/ateliervae.fr\/","logo":{"@type":"ImageObject","inLanguage":"fr-FR","@id":"https:\/\/ateliervae.fr\/#\/schema\/logo\/image\/","url":"https:\/\/ateliervae.fr\/wp-content\/uploads\/2026\/04\/ChatGPT-Image-6-avr.-2026-11_58_22.png","contentUrl":"https:\/\/ateliervae.fr\/wp-content\/uploads\/2026\/04\/ChatGPT-Image-6-avr.-2026-11_58_22.png","width":1536,"height":1024,"caption":"ateliervae.fr"},"image":{"@id":"https:\/\/ateliervae.fr\/#\/schema\/logo\/image\/"}}]}},"_links":{"self":[{"href":"https:\/\/ateliervae.fr\/index.php?rest_route=\/wp\/v2\/product\/27320","targetHints":{"allow":["GET"]}}],"collection":[{"href":"https:\/\/ateliervae.fr\/index.php?rest_route=\/wp\/v2\/product"}],"about":[{"href":"https:\/\/ateliervae.fr\/index.php?rest_route=\/wp\/v2\/types\/product"}],"replies":[{"embeddable":true,"href":"https:\/\/ateliervae.fr\/index.php?rest_route=%2Fwp%2Fv2%2Fcomments&post=27320"}],"version-history":[{"count":3,"href":"https:\/\/ateliervae.fr\/index.php?rest_route=\/wp\/v2\/product\/27320\/revisions"}],"predecessor-version":[{"id":27359,"href":"https:\/\/ateliervae.fr\/index.php?rest_route=\/wp\/v2\/product\/27320\/revisions\/27359"}],"wp:featuredmedia":[{"embeddable":true,"href":"https:\/\/ateliervae.fr\/index.php?rest_route=\/wp\/v2\/media\/27319"}],"wp:attachment":[{"href":"https:\/\/ateliervae.fr\/index.php?rest_route=%2Fwp%2Fv2%2Fmedia&parent=27320"}],"wp:term":[{"taxonomy":"product_brand","embeddable":true,"href":"https:\/\/ateliervae.fr\/index.php?rest_route=%2Fwp%2Fv2%2Fproduct_brand&post=27320"},{"taxonomy":"product_cat","embeddable":true,"href":"https:\/\/ateliervae.fr\/index.php?rest_route=%2Fwp%2Fv2%2Fproduct_cat&post=27320"},{"taxonomy":"product_tag","embeddable":true,"href":"https:\/\/ateliervae.fr\/index.php?rest_route=%2Fwp%2Fv2%2Fproduct_tag&post=27320"}],"curies":[{"name":"wp","href":"https:\/\/api.w.org\/{rel}","templated":true}]}}