{"id":27289,"date":"2026-04-13T10:28:07","date_gmt":"2026-04-13T10:28:07","guid":{"rendered":"https:\/\/ateliervae.fr\/product\/bosch-classic-612wh-cadre-par-e-bike-vision\/"},"modified":"2026-04-14T16:43:59","modified_gmt":"2026-04-14T16:43:59","slug":"bosch-classic-612wh-cadre-par-e-bike-vision","status":"publish","type":"product","link":"https:\/\/ateliervae.fr\/?product=bosch-classic-612wh-cadre-par-e-bike-vision","title":{"rendered":"Batterie pour velos Bosch Classic 612Wh | Cadre | Par E-bike Vision"},"content":{"rendered":"<h1 data-section-id=\"wh574i\" data-start=\"268\" data-end=\"305\">Description d\u00e9taill\u00e9e du produit<\/h1>\n<p data-start=\"307\" data-end=\"561\">La <strong data-start=\"310\" data-end=\"372\">batterie Bosch Classic 612Wh pour cadre de v\u00e9lo \u00e9lectrique<\/strong>, d\u00e9velopp\u00e9e par <strong data-start=\"389\" data-end=\"406\">E-bike Vision<\/strong>, est une solution de remplacement haute performance destin\u00e9e aux utilisateurs recherchant plus d\u2019autonomie, de fiabilit\u00e9 et de puissance pour leur e-bike.<\/p>\n<p data-start=\"563\" data-end=\"822\">Il s\u2019agit d\u2019une <strong data-start=\"579\" data-end=\"630\">batterie lithium-ion 36V de nouvelle g\u00e9n\u00e9ration<\/strong>, sp\u00e9cialement con\u00e7ue pour remplacer les batteries Bosch Classic Line. Gr\u00e2ce \u00e0 sa capacit\u00e9 \u00e9lev\u00e9e de <strong data-start=\"731\" data-end=\"740\">612Wh<\/strong>, elle offre une autonomie nettement sup\u00e9rieure aux batteries standards du march\u00e9.<\/p>\n<p data-start=\"824\" data-end=\"881\">Cette <strong data-start=\"830\" data-end=\"863\">batterie pour v\u00e9lo \u00e9lectrique<\/strong> est id\u00e9ale pour :<\/p>\n<ul data-start=\"882\" data-end=\"1019\">\n<li data-section-id=\"1ef0f77\" data-start=\"882\" data-end=\"913\">les v\u00e9los urbains \u00e9lectriques<\/li>\n<li data-section-id=\"1x4w9ag\" data-start=\"914\" data-end=\"943\">les VTT \u00e9lectriques (e-MTB)<\/li>\n<li data-section-id=\"mmxocf\" data-start=\"944\" data-end=\"984\">les v\u00e9los de randonn\u00e9e longue distance<\/li>\n<li data-section-id=\"hecuhe\" data-start=\"985\" data-end=\"1019\">les v\u00e9los de trekking et touring<\/li>\n<\/ul>\n<p data-start=\"1021\" data-end=\"1198\">Elle garantit une excellente stabilit\u00e9 \u00e9nerg\u00e9tique, une s\u00e9curit\u00e9 renforc\u00e9e gr\u00e2ce \u00e0 un <strong data-start=\"1107\" data-end=\"1134\">syst\u00e8me BMS intelligent<\/strong>, et une compatibilit\u00e9 optimis\u00e9e avec les moteurs Bosch Classic.<\/p>\n<p data-start=\"1200\" data-end=\"1225\">\ud83d\udca1 Avantages principaux :<\/p>\n<ul data-start=\"1226\" data-end=\"1466\">\n<li data-section-id=\"q4lpvy\" data-start=\"1226\" data-end=\"1298\">Grande autonomie batterie v\u00e9lo \u00e9lectrique (jusqu\u2019\u00e0 120 km selon usage)<\/li>\n<li data-section-id=\"bb1nfk\" data-start=\"1299\" data-end=\"1342\">Batterie lithium e-bike haute performance<\/li>\n<li data-section-id=\"1hatgns\" data-start=\"1343\" data-end=\"1395\">Excellente dur\u00e9e de vie et cycles de charge \u00e9lev\u00e9s<\/li>\n<li data-section-id=\"fxpcp5\" data-start=\"1396\" data-end=\"1429\">Remplacement simple et s\u00e9curis\u00e9<\/li>\n<li data-section-id=\"17thsyu\" data-start=\"1430\" data-end=\"1466\">Puissance constante m\u00eame en mont\u00e9e<\/li>\n<\/ul>\n<p data-start=\"1468\" data-end=\"1606\">\ud83d\udc49 Cette batterie est con\u00e7ue pour les cyclistes exigeants souhaitant am\u00e9liorer les performances de leur v\u00e9lo sans changer tout le syst\u00e8me.<\/p>\n<h2 data-section-id=\"vtkyt6\" data-start=\"1613\" data-end=\"1633\"><\/h2>\n<h1 data-section-id=\"1iesru\" data-start=\"1834\" data-end=\"1876\">2. Caract\u00e9ristiques techniques compl\u00e8tes<\/h1>\n<div class=\"TyagGW_tableContainer\">\n<div class=\"group TyagGW_tableWrapper flex flex-col-reverse w-fit\" tabindex=\"-1\">\n<table class=\"w-fit min-w-(--thread-content-width)\" data-start=\"1878\" data-end=\"2521\">\n<thead data-start=\"1878\" data-end=\"1906\">\n<tr data-start=\"1878\" data-end=\"1906\">\n<th class=\"\" data-start=\"1878\" data-end=\"1896\" data-col-size=\"sm\">Caract\u00e9ristique<\/th>\n<th class=\"\" data-start=\"1896\" data-end=\"1906\" data-col-size=\"md\">D\u00e9tail<\/th>\n<\/tr>\n<\/thead>\n<tbody data-start=\"1935\" data-end=\"2521\">\n<tr data-start=\"1935\" data-end=\"1987\">\n<td data-start=\"1935\" data-end=\"1954\" data-col-size=\"sm\">Type de batterie<\/td>\n<td data-start=\"1954\" data-end=\"1987\" data-col-size=\"md\">Batterie pour v\u00e9lo \u00e9lectrique<\/td>\n<\/tr>\n<tr data-start=\"1988\" data-end=\"2017\">\n<td data-start=\"1988\" data-end=\"2002\" data-col-size=\"sm\">Technologie<\/td>\n<td data-start=\"2002\" data-end=\"2017\" data-col-size=\"md\">Lithium-ion<\/td>\n<\/tr>\n<tr data-start=\"2018\" data-end=\"2035\">\n<td data-start=\"2018\" data-end=\"2028\" data-col-size=\"sm\">Voltage<\/td>\n<td data-start=\"2028\" data-end=\"2035\" data-col-size=\"md\">36V<\/td>\n<\/tr>\n<tr data-start=\"2036\" data-end=\"2063\">\n<td data-start=\"2036\" data-end=\"2047\" data-col-size=\"sm\">Capacit\u00e9<\/td>\n<td data-start=\"2047\" data-end=\"2063\" data-col-size=\"md\">17Ah \/ 612Wh<\/td>\n<\/tr>\n<tr data-start=\"2064\" data-end=\"2099\">\n<td data-start=\"2064\" data-end=\"2084\" data-col-size=\"sm\">Autonomie estim\u00e9e<\/td>\n<td data-start=\"2084\" data-end=\"2099\" data-col-size=\"md\">80 \u00e0 120 km<\/td>\n<\/tr>\n<tr data-start=\"2100\" data-end=\"2134\">\n<td data-start=\"2100\" data-end=\"2118\" data-col-size=\"sm\">Temps de charge<\/td>\n<td data-start=\"2118\" data-end=\"2134\" data-col-size=\"md\">4 \u00e0 6 heures<\/td>\n<\/tr>\n<tr data-start=\"2135\" data-end=\"2171\">\n<td data-start=\"2135\" data-end=\"2150\" data-col-size=\"sm\">Dur\u00e9e de vie<\/td>\n<td data-start=\"2150\" data-end=\"2171\" data-col-size=\"md\">800 \u00e0 1000 cycles<\/td>\n<\/tr>\n<tr data-start=\"2172\" data-end=\"2210\">\n<td data-start=\"2172\" data-end=\"2188\" data-col-size=\"sm\">Compatibilit\u00e9<\/td>\n<td data-start=\"2188\" data-end=\"2210\" data-col-size=\"md\">Bosch Classic Line<\/td>\n<\/tr>\n<tr data-start=\"2211\" data-end=\"2256\">\n<td data-start=\"2211\" data-end=\"2233\" data-col-size=\"sm\">Syst\u00e8me de fixation<\/td>\n<td data-start=\"2233\" data-end=\"2256\" data-col-size=\"md\">Cadre (mount frame)<\/td>\n<\/tr>\n<tr data-start=\"2257\" data-end=\"2283\">\n<td data-start=\"2257\" data-end=\"2265\" data-col-size=\"sm\">Poids<\/td>\n<td data-start=\"2265\" data-end=\"2283\" data-col-size=\"md\">Environ 3,5 kg<\/td>\n<\/tr>\n<tr data-start=\"2284\" data-end=\"2324\">\n<td data-start=\"2284\" data-end=\"2298\" data-col-size=\"sm\">Emplacement<\/td>\n<td data-start=\"2298\" data-end=\"2324\" data-col-size=\"md\">Tube diagonal du cadre<\/td>\n<\/tr>\n<tr data-start=\"2325\" data-end=\"2353\">\n<td data-start=\"2325\" data-end=\"2332\" data-col-size=\"sm\">Type<\/td>\n<td data-start=\"2332\" data-end=\"2353\" data-col-size=\"md\">Batterie amovible<\/td>\n<\/tr>\n<tr data-start=\"2354\" data-end=\"2416\">\n<td data-start=\"2354\" data-end=\"2365\" data-col-size=\"sm\">S\u00e9curit\u00e9<\/td>\n<td data-start=\"2365\" data-end=\"2416\" data-col-size=\"md\">BMS int\u00e9gr\u00e9 (protection surcharge, temp\u00e9rature)<\/td>\n<\/tr>\n<tr data-start=\"2417\" data-end=\"2462\">\n<td data-start=\"2417\" data-end=\"2445\" data-col-size=\"sm\">Temp\u00e9rature d\u2019utilisation<\/td>\n<td data-start=\"2445\" data-end=\"2462\" data-col-size=\"md\">-10\u00b0C \u00e0 +50\u00b0C<\/td>\n<\/tr>\n<tr data-start=\"2463\" data-end=\"2521\">\n<td data-start=\"2463\" data-end=\"2479\" data-col-size=\"sm\">Ann\u00e9e \/ gamme<\/td>\n<td data-start=\"2479\" data-end=\"2521\" data-col-size=\"md\">E-bike Vision compatible Bosch Classic<\/td>\n<\/tr>\n<\/tbody>\n<\/table>\n<\/div>\n<\/div>\n<p data-start=\"2528\" data-end=\"2560\">\n<h1 data-section-id=\"uaewss\" data-start=\"2684\" data-end=\"2732\">3. Tableau comparatif \u2013 batteries concurrentes<\/h1>\n<div class=\"TyagGW_tableContainer\">\n<div class=\"group TyagGW_tableWrapper flex flex-col-reverse w-fit\" tabindex=\"-1\">\n<table class=\"w-fit min-w-(--thread-content-width)\" data-start=\"2734\" data-end=\"3283\">\n<thead data-start=\"2734\" data-end=\"2844\">\n<tr data-start=\"2734\" data-end=\"2844\">\n<th class=\"\" data-start=\"2734\" data-end=\"2743\" data-col-size=\"sm\">Mod\u00e8le<\/th>\n<th class=\"\" data-start=\"2743\" data-end=\"2762\" data-col-size=\"sm\">Type de batterie<\/th>\n<th class=\"\" data-start=\"2762\" data-end=\"2783\" data-col-size=\"sm\">Voltage \/ capacit\u00e9<\/th>\n<th class=\"\" data-start=\"2783\" data-end=\"2795\" data-col-size=\"sm\">Autonomie<\/th>\n<th class=\"\" data-start=\"2795\" data-end=\"2811\" data-col-size=\"sm\">Compatibilit\u00e9<\/th>\n<th class=\"\" data-start=\"2811\" data-end=\"2819\" data-col-size=\"sm\">Poids<\/th>\n<th class=\"\" data-start=\"2819\" data-end=\"2844\" data-col-size=\"sm\">Prix TTC constructeur<\/th>\n<\/tr>\n<\/thead>\n<tbody data-start=\"2958\" data-end=\"3283\">\n<tr data-start=\"2958\" data-end=\"3067\">\n<td data-start=\"2958\" data-end=\"2994\" data-col-size=\"sm\">E-bike Vision Bosch Classic 612Wh<\/td>\n<td data-start=\"2994\" data-end=\"3008\" data-col-size=\"sm\">Lithium-ion<\/td>\n<td data-start=\"3008\" data-end=\"3021\" data-col-size=\"sm\">36V \/ 17Ah<\/td>\n<td data-start=\"3021\" data-end=\"3033\" data-col-size=\"sm\">80\u2013120 km<\/td>\n<td data-start=\"3033\" data-end=\"3049\" data-col-size=\"sm\">Bosch Classic<\/td>\n<td data-start=\"3049\" data-end=\"3058\" data-col-size=\"sm\">3,5 kg<\/td>\n<td data-start=\"3058\" data-end=\"3067\" data-col-size=\"sm\">~599\u20ac<\/td>\n<\/tr>\n<tr data-start=\"3068\" data-end=\"3182\">\n<td data-start=\"3068\" data-end=\"3096\" data-col-size=\"sm\"><a href=\"https:\/\/ateliervae.fr\/shop\/batteries-de-velos\/batterie-integree\/36v-batterie-integree\/10-15-ah-36v-batterie-integree\/360-540-wh-10-15-ah-36v-batterie-integree\/pack-bosch-powerpack-545-smart-frame-range-extender-cable-300mm\/\">Bosch PowerPack 500 Fram<\/a>e<\/td>\n<td data-start=\"3096\" data-end=\"3110\" data-col-size=\"sm\">Lithium-ion<\/td>\n<td data-start=\"3110\" data-end=\"3125\" data-col-size=\"sm\">36V \/ 13.4Ah<\/td>\n<td data-start=\"3125\" data-end=\"3137\" data-col-size=\"sm\">60\u2013100 km<\/td>\n<td data-start=\"3137\" data-end=\"3164\" data-col-size=\"sm\">Bosch Active\/Performance<\/td>\n<td data-start=\"3164\" data-end=\"3173\" data-col-size=\"sm\">2,7 kg<\/td>\n<td data-start=\"3173\" data-end=\"3182\" data-col-size=\"sm\">~549\u20ac<\/td>\n<\/tr>\n<tr data-start=\"3183\" data-end=\"3283\">\n<td data-start=\"3183\" data-end=\"3205\" data-col-size=\"sm\">Yamaha 500Wh InTube<\/td>\n<td data-start=\"3205\" data-end=\"3219\" data-col-size=\"sm\">Lithium-ion<\/td>\n<td data-start=\"3219\" data-end=\"3234\" data-col-size=\"sm\">36V \/ 13.8Ah<\/td>\n<td data-start=\"3234\" data-end=\"3246\" data-col-size=\"sm\">70\u2013110 km<\/td>\n<td data-start=\"3246\" data-end=\"3265\" data-col-size=\"sm\">Yamaha PW system<\/td>\n<td data-start=\"3265\" data-end=\"3274\" data-col-size=\"sm\">3,1 kg<\/td>\n<td data-start=\"3274\" data-end=\"3283\" data-col-size=\"sm\">~579\u20ac<\/td>\n<\/tr>\n<\/tbody>\n<\/table>\n<\/div>\n<\/div>\n<h2 data-section-id=\"1ixr685\" data-start=\"3290\" data-end=\"3315\"><\/h2>\n<p>&nbsp;<\/p>\n<h1 data-section-id=\"mdv7km\" data-start=\"4208\" data-end=\"4242\">5. Conclusion + appel \u00e0 l\u2019action<\/h1>\n<p data-start=\"4244\" data-end=\"4501\">La <strong data-start=\"4247\" data-end=\"4293\">Batterie Bosch Classic 612Wh E-bike Vision<\/strong> est une solution id\u00e9ale pour tous les cyclistes souhaitant am\u00e9liorer leur exp\u00e9rience de conduite. Elle offre plus d\u2019autonomie, plus de puissance et une compatibilit\u00e9 parfaite avec les syst\u00e8mes Bosch Classic.<\/p>\n<p data-start=\"4656\" data-end=\"4791\">\n<h1 data-section-id=\"1la1h1m\" data-start=\"4798\" data-end=\"4838\">6. FAQ \u2013 Batterie pour v\u00e9lo \u00e9lectrique<\/h1>\n<h3 data-section-id=\"l23zhq\" data-start=\"4840\" data-end=\"4886\">1. Quelle autonomie offre cette batterie ?<\/h3>\n<p data-start=\"4887\" data-end=\"4962\">Elle offre entre <strong data-start=\"4904\" data-end=\"4920\">80 et 120 km<\/strong> selon le terrain et le mode d\u2019assistance.<\/p>\n<h3 data-section-id=\"ywysmw\" data-start=\"4964\" data-end=\"5012\">2. Est-elle compatible avec mon v\u00e9lo Bosch ?<\/h3>\n<p data-start=\"5013\" data-end=\"5079\">Oui, elle est compatible avec les syst\u00e8mes <strong data-start=\"5056\" data-end=\"5078\">Bosch Classic Line<\/strong>.<\/p>\n<h3 data-section-id=\"17piy26\" data-start=\"5081\" data-end=\"5130\">3. Combien de temps dure la charge compl\u00e8te ?<\/h3>\n<p data-start=\"5131\" data-end=\"5182\">Environ <strong data-start=\"5139\" data-end=\"5155\">4 \u00e0 6 heures<\/strong> selon le chargeur utilis\u00e9.<\/p>\n<h3 data-section-id=\"1mi7yym\" data-start=\"5184\" data-end=\"5238\">4. Peut-on remplacer une ancienne batterie Bosch ?<\/h3>\n<p data-start=\"5239\" data-end=\"5313\">Oui, elle est con\u00e7ue pour remplacer les anciennes batteries Bosch Classic.<\/p>\n<h3 data-section-id=\"pk4uiq\" data-start=\"5315\" data-end=\"5350\">5. Quelle est sa dur\u00e9e de vie ?<\/h3>\n<p data-start=\"5351\" data-end=\"5404\">Elle atteint environ <strong data-start=\"5372\" data-end=\"5403\">800 \u00e0 1000 cycles de charge<\/strong>.<\/p>\n<h3 data-section-id=\"hmrkx9\" data-start=\"5406\" data-end=\"5449\">6. Est-elle adapt\u00e9e au VTT \u00e9lectrique ?<\/h3>\n<p data-start=\"5450\" data-end=\"5517\">Oui, elle est parfaitement adapt\u00e9e aux VTT \u00e9lectriques et trekking.<\/p>\n<h3 data-section-id=\"hoz7gn\" data-start=\"5519\" data-end=\"5546\">7. Est-elle s\u00e9curis\u00e9e ?<\/h3>\n<p data-start=\"5547\" data-end=\"5627\">Oui, gr\u00e2ce au <strong data-start=\"5561\" data-end=\"5576\">BMS int\u00e9gr\u00e9<\/strong>, elle est prot\u00e9g\u00e9e contre surcharge et surchauffe.<\/p>\n","protected":false},"excerpt":{"rendered":"<ul data-start=\"5659\" data-end=\"5850\">\n<li data-section-id=\"1k1zi9v\" data-start=\"5659\" data-end=\"5704\"><span style=\"color: #808000;\">\u26a1 <strong data-start=\"5663\" data-end=\"5704\">Puissance et autonomie \u00e9lev\u00e9e (612Wh)<\/strong><\/span><\/li>\n<li data-section-id=\"1hi9w28\" data-start=\"5705\" data-end=\"5758\"><span style=\"color: #808000;\">\ud83d\udd0b <strong data-start=\"5710\" data-end=\"5758\">Technologie lithium-ion s\u00e9curis\u00e9e et durable<\/strong><\/span><\/li>\n<li data-section-id=\"8yr831\" data-start=\"5759\" data-end=\"5804\"><span style=\"color: #808000;\">\ud83d\udeb4 <strong data-start=\"5764\" data-end=\"5804\">Compatibilit\u00e9 Bosch Classic garantie<\/strong><\/span><\/li>\n<li data-section-id=\"1ufygm7\" data-start=\"5805\" data-end=\"5850\"><span style=\"color: #808000;\">\ud83d\udcb0 <strong data-start=\"5810\" data-end=\"5850\">Excellent rapport performance \/ prix<\/strong><\/span><\/li>\n<li data-section-id=\"1ufygm7\" data-start=\"5805\" data-end=\"5850\">\n<p data-start=\"4503\" data-end=\"4654\">C\u2019est un choix strat\u00e9gique pour remplacer une ancienne batterie fatigu\u00e9e ou augmenter les performances de votre v\u00e9lo \u00e9lectrique sans changer de moteur.<\/p>\n<p data-start=\"4656\" data-end=\"4791\">\ud83d\udc49 <strong data-start=\"4659\" data-end=\"4791\">Optez pour une batterie fiable, performante et durable pour profiter pleinement de vos trajets quotidiens ou longues randonn\u00e9es.<\/strong><\/p>\n<\/li>\n<\/ul>\n","protected":false},"featured_media":27288,"comment_status":"open","ping_status":"closed","template":"","meta":[],"product_brand":[76],"product_cat":[224,212,228,111,113,33,115],"product_tag":[478,479],"class_list":{"0":"post-27289","1":"product","2":"type-product","3":"status-publish","4":"has-post-thumbnail","6":"product_brand-bosch","7":"product_cat-15-20-ah-36v-batterie-integree","8":"product_cat-36v-batterie-integree","9":"product_cat-540-720-wh-15-20-ah-36v-batterie-integree","10":"product_cat-batterie-amovible","11":"product_cat-batterie-integree","12":"product_cat-batteries-de-velos","13":"product_cat-tube-diagonal-integre","14":"product_tag-batterie-velo-electrique","15":"product_tag-batterie-velo-fiable","17":"first","18":"outofstock","19":"sale","20":"shipping-taxable","21":"purchasable","22":"product-type-simple"},"yoast_head":"<!-- This site is optimized with the Yoast SEO plugin v27.5 - https:\/\/yoast.com\/product\/yoast-seo-wordpress\/ -->\n<title>Batterie pour velos Bosch Classic 612Wh | Cadre | Par E-bike Vision - ateliervae.fr<\/title>\n<meta name=\"description\" content=\"Batterie pour v\u00e9lo \u00e9lectrique Bosch 612Wh E-bike Vision \u00e0 459\u20ac au lieu de 599\u20ac : autonomie \u00e9lev\u00e9e, performance durable et compatibilit\u00e9 optimale pour e-bike.\" \/>\n<meta name=\"robots\" content=\"index, follow, max-snippet:-1, max-image-preview:large, max-video-preview:-1\" \/>\n<link rel=\"canonical\" href=\"https:\/\/ateliervae.fr\/?product=bosch-classic-612wh-cadre-par-e-bike-vision\" \/>\n<meta property=\"og:locale\" content=\"fr_FR\" \/>\n<meta property=\"og:type\" content=\"article\" \/>\n<meta property=\"og:title\" content=\"Batterie pour velos Bosch Classic 612Wh | Cadre | Par E-bike Vision - ateliervae.fr\" \/>\n<meta property=\"og:description\" content=\"Batterie pour v\u00e9lo \u00e9lectrique Bosch 612Wh E-bike Vision \u00e0 459\u20ac au lieu de 599\u20ac : autonomie \u00e9lev\u00e9e, performance durable et compatibilit\u00e9 optimale pour e-bike.\" \/>\n<meta property=\"og:url\" content=\"https:\/\/ateliervae.fr\/?product=bosch-classic-612wh-cadre-par-e-bike-vision\" \/>\n<meta property=\"og:site_name\" content=\"ateliervae.fr\" \/>\n<meta property=\"article:modified_time\" content=\"2026-04-14T16:43:59+00:00\" \/>\n<meta property=\"og:image\" content=\"https:\/\/ateliervae.fr\/wp-content\/uploads\/2026\/04\/ev.015_afb1.jpg\" \/>\n\t<meta property=\"og:image:width\" content=\"360\" \/>\n\t<meta property=\"og:image:height\" content=\"360\" \/>\n\t<meta property=\"og:image:type\" content=\"image\/jpeg\" \/>\n<meta name=\"twitter:card\" content=\"summary_large_image\" \/>\n<meta name=\"twitter:label1\" content=\"Dur\u00e9e de lecture estim\u00e9e\" \/>\n\t<meta name=\"twitter:data1\" content=\"3 minutes\" \/>\n<script type=\"application\/ld+json\" class=\"yoast-schema-graph\">{\"@context\":\"https:\\\/\\\/schema.org\",\"@graph\":[{\"@type\":\"WebPage\",\"@id\":\"https:\\\/\\\/ateliervae.fr\\\/?product=bosch-classic-612wh-cadre-par-e-bike-vision\",\"url\":\"https:\\\/\\\/ateliervae.fr\\\/?product=bosch-classic-612wh-cadre-par-e-bike-vision\",\"name\":\"Batterie pour velos Bosch Classic 612Wh | Cadre | Par E-bike Vision - ateliervae.fr\",\"isPartOf\":{\"@id\":\"https:\\\/\\\/ateliervae.fr\\\/#website\"},\"primaryImageOfPage\":{\"@id\":\"https:\\\/\\\/ateliervae.fr\\\/?product=bosch-classic-612wh-cadre-par-e-bike-vision#primaryimage\"},\"image\":{\"@id\":\"https:\\\/\\\/ateliervae.fr\\\/?product=bosch-classic-612wh-cadre-par-e-bike-vision#primaryimage\"},\"thumbnailUrl\":\"https:\\\/\\\/ateliervae.fr\\\/wp-content\\\/uploads\\\/2026\\\/04\\\/ev.015_afb1.jpg\",\"datePublished\":\"2026-04-13T10:28:07+00:00\",\"dateModified\":\"2026-04-14T16:43:59+00:00\",\"description\":\"Batterie pour v\u00e9lo \u00e9lectrique Bosch 612Wh E-bike Vision \u00e0 459\u20ac au lieu de 599\u20ac : autonomie \u00e9lev\u00e9e, performance durable et compatibilit\u00e9 optimale pour e-bike.\",\"breadcrumb\":{\"@id\":\"https:\\\/\\\/ateliervae.fr\\\/?product=bosch-classic-612wh-cadre-par-e-bike-vision#breadcrumb\"},\"inLanguage\":\"fr-FR\",\"potentialAction\":[{\"@type\":\"ReadAction\",\"target\":[\"https:\\\/\\\/ateliervae.fr\\\/?product=bosch-classic-612wh-cadre-par-e-bike-vision\"]}]},{\"@type\":\"ImageObject\",\"inLanguage\":\"fr-FR\",\"@id\":\"https:\\\/\\\/ateliervae.fr\\\/?product=bosch-classic-612wh-cadre-par-e-bike-vision#primaryimage\",\"url\":\"https:\\\/\\\/ateliervae.fr\\\/wp-content\\\/uploads\\\/2026\\\/04\\\/ev.015_afb1.jpg\",\"contentUrl\":\"https:\\\/\\\/ateliervae.fr\\\/wp-content\\\/uploads\\\/2026\\\/04\\\/ev.015_afb1.jpg\",\"width\":360,\"height\":360,\"caption\":\"batterie bosch pour v\u00e9lo \u00e9lectrique\"},{\"@type\":\"BreadcrumbList\",\"@id\":\"https:\\\/\\\/ateliervae.fr\\\/?product=bosch-classic-612wh-cadre-par-e-bike-vision#breadcrumb\",\"itemListElement\":[{\"@type\":\"ListItem\",\"position\":1,\"name\":\"Home\",\"item\":\"https:\\\/\\\/ateliervae.fr\\\/\"},{\"@type\":\"ListItem\",\"position\":2,\"name\":\"Produits\",\"item\":\"https:\\\/\\\/ateliervae.fr\\\/shop\\\/\"},{\"@type\":\"ListItem\",\"position\":3,\"name\":\"Batterie pour velos Bosch Classic 612Wh | Cadre | Par E-bike Vision\"}]},{\"@type\":\"WebSite\",\"@id\":\"https:\\\/\\\/ateliervae.fr\\\/#website\",\"url\":\"https:\\\/\\\/ateliervae.fr\\\/\",\"name\":\"ateliervae.fr\",\"description\":\"L\u2019\u00e9nergie au c\u0153ur de vos trajets\",\"publisher\":{\"@id\":\"https:\\\/\\\/ateliervae.fr\\\/#organization\"},\"potentialAction\":[{\"@type\":\"SearchAction\",\"target\":{\"@type\":\"EntryPoint\",\"urlTemplate\":\"https:\\\/\\\/ateliervae.fr\\\/?s={search_term_string}\"},\"query-input\":{\"@type\":\"PropertyValueSpecification\",\"valueRequired\":true,\"valueName\":\"search_term_string\"}}],\"inLanguage\":\"fr-FR\"},{\"@type\":\"Organization\",\"@id\":\"https:\\\/\\\/ateliervae.fr\\\/#organization\",\"name\":\"ateliervae.fr\",\"url\":\"https:\\\/\\\/ateliervae.fr\\\/\",\"logo\":{\"@type\":\"ImageObject\",\"inLanguage\":\"fr-FR\",\"@id\":\"https:\\\/\\\/ateliervae.fr\\\/#\\\/schema\\\/logo\\\/image\\\/\",\"url\":\"https:\\\/\\\/ateliervae.fr\\\/wp-content\\\/uploads\\\/2026\\\/04\\\/ChatGPT-Image-6-avr.-2026-11_58_22.png\",\"contentUrl\":\"https:\\\/\\\/ateliervae.fr\\\/wp-content\\\/uploads\\\/2026\\\/04\\\/ChatGPT-Image-6-avr.-2026-11_58_22.png\",\"width\":1536,\"height\":1024,\"caption\":\"ateliervae.fr\"},\"image\":{\"@id\":\"https:\\\/\\\/ateliervae.fr\\\/#\\\/schema\\\/logo\\\/image\\\/\"}}]}<\/script>\n<!-- \/ Yoast SEO plugin. -->","yoast_head_json":{"title":"Batterie pour velos Bosch Classic 612Wh | Cadre | Par E-bike Vision - ateliervae.fr","description":"Batterie pour v\u00e9lo \u00e9lectrique Bosch 612Wh E-bike Vision \u00e0 459\u20ac au lieu de 599\u20ac : autonomie \u00e9lev\u00e9e, performance durable et compatibilit\u00e9 optimale pour e-bike.","robots":{"index":"index","follow":"follow","max-snippet":"max-snippet:-1","max-image-preview":"max-image-preview:large","max-video-preview":"max-video-preview:-1"},"canonical":"https:\/\/ateliervae.fr\/?product=bosch-classic-612wh-cadre-par-e-bike-vision","og_locale":"fr_FR","og_type":"article","og_title":"Batterie pour velos Bosch Classic 612Wh | Cadre | Par E-bike Vision - ateliervae.fr","og_description":"Batterie pour v\u00e9lo \u00e9lectrique Bosch 612Wh E-bike Vision \u00e0 459\u20ac au lieu de 599\u20ac : autonomie \u00e9lev\u00e9e, performance durable et compatibilit\u00e9 optimale pour e-bike.","og_url":"https:\/\/ateliervae.fr\/?product=bosch-classic-612wh-cadre-par-e-bike-vision","og_site_name":"ateliervae.fr","article_modified_time":"2026-04-14T16:43:59+00:00","og_image":[{"width":360,"height":360,"url":"https:\/\/ateliervae.fr\/wp-content\/uploads\/2026\/04\/ev.015_afb1.jpg","type":"image\/jpeg"}],"twitter_card":"summary_large_image","twitter_misc":{"Dur\u00e9e de lecture estim\u00e9e":"3 minutes"},"schema":{"@context":"https:\/\/schema.org","@graph":[{"@type":"WebPage","@id":"https:\/\/ateliervae.fr\/?product=bosch-classic-612wh-cadre-par-e-bike-vision","url":"https:\/\/ateliervae.fr\/?product=bosch-classic-612wh-cadre-par-e-bike-vision","name":"Batterie pour velos Bosch Classic 612Wh | Cadre | Par E-bike Vision - ateliervae.fr","isPartOf":{"@id":"https:\/\/ateliervae.fr\/#website"},"primaryImageOfPage":{"@id":"https:\/\/ateliervae.fr\/?product=bosch-classic-612wh-cadre-par-e-bike-vision#primaryimage"},"image":{"@id":"https:\/\/ateliervae.fr\/?product=bosch-classic-612wh-cadre-par-e-bike-vision#primaryimage"},"thumbnailUrl":"https:\/\/ateliervae.fr\/wp-content\/uploads\/2026\/04\/ev.015_afb1.jpg","datePublished":"2026-04-13T10:28:07+00:00","dateModified":"2026-04-14T16:43:59+00:00","description":"Batterie pour v\u00e9lo \u00e9lectrique Bosch 612Wh E-bike Vision \u00e0 459\u20ac au lieu de 599\u20ac : autonomie \u00e9lev\u00e9e, performance durable et compatibilit\u00e9 optimale pour e-bike.","breadcrumb":{"@id":"https:\/\/ateliervae.fr\/?product=bosch-classic-612wh-cadre-par-e-bike-vision#breadcrumb"},"inLanguage":"fr-FR","potentialAction":[{"@type":"ReadAction","target":["https:\/\/ateliervae.fr\/?product=bosch-classic-612wh-cadre-par-e-bike-vision"]}]},{"@type":"ImageObject","inLanguage":"fr-FR","@id":"https:\/\/ateliervae.fr\/?product=bosch-classic-612wh-cadre-par-e-bike-vision#primaryimage","url":"https:\/\/ateliervae.fr\/wp-content\/uploads\/2026\/04\/ev.015_afb1.jpg","contentUrl":"https:\/\/ateliervae.fr\/wp-content\/uploads\/2026\/04\/ev.015_afb1.jpg","width":360,"height":360,"caption":"batterie bosch pour v\u00e9lo \u00e9lectrique"},{"@type":"BreadcrumbList","@id":"https:\/\/ateliervae.fr\/?product=bosch-classic-612wh-cadre-par-e-bike-vision#breadcrumb","itemListElement":[{"@type":"ListItem","position":1,"name":"Home","item":"https:\/\/ateliervae.fr\/"},{"@type":"ListItem","position":2,"name":"Produits","item":"https:\/\/ateliervae.fr\/shop\/"},{"@type":"ListItem","position":3,"name":"Batterie pour velos Bosch Classic 612Wh | Cadre | Par E-bike Vision"}]},{"@type":"WebSite","@id":"https:\/\/ateliervae.fr\/#website","url":"https:\/\/ateliervae.fr\/","name":"ateliervae.fr","description":"L\u2019\u00e9nergie au c\u0153ur de vos trajets","publisher":{"@id":"https:\/\/ateliervae.fr\/#organization"},"potentialAction":[{"@type":"SearchAction","target":{"@type":"EntryPoint","urlTemplate":"https:\/\/ateliervae.fr\/?s={search_term_string}"},"query-input":{"@type":"PropertyValueSpecification","valueRequired":true,"valueName":"search_term_string"}}],"inLanguage":"fr-FR"},{"@type":"Organization","@id":"https:\/\/ateliervae.fr\/#organization","name":"ateliervae.fr","url":"https:\/\/ateliervae.fr\/","logo":{"@type":"ImageObject","inLanguage":"fr-FR","@id":"https:\/\/ateliervae.fr\/#\/schema\/logo\/image\/","url":"https:\/\/ateliervae.fr\/wp-content\/uploads\/2026\/04\/ChatGPT-Image-6-avr.-2026-11_58_22.png","contentUrl":"https:\/\/ateliervae.fr\/wp-content\/uploads\/2026\/04\/ChatGPT-Image-6-avr.-2026-11_58_22.png","width":1536,"height":1024,"caption":"ateliervae.fr"},"image":{"@id":"https:\/\/ateliervae.fr\/#\/schema\/logo\/image\/"}}]}},"_links":{"self":[{"href":"https:\/\/ateliervae.fr\/index.php?rest_route=\/wp\/v2\/product\/27289","targetHints":{"allow":["GET"]}}],"collection":[{"href":"https:\/\/ateliervae.fr\/index.php?rest_route=\/wp\/v2\/product"}],"about":[{"href":"https:\/\/ateliervae.fr\/index.php?rest_route=\/wp\/v2\/types\/product"}],"replies":[{"embeddable":true,"href":"https:\/\/ateliervae.fr\/index.php?rest_route=%2Fwp%2Fv2%2Fcomments&post=27289"}],"version-history":[{"count":2,"href":"https:\/\/ateliervae.fr\/index.php?rest_route=\/wp\/v2\/product\/27289\/revisions"}],"predecessor-version":[{"id":27386,"href":"https:\/\/ateliervae.fr\/index.php?rest_route=\/wp\/v2\/product\/27289\/revisions\/27386"}],"wp:featuredmedia":[{"embeddable":true,"href":"https:\/\/ateliervae.fr\/index.php?rest_route=\/wp\/v2\/media\/27288"}],"wp:attachment":[{"href":"https:\/\/ateliervae.fr\/index.php?rest_route=%2Fwp%2Fv2%2Fmedia&parent=27289"}],"wp:term":[{"taxonomy":"product_brand","embeddable":true,"href":"https:\/\/ateliervae.fr\/index.php?rest_route=%2Fwp%2Fv2%2Fproduct_brand&post=27289"},{"taxonomy":"product_cat","embeddable":true,"href":"https:\/\/ateliervae.fr\/index.php?rest_route=%2Fwp%2Fv2%2Fproduct_cat&post=27289"},{"taxonomy":"product_tag","embeddable":true,"href":"https:\/\/ateliervae.fr\/index.php?rest_route=%2Fwp%2Fv2%2Fproduct_tag&post=27289"}],"curies":[{"name":"wp","href":"https:\/\/api.w.org\/{rel}","templated":true}]}}