{"id":27227,"date":"2026-04-13T09:39:03","date_gmt":"2026-04-13T09:39:03","guid":{"rendered":"https:\/\/ateliervae.fr\/product\/bosch-powerpack-360-performance-active-cadre-par-e-bike-vision\/"},"modified":"2026-04-16T10:06:04","modified_gmt":"2026-04-16T10:06:04","slug":"bosch-powerpack-360-performance-active-cadre-par-e-bike-vision","status":"publish","type":"product","link":"https:\/\/ateliervae.fr\/?product=bosch-powerpack-360-performance-active-cadre-par-e-bike-vision","title":{"rendered":"Batterie pour velos Bosch PowerPack 360 | Performance\/Active | cadre | par E-Bike Vision"},"content":{"rendered":"<h2 data-section-id=\"w9kl81\" data-start=\"265\" data-end=\"307\"><span role=\"text\"><strong data-start=\"268\" data-end=\"307\">Description d\u00e9taill\u00e9e du produit<\/strong><\/span><\/h2>\n<p data-start=\"309\" data-end=\"582\">La <strong data-start=\"312\" data-end=\"411\">batterie pour v\u00e9lo \u00e9lectrique Bosch PowerPack 360 Performance\/Active cadre sign\u00e9e E-Bike Vision<\/strong> est une solution de remplacement ou de mise \u00e0 niveau id\u00e9ale pour tous les cyclistes \u00e0 la recherche d\u2019une <strong data-start=\"517\" data-end=\"550\">batterie v\u00e9los haute capacit\u00e9<\/strong> fiable, performante et durable.<\/p>\n<p data-start=\"584\" data-end=\"1001\">Con\u00e7ue avec une technologie <strong data-start=\"612\" data-end=\"650\">Lithium-ion de derni\u00e8re g\u00e9n\u00e9ration<\/strong>, elle garantit une excellente densit\u00e9 \u00e9nerg\u00e9tique, une s\u00e9curit\u00e9 optimale et une long\u00e9vit\u00e9 sup\u00e9rieure aux batteries classiques. Compatible avec de nombreux v\u00e9los \u00e9lectriques \u00e9quip\u00e9s de moteurs Bosch Performance et Active Line, elle s\u2019adresse aussi bien aux cyclistes urbains qu\u2019aux utilisateurs de VTT \u00e9lectriques ou de v\u00e9los trekking longue distance.<\/p>\n<p data-start=\"1764\" data-end=\"1895\">\n<h3 data-section-id=\"1r684kd\" data-start=\"1902\" data-end=\"1924\"><\/h3>\n<h2 data-section-id=\"bsirx3\" data-start=\"2123\" data-end=\"2173\"><span role=\"text\"><strong data-start=\"2126\" data-end=\"2173\">2. Tableau technique complet de la batterie<\/strong><\/span><\/h2>\n<div class=\"TyagGW_tableContainer\">\n<div class=\"group TyagGW_tableWrapper flex flex-col-reverse w-fit\" tabindex=\"-1\">\n<table class=\"w-fit min-w-(--thread-content-width)\" data-start=\"2175\" data-end=\"2825\">\n<thead data-start=\"2175\" data-end=\"2203\">\n<tr data-start=\"2175\" data-end=\"2203\">\n<th class=\"\" data-start=\"2175\" data-end=\"2193\" data-col-size=\"sm\">Caract\u00e9ristique<\/th>\n<th class=\"\" data-start=\"2193\" data-end=\"2203\" data-col-size=\"sm\">D\u00e9tail<\/th>\n<\/tr>\n<\/thead>\n<tbody data-start=\"2232\" data-end=\"2825\">\n<tr data-start=\"2232\" data-end=\"2284\">\n<td data-start=\"2232\" data-end=\"2251\" data-col-size=\"sm\">Type de batterie<\/td>\n<td data-start=\"2251\" data-end=\"2284\" data-col-size=\"sm\">Batterie pour v\u00e9lo \u00e9lectrique<\/td>\n<\/tr>\n<tr data-start=\"2285\" data-end=\"2328\">\n<td data-start=\"2285\" data-end=\"2299\" data-col-size=\"sm\">Technologie<\/td>\n<td data-start=\"2299\" data-end=\"2328\" data-col-size=\"sm\">Lithium-ion haute densit\u00e9<\/td>\n<\/tr>\n<tr data-start=\"2329\" data-end=\"2346\">\n<td data-start=\"2329\" data-end=\"2339\" data-col-size=\"sm\">Voltage<\/td>\n<td data-start=\"2339\" data-end=\"2346\" data-col-size=\"sm\">36V<\/td>\n<\/tr>\n<tr data-start=\"2347\" data-end=\"2368\">\n<td data-start=\"2347\" data-end=\"2358\" data-col-size=\"sm\">Capacit\u00e9<\/td>\n<td data-start=\"2358\" data-end=\"2368\" data-col-size=\"sm\">360 Wh<\/td>\n<\/tr>\n<tr data-start=\"2369\" data-end=\"2416\">\n<td data-start=\"2369\" data-end=\"2389\" data-col-size=\"sm\">Autonomie estim\u00e9e<\/td>\n<td data-start=\"2389\" data-end=\"2416\" data-col-size=\"sm\">50 \u00e0 120 km selon usage<\/td>\n<\/tr>\n<tr data-start=\"2417\" data-end=\"2451\">\n<td data-start=\"2417\" data-end=\"2435\" data-col-size=\"sm\">Temps de charge<\/td>\n<td data-start=\"2435\" data-end=\"2451\" data-col-size=\"sm\">4 \u00e0 6 heures<\/td>\n<\/tr>\n<tr data-start=\"2452\" data-end=\"2488\">\n<td data-start=\"2452\" data-end=\"2467\" data-col-size=\"sm\">Dur\u00e9e de vie<\/td>\n<td data-start=\"2467\" data-end=\"2488\" data-col-size=\"sm\">500 \u00e0 1000 cycles<\/td>\n<\/tr>\n<tr data-start=\"2489\" data-end=\"2540\">\n<td data-start=\"2489\" data-end=\"2505\" data-col-size=\"sm\">Compatibilit\u00e9<\/td>\n<td data-start=\"2505\" data-end=\"2540\" data-col-size=\"sm\">Bosch Performance \/ Active Line<\/td>\n<\/tr>\n<tr data-start=\"2541\" data-end=\"2593\">\n<td data-start=\"2541\" data-end=\"2563\" data-col-size=\"sm\">Syst\u00e8me de fixation<\/td>\n<td data-start=\"2563\" data-end=\"2593\" data-col-size=\"sm\">Batterie cadre (down tube)<\/td>\n<\/tr>\n<tr data-start=\"2594\" data-end=\"2613\">\n<td data-start=\"2594\" data-end=\"2602\" data-col-size=\"sm\">Poids<\/td>\n<td data-start=\"2602\" data-end=\"2613\" data-col-size=\"sm\">~2,5 kg<\/td>\n<\/tr>\n<tr data-start=\"2614\" data-end=\"2642\">\n<td data-start=\"2614\" data-end=\"2628\" data-col-size=\"sm\">Emplacement<\/td>\n<td data-start=\"2628\" data-end=\"2642\" data-col-size=\"sm\">Cadre v\u00e9lo<\/td>\n<\/tr>\n<tr data-start=\"2643\" data-end=\"2671\">\n<td data-start=\"2643\" data-end=\"2650\" data-col-size=\"sm\">Type<\/td>\n<td data-start=\"2650\" data-end=\"2671\" data-col-size=\"sm\">Batterie amovible<\/td>\n<\/tr>\n<tr data-start=\"2672\" data-end=\"2726\">\n<td data-start=\"2672\" data-end=\"2683\" data-col-size=\"sm\">S\u00e9curit\u00e9<\/td>\n<td data-start=\"2683\" data-end=\"2726\" data-col-size=\"sm\">BMS int\u00e9gr\u00e9 (Battery Management System)<\/td>\n<\/tr>\n<tr data-start=\"2727\" data-end=\"2772\">\n<td data-start=\"2727\" data-end=\"2755\" data-col-size=\"sm\">Temp\u00e9rature d\u2019utilisation<\/td>\n<td data-start=\"2755\" data-end=\"2772\" data-col-size=\"sm\">-10\u00b0C \u00e0 +50\u00b0C<\/td>\n<\/tr>\n<tr data-start=\"2773\" data-end=\"2825\">\n<td data-start=\"2773\" data-end=\"2781\" data-col-size=\"sm\">Gamme<\/td>\n<td data-start=\"2781\" data-end=\"2825\" data-col-size=\"sm\">E-Bike Vision \u00e9quivalent Bosch PowerPack<\/td>\n<\/tr>\n<\/tbody>\n<\/table>\n<\/div>\n<\/div>\n<h3 data-section-id=\"4puaf5\" data-start=\"2832\" data-end=\"2869\"><\/h3>\n<h2 data-section-id=\"72j8gi\" data-start=\"2978\" data-end=\"3020\"><span role=\"text\"><strong data-start=\"2981\" data-end=\"3020\">3. Tableau comparatif (concurrence)<\/strong><\/span><\/h2>\n<div class=\"TyagGW_tableContainer\">\n<div class=\"group TyagGW_tableWrapper flex flex-col-reverse w-fit\" tabindex=\"-1\">\n<table class=\"w-fit min-w-(--thread-content-width)\" data-start=\"3022\" data-end=\"3571\">\n<thead data-start=\"3022\" data-end=\"3132\">\n<tr data-start=\"3022\" data-end=\"3132\">\n<th class=\"\" data-start=\"3022\" data-end=\"3031\" data-col-size=\"sm\">Mod\u00e8le<\/th>\n<th class=\"\" data-start=\"3031\" data-end=\"3050\" data-col-size=\"sm\">Type de batterie<\/th>\n<th class=\"\" data-start=\"3050\" data-end=\"3071\" data-col-size=\"sm\">Voltage \/ capacit\u00e9<\/th>\n<th class=\"\" data-start=\"3071\" data-end=\"3083\" data-col-size=\"sm\">Autonomie<\/th>\n<th class=\"\" data-start=\"3083\" data-end=\"3099\" data-col-size=\"sm\">Compatibilit\u00e9<\/th>\n<th class=\"\" data-start=\"3099\" data-end=\"3107\" data-col-size=\"sm\">Poids<\/th>\n<th class=\"\" data-start=\"3107\" data-end=\"3132\" data-col-size=\"sm\">Prix TTC constructeur<\/th>\n<\/tr>\n<\/thead>\n<tbody data-start=\"3248\" data-end=\"3571\">\n<tr data-start=\"3248\" data-end=\"3363\">\n<td data-start=\"3248\" data-end=\"3278\" data-col-size=\"sm\">E-Bike Vision PowerPack 360<\/td>\n<td data-start=\"3278\" data-end=\"3292\" data-col-size=\"sm\">Lithium-ion<\/td>\n<td data-start=\"3292\" data-end=\"3306\" data-col-size=\"sm\">36V \/ 360Wh<\/td>\n<td data-start=\"3306\" data-end=\"3318\" data-col-size=\"sm\">50\u2013120 km<\/td>\n<td data-start=\"3318\" data-end=\"3345\" data-col-size=\"sm\">Bosch Performance\/Active<\/td>\n<td data-start=\"3345\" data-end=\"3354\" data-col-size=\"sm\">2,5 kg<\/td>\n<td data-start=\"3354\" data-end=\"3363\" data-col-size=\"sm\">~450\u20ac<\/td>\n<\/tr>\n<tr data-start=\"3364\" data-end=\"3463\">\n<td data-start=\"3364\" data-end=\"3386\" data-col-size=\"sm\"><a href=\"https:\/\/ateliervae.fr\/shop\/batteries-de-velos\/batterie-amovible\/36v\/10-15-ah\/360-540-wh\/batterie-velo-electrique-occasion-bosch-powerpack-400-cadre-36v-11ah\/\">Bosch PowerPack 400<\/a><\/td>\n<td data-start=\"3386\" data-end=\"3400\" data-col-size=\"sm\">Lithium-ion<\/td>\n<td data-start=\"3400\" data-end=\"3414\" data-col-size=\"sm\">36V \/ 400Wh<\/td>\n<td data-start=\"3414\" data-end=\"3426\" data-col-size=\"sm\">60\u2013140 km<\/td>\n<td data-start=\"3426\" data-end=\"3445\" data-col-size=\"sm\">Bosch uniquement<\/td>\n<td data-start=\"3445\" data-end=\"3454\" data-col-size=\"sm\">2,6 kg<\/td>\n<td data-start=\"3454\" data-end=\"3463\" data-col-size=\"sm\">~550\u20ac<\/td>\n<\/tr>\n<tr data-start=\"3464\" data-end=\"3571\">\n<td data-start=\"3464\" data-end=\"3493\" data-col-size=\"sm\">Yamaha Lithium Battery 400<\/td>\n<td data-start=\"3493\" data-end=\"3507\" data-col-size=\"sm\">Lithium-ion<\/td>\n<td data-start=\"3507\" data-end=\"3521\" data-col-size=\"sm\">36V \/ 400Wh<\/td>\n<td data-start=\"3521\" data-end=\"3533\" data-col-size=\"sm\">70\u2013130 km<\/td>\n<td data-start=\"3533\" data-end=\"3553\" data-col-size=\"sm\">Yamaha PW systems<\/td>\n<td data-start=\"3553\" data-end=\"3562\" data-col-size=\"sm\">2,7 kg<\/td>\n<td data-start=\"3562\" data-end=\"3571\" data-col-size=\"sm\">~520\u20ac<\/td>\n<\/tr>\n<\/tbody>\n<\/table>\n<\/div>\n<\/div>\n<h3 data-section-id=\"1n6rrz0\" data-start=\"3578\" data-end=\"3610\"><\/h3>\n<div><\/div>\n<div><\/div>\n<hr data-start=\"3802\" data-end=\"3805\" \/>\n<h2 data-section-id=\"7qbnpe\" data-start=\"3807\" data-end=\"3846\"><span role=\"text\"><strong data-start=\"3810\" data-end=\"3846\">4. Avantages cl\u00e9s de la batterie<\/strong><\/span><\/h2>\n<p data-start=\"3848\" data-end=\"3941\">Cette <strong data-start=\"3854\" data-end=\"3897\">batterie v\u00e9lo \u00e9lectrique haute capacit\u00e9<\/strong> se distingue par plusieurs atouts majeurs :<\/p>\n<ul data-start=\"3943\" data-end=\"4332\">\n<li data-section-id=\"vnbkrl\" data-start=\"3943\" data-end=\"4013\">Excellente <strong data-start=\"3956\" data-end=\"3994\">autonomie batterie v\u00e9lo \u00e9lectrique<\/strong> pour trajets longs<\/li>\n<li data-section-id=\"xzgz8y\" data-start=\"4014\" data-end=\"4075\">Technologie <strong data-start=\"4028\" data-end=\"4055\">batterie lithium e-bike<\/strong> stable et s\u00e9curis\u00e9e<\/li>\n<li data-section-id=\"105xn5n\" data-start=\"4076\" data-end=\"4124\">Compatible avec moteurs Bosch Performance Line<\/li>\n<li data-section-id=\"1q5k4fy\" data-start=\"4125\" data-end=\"4185\">Id\u00e9ale pour <strong data-start=\"4139\" data-end=\"4167\">v\u00e9lo \u00e9lectrique trekking<\/strong> et usage intensif<\/li>\n<li data-section-id=\"1fs52ra\" data-start=\"4186\" data-end=\"4235\">Remplacement direct de batterie Bosch d\u2019origine<\/li>\n<li data-section-id=\"endf0x\" data-start=\"4236\" data-end=\"4285\">R\u00e9sistance \u00e9lev\u00e9e aux cycles de charge\/d\u00e9charge<\/li>\n<li data-section-id=\"1ut2qa6\" data-start=\"4286\" data-end=\"4332\">Performance constante m\u00eame en usage intensif<\/li>\n<\/ul>\n<h2 data-section-id=\"1qzg3dh\" data-start=\"4339\" data-end=\"4378\"><\/h2>\n<h2 data-section-id=\"1qzg3dh\" data-start=\"4339\" data-end=\"4378\"><span role=\"text\"><strong data-start=\"4342\" data-end=\"4378\">5. Conclusion\u00a0<\/strong><\/span><\/h2>\n<p data-start=\"4380\" data-end=\"4580\">La <strong data-start=\"4383\" data-end=\"4429\">batterie Bosch PowerPack 360 E-Bike Vision<\/strong> est une solution fiable et performante pour tous les utilisateurs de v\u00e9los \u00e9lectriques souhaitant am\u00e9liorer leur autonomie et prolonger leurs trajets.<\/p>\n<p data-start=\"4582\" data-end=\"4766\">Gr\u00e2ce \u00e0 sa technologie Lithium-ion, sa compatibilit\u00e9 large et sa conception robuste, elle repr\u00e9sente un excellent investissement pour remplacer ou am\u00e9liorer une batterie vieillissante.<\/p>\n<p data-start=\"4768\" data-end=\"4954\">\n<h2 data-section-id=\"lhfzrl\" data-start=\"4961\" data-end=\"5001\"><span role=\"text\"><strong data-start=\"4964\" data-end=\"5001\">6. FAQ \u2013 Batterie v\u00e9lo \u00e9lectrique<\/strong><\/span><\/h2>\n<p data-start=\"5003\" data-end=\"5113\"><strong data-start=\"5003\" data-end=\"5049\">1. Quelle autonomie offre cette batterie ?<\/strong><br data-start=\"5049\" data-end=\"5052\" \/>Entre 50 et 120 km selon le terrain et l\u2019assistance utilis\u00e9e.<\/p>\n<p data-start=\"5115\" data-end=\"5243\"><strong data-start=\"5115\" data-end=\"5169\">2. Est-elle compatible avec tous les v\u00e9los Bosch ?<\/strong><br data-start=\"5169\" data-end=\"5172\" \/>Elle est compatible avec les syst\u00e8mes Bosch Performance et Active Line.<\/p>\n<p data-start=\"5245\" data-end=\"5343\"><strong data-start=\"5245\" data-end=\"5294\">3. Combien de temps faut-il pour la charger ?<\/strong><br data-start=\"5294\" data-end=\"5297\" \/>Environ 4 \u00e0 6 heures pour une charge compl\u00e8te.<\/p>\n<p data-start=\"5345\" data-end=\"5467\"><strong data-start=\"5345\" data-end=\"5400\">4. Peut-on remplacer une batterie Bosch d\u2019origine ?<\/strong><br data-start=\"5400\" data-end=\"5403\" \/>Oui, elle est con\u00e7ue comme batterie de remplacement \u00e9quivalente.<\/p>\n<p data-start=\"5469\" data-end=\"5566\"><strong data-start=\"5469\" data-end=\"5519\">5. Quelle est la dur\u00e9e de vie de la batterie ?<\/strong><br data-start=\"5519\" data-end=\"5522\" \/>Entre 500 et 1000 cycles de charge complets.<\/p>\n<p data-start=\"5568\" data-end=\"5697\"><strong data-start=\"5568\" data-end=\"5615\">6. Est-elle adapt\u00e9e aux longues distances ?<\/strong><br data-start=\"5615\" data-end=\"5618\" \/>Oui, c\u2019est une batterie id\u00e9ale pour le trekking et les trajets longue distance.<\/p>\n<p data-start=\"5699\" data-end=\"5807\"><strong data-start=\"5699\" data-end=\"5726\">7. Est-elle s\u00e9curis\u00e9e ?<\/strong><br data-start=\"5726\" data-end=\"5729\" \/>Oui, elle int\u00e8gre un syst\u00e8me BMS pour prot\u00e9ger contre surcharge et surchauffe.<\/p>\n","protected":false},"excerpt":{"rendered":"<ul data-start=\"5844\" data-end=\"6129\">\n<li data-section-id=\"xd8wl1\" data-start=\"5844\" data-end=\"5904\"><span style=\"color: #99cc00;\">\u26a1 <strong data-start=\"5848\" data-end=\"5874\">Puissance et autonomie<\/strong> : jusqu\u2019\u00e0 120 km par charge<\/span><\/li>\n<li data-section-id=\"1c35j0q\" data-start=\"5905\" data-end=\"5970\"><span style=\"color: #99cc00;\">\ud83d\udd0b <strong data-start=\"5910\" data-end=\"5937\">Technologie et s\u00e9curit\u00e9<\/strong> : Lithium-ion avec BMS int\u00e9gr\u00e9<\/span><\/li>\n<li data-section-id=\"52timu\" data-start=\"5971\" data-end=\"6029\"><span style=\"color: #99cc00;\">\ud83d\udd27 <strong data-start=\"5976\" data-end=\"5993\">Compatibilit\u00e9<\/strong> : Bosch Performance \/ Active Line<\/span><\/li>\n<li data-section-id=\"18u6ixo\" data-start=\"6030\" data-end=\"6129\"><span style=\"color: #99cc00;\">\ud83d\udeb4 <strong data-start=\"6035\" data-end=\"6057\">Avantage principal<\/strong> : batterie v\u00e9los haute capacit\u00e9 fiable et durable pour usage intensif<\/span><\/li>\n<\/ul>\n<p>&nbsp;<\/p>\n<ul data-start=\"5844\" data-end=\"6129\">\n<li data-section-id=\"18u6ixo\" data-start=\"6030\" data-end=\"6129\">\ud83d\udc49 Si vous recherchez une <strong data-start=\"4794\" data-end=\"4868\">batterie pour v\u00e9lo \u00e9lectrique performante, durable et compatible Bosch<\/strong>, ce mod\u00e8le est un choix strat\u00e9gique pour gagner en libert\u00e9 et en confort de conduite.<\/li>\n<\/ul>\n","protected":false},"featured_media":27200,"comment_status":"open","ping_status":"closed","template":"","meta":[],"product_brand":[76],"product_cat":[129,141,118,111,33],"product_tag":[478,479,480],"class_list":{"0":"post-27227","1":"product","2":"type-product","3":"status-publish","4":"has-post-thumbnail","6":"product_brand-bosch","7":"product_cat-10-15-ah","8":"product_cat-360-540-wh","9":"product_cat-36v","10":"product_cat-batterie-amovible","11":"product_cat-batteries-de-velos","12":"product_tag-batterie-velo-electrique","13":"product_tag-batterie-velo-fiable","14":"product_tag-batterie-velo-resistante","16":"first","17":"instock","18":"sale","19":"shipping-taxable","20":"purchasable","21":"product-type-simple"},"yoast_head":"<!-- This site is optimized with the Yoast SEO plugin v27.5 - https:\/\/yoast.com\/product\/yoast-seo-wordpress\/ -->\n<title>Batterie pour velos Bosch PowerPack 360 | Performance\/Active | cadre | par E-Bike Vision - ateliervae.fr<\/title>\n<meta name=\"description\" content=\"Batterie pour v\u00e9lo \u00e9lectrique Bosch PowerPack 360 \u2013 batterie v\u00e9los haute capacit\u00e9 \u00e0 369\u20ac au lieu de 450\u20ac \u2013 autonomie renforc\u00e9e et performance fiable longue dur\u00e9e.\" \/>\n<meta name=\"robots\" content=\"index, follow, max-snippet:-1, max-image-preview:large, max-video-preview:-1\" \/>\n<link rel=\"canonical\" href=\"https:\/\/ateliervae.fr\/?product=bosch-powerpack-360-performance-active-cadre-par-e-bike-vision\" \/>\n<meta property=\"og:locale\" content=\"fr_FR\" \/>\n<meta property=\"og:type\" content=\"article\" \/>\n<meta property=\"og:title\" content=\"Batterie pour velos Bosch PowerPack 360 | Performance\/Active | cadre | par E-Bike Vision - ateliervae.fr\" \/>\n<meta property=\"og:description\" content=\"Batterie pour v\u00e9lo \u00e9lectrique Bosch PowerPack 360 \u2013 batterie v\u00e9los haute capacit\u00e9 \u00e0 369\u20ac au lieu de 450\u20ac \u2013 autonomie renforc\u00e9e et performance fiable longue dur\u00e9e.\" \/>\n<meta property=\"og:url\" content=\"https:\/\/ateliervae.fr\/?product=bosch-powerpack-360-performance-active-cadre-par-e-bike-vision\" \/>\n<meta property=\"og:site_name\" content=\"ateliervae.fr\" \/>\n<meta property=\"article:modified_time\" content=\"2026-04-16T10:06:04+00:00\" \/>\n<meta property=\"og:image\" content=\"https:\/\/ateliervae.fr\/wp-content\/uploads\/2026\/04\/bosch_powerpack_360_frame_e-bike_vision_driekwartaanzicht_2_.jpg\" \/>\n\t<meta property=\"og:image:width\" content=\"360\" \/>\n\t<meta property=\"og:image:height\" content=\"360\" \/>\n\t<meta property=\"og:image:type\" content=\"image\/jpeg\" \/>\n<meta name=\"twitter:card\" content=\"summary_large_image\" \/>\n<meta name=\"twitter:label1\" content=\"Dur\u00e9e de lecture estim\u00e9e\" \/>\n\t<meta name=\"twitter:data1\" content=\"3 minutes\" \/>\n<script type=\"application\/ld+json\" class=\"yoast-schema-graph\">{\"@context\":\"https:\\\/\\\/schema.org\",\"@graph\":[{\"@type\":\"WebPage\",\"@id\":\"https:\\\/\\\/ateliervae.fr\\\/?product=bosch-powerpack-360-performance-active-cadre-par-e-bike-vision\",\"url\":\"https:\\\/\\\/ateliervae.fr\\\/?product=bosch-powerpack-360-performance-active-cadre-par-e-bike-vision\",\"name\":\"Batterie pour velos Bosch PowerPack 360 | Performance\\\/Active | cadre | par E-Bike Vision - ateliervae.fr\",\"isPartOf\":{\"@id\":\"https:\\\/\\\/ateliervae.fr\\\/#website\"},\"primaryImageOfPage\":{\"@id\":\"https:\\\/\\\/ateliervae.fr\\\/?product=bosch-powerpack-360-performance-active-cadre-par-e-bike-vision#primaryimage\"},\"image\":{\"@id\":\"https:\\\/\\\/ateliervae.fr\\\/?product=bosch-powerpack-360-performance-active-cadre-par-e-bike-vision#primaryimage\"},\"thumbnailUrl\":\"https:\\\/\\\/ateliervae.fr\\\/wp-content\\\/uploads\\\/2026\\\/04\\\/bosch_powerpack_360_frame_e-bike_vision_driekwartaanzicht_2_.jpg\",\"datePublished\":\"2026-04-13T09:39:03+00:00\",\"dateModified\":\"2026-04-16T10:06:04+00:00\",\"description\":\"Batterie pour v\u00e9lo \u00e9lectrique Bosch PowerPack 360 \u2013 batterie v\u00e9los haute capacit\u00e9 \u00e0 369\u20ac au lieu de 450\u20ac \u2013 autonomie renforc\u00e9e et performance fiable longue dur\u00e9e.\",\"breadcrumb\":{\"@id\":\"https:\\\/\\\/ateliervae.fr\\\/?product=bosch-powerpack-360-performance-active-cadre-par-e-bike-vision#breadcrumb\"},\"inLanguage\":\"fr-FR\",\"potentialAction\":[{\"@type\":\"ReadAction\",\"target\":[\"https:\\\/\\\/ateliervae.fr\\\/?product=bosch-powerpack-360-performance-active-cadre-par-e-bike-vision\"]}]},{\"@type\":\"ImageObject\",\"inLanguage\":\"fr-FR\",\"@id\":\"https:\\\/\\\/ateliervae.fr\\\/?product=bosch-powerpack-360-performance-active-cadre-par-e-bike-vision#primaryimage\",\"url\":\"https:\\\/\\\/ateliervae.fr\\\/wp-content\\\/uploads\\\/2026\\\/04\\\/bosch_powerpack_360_frame_e-bike_vision_driekwartaanzicht_2_.jpg\",\"contentUrl\":\"https:\\\/\\\/ateliervae.fr\\\/wp-content\\\/uploads\\\/2026\\\/04\\\/bosch_powerpack_360_frame_e-bike_vision_driekwartaanzicht_2_.jpg\",\"width\":360,\"height\":360,\"caption\":\"batterie velos haute capacit\u00e9\"},{\"@type\":\"BreadcrumbList\",\"@id\":\"https:\\\/\\\/ateliervae.fr\\\/?product=bosch-powerpack-360-performance-active-cadre-par-e-bike-vision#breadcrumb\",\"itemListElement\":[{\"@type\":\"ListItem\",\"position\":1,\"name\":\"Home\",\"item\":\"https:\\\/\\\/ateliervae.fr\\\/\"},{\"@type\":\"ListItem\",\"position\":2,\"name\":\"Produits\",\"item\":\"https:\\\/\\\/ateliervae.fr\\\/shop\\\/\"},{\"@type\":\"ListItem\",\"position\":3,\"name\":\"Batterie pour velos Bosch PowerPack 360 | Performance\\\/Active | cadre | par E-Bike Vision\"}]},{\"@type\":\"WebSite\",\"@id\":\"https:\\\/\\\/ateliervae.fr\\\/#website\",\"url\":\"https:\\\/\\\/ateliervae.fr\\\/\",\"name\":\"ateliervae.fr\",\"description\":\"L\u2019\u00e9nergie au c\u0153ur de vos trajets\",\"publisher\":{\"@id\":\"https:\\\/\\\/ateliervae.fr\\\/#organization\"},\"potentialAction\":[{\"@type\":\"SearchAction\",\"target\":{\"@type\":\"EntryPoint\",\"urlTemplate\":\"https:\\\/\\\/ateliervae.fr\\\/?s={search_term_string}\"},\"query-input\":{\"@type\":\"PropertyValueSpecification\",\"valueRequired\":true,\"valueName\":\"search_term_string\"}}],\"inLanguage\":\"fr-FR\"},{\"@type\":\"Organization\",\"@id\":\"https:\\\/\\\/ateliervae.fr\\\/#organization\",\"name\":\"ateliervae.fr\",\"url\":\"https:\\\/\\\/ateliervae.fr\\\/\",\"logo\":{\"@type\":\"ImageObject\",\"inLanguage\":\"fr-FR\",\"@id\":\"https:\\\/\\\/ateliervae.fr\\\/#\\\/schema\\\/logo\\\/image\\\/\",\"url\":\"https:\\\/\\\/ateliervae.fr\\\/wp-content\\\/uploads\\\/2026\\\/04\\\/ChatGPT-Image-6-avr.-2026-11_58_22.png\",\"contentUrl\":\"https:\\\/\\\/ateliervae.fr\\\/wp-content\\\/uploads\\\/2026\\\/04\\\/ChatGPT-Image-6-avr.-2026-11_58_22.png\",\"width\":1536,\"height\":1024,\"caption\":\"ateliervae.fr\"},\"image\":{\"@id\":\"https:\\\/\\\/ateliervae.fr\\\/#\\\/schema\\\/logo\\\/image\\\/\"}}]}<\/script>\n<!-- \/ Yoast SEO plugin. -->","yoast_head_json":{"title":"Batterie pour velos Bosch PowerPack 360 | Performance\/Active | cadre | par E-Bike Vision - ateliervae.fr","description":"Batterie pour v\u00e9lo \u00e9lectrique Bosch PowerPack 360 \u2013 batterie v\u00e9los haute capacit\u00e9 \u00e0 369\u20ac au lieu de 450\u20ac \u2013 autonomie renforc\u00e9e et performance fiable longue dur\u00e9e.","robots":{"index":"index","follow":"follow","max-snippet":"max-snippet:-1","max-image-preview":"max-image-preview:large","max-video-preview":"max-video-preview:-1"},"canonical":"https:\/\/ateliervae.fr\/?product=bosch-powerpack-360-performance-active-cadre-par-e-bike-vision","og_locale":"fr_FR","og_type":"article","og_title":"Batterie pour velos Bosch PowerPack 360 | Performance\/Active | cadre | par E-Bike Vision - ateliervae.fr","og_description":"Batterie pour v\u00e9lo \u00e9lectrique Bosch PowerPack 360 \u2013 batterie v\u00e9los haute capacit\u00e9 \u00e0 369\u20ac au lieu de 450\u20ac \u2013 autonomie renforc\u00e9e et performance fiable longue dur\u00e9e.","og_url":"https:\/\/ateliervae.fr\/?product=bosch-powerpack-360-performance-active-cadre-par-e-bike-vision","og_site_name":"ateliervae.fr","article_modified_time":"2026-04-16T10:06:04+00:00","og_image":[{"width":360,"height":360,"url":"https:\/\/ateliervae.fr\/wp-content\/uploads\/2026\/04\/bosch_powerpack_360_frame_e-bike_vision_driekwartaanzicht_2_.jpg","type":"image\/jpeg"}],"twitter_card":"summary_large_image","twitter_misc":{"Dur\u00e9e de lecture estim\u00e9e":"3 minutes"},"schema":{"@context":"https:\/\/schema.org","@graph":[{"@type":"WebPage","@id":"https:\/\/ateliervae.fr\/?product=bosch-powerpack-360-performance-active-cadre-par-e-bike-vision","url":"https:\/\/ateliervae.fr\/?product=bosch-powerpack-360-performance-active-cadre-par-e-bike-vision","name":"Batterie pour velos Bosch PowerPack 360 | Performance\/Active | cadre | par E-Bike Vision - ateliervae.fr","isPartOf":{"@id":"https:\/\/ateliervae.fr\/#website"},"primaryImageOfPage":{"@id":"https:\/\/ateliervae.fr\/?product=bosch-powerpack-360-performance-active-cadre-par-e-bike-vision#primaryimage"},"image":{"@id":"https:\/\/ateliervae.fr\/?product=bosch-powerpack-360-performance-active-cadre-par-e-bike-vision#primaryimage"},"thumbnailUrl":"https:\/\/ateliervae.fr\/wp-content\/uploads\/2026\/04\/bosch_powerpack_360_frame_e-bike_vision_driekwartaanzicht_2_.jpg","datePublished":"2026-04-13T09:39:03+00:00","dateModified":"2026-04-16T10:06:04+00:00","description":"Batterie pour v\u00e9lo \u00e9lectrique Bosch PowerPack 360 \u2013 batterie v\u00e9los haute capacit\u00e9 \u00e0 369\u20ac au lieu de 450\u20ac \u2013 autonomie renforc\u00e9e et performance fiable longue dur\u00e9e.","breadcrumb":{"@id":"https:\/\/ateliervae.fr\/?product=bosch-powerpack-360-performance-active-cadre-par-e-bike-vision#breadcrumb"},"inLanguage":"fr-FR","potentialAction":[{"@type":"ReadAction","target":["https:\/\/ateliervae.fr\/?product=bosch-powerpack-360-performance-active-cadre-par-e-bike-vision"]}]},{"@type":"ImageObject","inLanguage":"fr-FR","@id":"https:\/\/ateliervae.fr\/?product=bosch-powerpack-360-performance-active-cadre-par-e-bike-vision#primaryimage","url":"https:\/\/ateliervae.fr\/wp-content\/uploads\/2026\/04\/bosch_powerpack_360_frame_e-bike_vision_driekwartaanzicht_2_.jpg","contentUrl":"https:\/\/ateliervae.fr\/wp-content\/uploads\/2026\/04\/bosch_powerpack_360_frame_e-bike_vision_driekwartaanzicht_2_.jpg","width":360,"height":360,"caption":"batterie velos haute capacit\u00e9"},{"@type":"BreadcrumbList","@id":"https:\/\/ateliervae.fr\/?product=bosch-powerpack-360-performance-active-cadre-par-e-bike-vision#breadcrumb","itemListElement":[{"@type":"ListItem","position":1,"name":"Home","item":"https:\/\/ateliervae.fr\/"},{"@type":"ListItem","position":2,"name":"Produits","item":"https:\/\/ateliervae.fr\/shop\/"},{"@type":"ListItem","position":3,"name":"Batterie pour velos Bosch PowerPack 360 | Performance\/Active | cadre | par E-Bike Vision"}]},{"@type":"WebSite","@id":"https:\/\/ateliervae.fr\/#website","url":"https:\/\/ateliervae.fr\/","name":"ateliervae.fr","description":"L\u2019\u00e9nergie au c\u0153ur de vos trajets","publisher":{"@id":"https:\/\/ateliervae.fr\/#organization"},"potentialAction":[{"@type":"SearchAction","target":{"@type":"EntryPoint","urlTemplate":"https:\/\/ateliervae.fr\/?s={search_term_string}"},"query-input":{"@type":"PropertyValueSpecification","valueRequired":true,"valueName":"search_term_string"}}],"inLanguage":"fr-FR"},{"@type":"Organization","@id":"https:\/\/ateliervae.fr\/#organization","name":"ateliervae.fr","url":"https:\/\/ateliervae.fr\/","logo":{"@type":"ImageObject","inLanguage":"fr-FR","@id":"https:\/\/ateliervae.fr\/#\/schema\/logo\/image\/","url":"https:\/\/ateliervae.fr\/wp-content\/uploads\/2026\/04\/ChatGPT-Image-6-avr.-2026-11_58_22.png","contentUrl":"https:\/\/ateliervae.fr\/wp-content\/uploads\/2026\/04\/ChatGPT-Image-6-avr.-2026-11_58_22.png","width":1536,"height":1024,"caption":"ateliervae.fr"},"image":{"@id":"https:\/\/ateliervae.fr\/#\/schema\/logo\/image\/"}}]}},"_links":{"self":[{"href":"https:\/\/ateliervae.fr\/index.php?rest_route=\/wp\/v2\/product\/27227","targetHints":{"allow":["GET"]}}],"collection":[{"href":"https:\/\/ateliervae.fr\/index.php?rest_route=\/wp\/v2\/product"}],"about":[{"href":"https:\/\/ateliervae.fr\/index.php?rest_route=\/wp\/v2\/types\/product"}],"replies":[{"embeddable":true,"href":"https:\/\/ateliervae.fr\/index.php?rest_route=%2Fwp%2Fv2%2Fcomments&post=27227"}],"version-history":[{"count":2,"href":"https:\/\/ateliervae.fr\/index.php?rest_route=\/wp\/v2\/product\/27227\/revisions"}],"predecessor-version":[{"id":27480,"href":"https:\/\/ateliervae.fr\/index.php?rest_route=\/wp\/v2\/product\/27227\/revisions\/27480"}],"wp:featuredmedia":[{"embeddable":true,"href":"https:\/\/ateliervae.fr\/index.php?rest_route=\/wp\/v2\/media\/27200"}],"wp:attachment":[{"href":"https:\/\/ateliervae.fr\/index.php?rest_route=%2Fwp%2Fv2%2Fmedia&parent=27227"}],"wp:term":[{"taxonomy":"product_brand","embeddable":true,"href":"https:\/\/ateliervae.fr\/index.php?rest_route=%2Fwp%2Fv2%2Fproduct_brand&post=27227"},{"taxonomy":"product_cat","embeddable":true,"href":"https:\/\/ateliervae.fr\/index.php?rest_route=%2Fwp%2Fv2%2Fproduct_cat&post=27227"},{"taxonomy":"product_tag","embeddable":true,"href":"https:\/\/ateliervae.fr\/index.php?rest_route=%2Fwp%2Fv2%2Fproduct_tag&post=27227"}],"curies":[{"name":"wp","href":"https:\/\/api.w.org\/{rel}","templated":true}]}}