{"id":27226,"date":"2026-04-13T09:39:03","date_gmt":"2026-04-13T09:39:03","guid":{"rendered":"https:\/\/ateliervae.fr\/product\/bosch-powerpack-400-performance-active-cadre-batterie-velo\/"},"modified":"2026-04-17T10:26:08","modified_gmt":"2026-04-17T10:26:08","slug":"bosch-powerpack-400-performance-active-cadre-batterie-velo","status":"publish","type":"product","link":"https:\/\/ateliervae.fr\/?product=bosch-powerpack-400-performance-active-cadre-batterie-velo","title":{"rendered":"Batterie pour velos Bosch PowerPack 400 | Performance\/Active | cadre"},"content":{"rendered":"<h1 data-section-id=\"dlls9x\" data-start=\"380\" data-end=\"450\">Batterie Bosch PowerPack 400 pour v\u00e9lo \u00e9lectrique grande autonomie<\/h1>\n<p data-start=\"452\" data-end=\"853\">La <strong data-start=\"455\" data-end=\"489\">batterie v\u00e9lo grande autonomie<\/strong> Bosch PowerPack 400 est une solution \u00e9nerg\u00e9tique haut de gamme con\u00e7ue pour les v\u00e9los \u00e9lectriques \u00e9quip\u00e9s du syst\u00e8me <strong data-start=\"606\" data-end=\"647\">Bosch Performance Line et Active Line<\/strong>. Gr\u00e2ce \u00e0 sa technologie <strong data-start=\"672\" data-end=\"691\">Lithium-ion 36V<\/strong>, elle offre un excellent compromis entre puissance, l\u00e9g\u00e8ret\u00e9 et autonomie, id\u00e9ale pour les trajets urbains, les longues distances et les sorties VTT \u00e9lectriques.<\/p>\n<p data-start=\"855\" data-end=\"1044\">Compacte, robuste et fiable, cette batterie de cadre s\u2019int\u00e8gre directement sur le tube du v\u00e9lo pour garantir une parfaite r\u00e9partition du poids et une stabilit\u00e9 optimale pendant la conduite.<\/p>\n<p data-start=\"1046\" data-end=\"1140\">\ud83d\udc49 Elle fait partie des r\u00e9f\u00e9rences incontournables du march\u00e9 des <strong data-start=\"1111\" data-end=\"1139\">batteries lithium e-bike<\/strong>.<\/p>\n<h2 data-section-id=\"i5oeyb\" data-start=\"1147\" data-end=\"1190\"><\/h2>\n<h2 data-section-id=\"i5oeyb\" data-start=\"1147\" data-end=\"1190\">\ud83d\udeb4\u200d\u2642\ufe0f Performance et autonomie optimis\u00e9e<\/h2>\n<p data-start=\"1192\" data-end=\"1367\">La Bosch PowerPack 400 offre une capacit\u00e9 de <strong data-start=\"1237\" data-end=\"1259\">400Wh (36V \u2013 11Ah)<\/strong>, permettant une autonomie moyenne comprise entre <strong data-start=\"1309\" data-end=\"1366\">60 et 120 km selon le mode d\u2019assistance et le terrain<\/strong>.<\/p>\n<p data-start=\"1369\" data-end=\"1409\">Elle est particuli\u00e8rement adapt\u00e9e pour :<\/p>\n<ul data-start=\"1410\" data-end=\"1529\">\n<li data-section-id=\"1dm2mw6\" data-start=\"1410\" data-end=\"1442\">v\u00e9los urbains \u00e9lectriques \ud83d\udeb2<\/li>\n<li data-section-id=\"1fwsqsf\" data-start=\"1443\" data-end=\"1465\">VTT \u00e9lectriques \u26f0\ufe0f<\/li>\n<li data-section-id=\"1opqxul\" data-start=\"1466\" data-end=\"1500\">v\u00e9los trekking longue distance<\/li>\n<li data-section-id=\"1yecg9l\" data-start=\"1501\" data-end=\"1529\">usage quotidien intensif<\/li>\n<\/ul>\n<p data-start=\"1531\" data-end=\"1664\">Gr\u00e2ce \u00e0 son syst\u00e8me intelligent Bosch, la gestion de l\u2019\u00e9nergie est optimis\u00e9e pour prolonger la dur\u00e9e de vie et am\u00e9liorer la s\u00e9curit\u00e9.<\/p>\n<p data-start=\"1666\" data-end=\"1781\">\ud83d\udc49 Cette batterie est id\u00e9ale pour ceux qui recherchent une <strong data-start=\"1725\" data-end=\"1780\">autonomie batterie v\u00e9lo \u00e9lectrique fiable et stable<\/strong>.<\/p>\n<h2 data-section-id=\"1enj6f1\" data-start=\"1788\" data-end=\"1831\">\ud83d\udd0b Technologie Lithium-ion haute qualit\u00e9<\/h2>\n<p data-start=\"1833\" data-end=\"1935\">La batterie Bosch PowerPack 400 utilise une technologie <strong data-start=\"1889\" data-end=\"1918\">Lithium-ion haute densit\u00e9<\/strong>, reconnue pour :<\/p>\n<ul data-start=\"1936\" data-end=\"2036\">\n<li data-section-id=\"1clbktd\" data-start=\"1936\" data-end=\"1959\">sa long\u00e9vit\u00e9 \u00e9lev\u00e9e<\/li>\n<li data-section-id=\"rf01dz\" data-start=\"1960\" data-end=\"1986\">sa faible autod\u00e9charge<\/li>\n<li data-section-id=\"10r6xyc\" data-start=\"1987\" data-end=\"2013\">sa puissance constante<\/li>\n<li data-section-id=\"o3sz6v\" data-start=\"2014\" data-end=\"2036\">son poids optimis\u00e9<\/li>\n<\/ul>\n<p data-start=\"2038\" data-end=\"2128\">Elle est \u00e9quip\u00e9e d\u2019un <strong data-start=\"2060\" data-end=\"2095\">Battery Management System (BMS)<\/strong> intelligent qui prot\u00e8ge contre :<\/p>\n<ul data-start=\"2129\" data-end=\"2197\">\n<li data-section-id=\"xv5squ\" data-start=\"2129\" data-end=\"2142\">surcharge<\/li>\n<li data-section-id=\"1gsurvq\" data-start=\"2143\" data-end=\"2157\">surchauffe<\/li>\n<li data-section-id=\"ga2zro\" data-start=\"2158\" data-end=\"2179\">d\u00e9charge profonde<\/li>\n<li data-section-id=\"1qro415\" data-start=\"2180\" data-end=\"2197\">court-circuit<\/li>\n<\/ul>\n<p data-start=\"2199\" data-end=\"2310\">Cette technologie en fait une r\u00e9f\u00e9rence parmi les <strong data-start=\"2249\" data-end=\"2286\">batteries 36V 48V v\u00e9lo \u00e9lectrique<\/strong> de nouvelle g\u00e9n\u00e9ration.<\/p>\n<h2 data-section-id=\"in27lq\" data-start=\"2317\" data-end=\"2338\"><\/h2>\n<h2 data-section-id=\"1blks2w\" data-start=\"2347\" data-end=\"2378\">\ud83d\udcca Tableau technique complet<\/h2>\n<div class=\"TyagGW_tableContainer\">\n<div class=\"group TyagGW_tableWrapper flex flex-col-reverse w-fit\" tabindex=\"-1\">\n<table class=\"w-fit min-w-(--thread-content-width)\" data-start=\"2380\" data-end=\"2989\">\n<thead data-start=\"2380\" data-end=\"2408\">\n<tr data-start=\"2380\" data-end=\"2408\">\n<th class=\"\" data-start=\"2380\" data-end=\"2398\" data-col-size=\"sm\">Caract\u00e9ristique<\/th>\n<th class=\"\" data-start=\"2398\" data-end=\"2408\" data-col-size=\"sm\">D\u00e9tail<\/th>\n<\/tr>\n<\/thead>\n<tbody data-start=\"2437\" data-end=\"2989\">\n<tr data-start=\"2437\" data-end=\"2471\">\n<td data-start=\"2437\" data-end=\"2456\" data-col-size=\"sm\">Type de batterie<\/td>\n<td data-start=\"2456\" data-end=\"2471\" data-col-size=\"sm\">Lithium-ion<\/td>\n<\/tr>\n<tr data-start=\"2472\" data-end=\"2515\">\n<td data-start=\"2472\" data-end=\"2486\" data-col-size=\"sm\">Technologie<\/td>\n<td data-start=\"2486\" data-end=\"2515\" data-col-size=\"sm\">Bosch Li-ion Smart System<\/td>\n<\/tr>\n<tr data-start=\"2516\" data-end=\"2533\">\n<td data-start=\"2516\" data-end=\"2526\" data-col-size=\"sm\">Voltage<\/td>\n<td data-start=\"2526\" data-end=\"2533\" data-col-size=\"sm\">36V<\/td>\n<\/tr>\n<tr data-start=\"2534\" data-end=\"2561\">\n<td data-start=\"2534\" data-end=\"2545\" data-col-size=\"sm\">Capacit\u00e9<\/td>\n<td data-start=\"2545\" data-end=\"2561\" data-col-size=\"sm\">11Ah \/ 400Wh<\/td>\n<\/tr>\n<tr data-start=\"2562\" data-end=\"2597\">\n<td data-start=\"2562\" data-end=\"2582\" data-col-size=\"sm\">Autonomie estim\u00e9e<\/td>\n<td data-start=\"2582\" data-end=\"2597\" data-col-size=\"sm\">60 \u00e0 120 km<\/td>\n<\/tr>\n<tr data-start=\"2598\" data-end=\"2636\">\n<td data-start=\"2598\" data-end=\"2616\" data-col-size=\"sm\">Temps de charge<\/td>\n<td data-start=\"2616\" data-end=\"2636\" data-col-size=\"sm\">3,5 \u00e0 4,5 heures<\/td>\n<\/tr>\n<tr data-start=\"2637\" data-end=\"2673\">\n<td data-start=\"2637\" data-end=\"2652\" data-col-size=\"sm\">Dur\u00e9e de vie<\/td>\n<td data-start=\"2652\" data-end=\"2673\" data-col-size=\"sm\">500 \u00e0 1000 cycles<\/td>\n<\/tr>\n<tr data-start=\"2674\" data-end=\"2725\">\n<td data-start=\"2674\" data-end=\"2690\" data-col-size=\"sm\">Compatibilit\u00e9<\/td>\n<td data-start=\"2690\" data-end=\"2725\" data-col-size=\"sm\">Bosch Performance \/ Active Line<\/td>\n<\/tr>\n<tr data-start=\"2726\" data-end=\"2781\">\n<td data-start=\"2726\" data-end=\"2748\" data-col-size=\"sm\">Syst\u00e8me de fixation<\/td>\n<td data-start=\"2748\" data-end=\"2781\" data-col-size=\"sm\">Cadre (tube diagonal \/ selle)<\/td>\n<\/tr>\n<tr data-start=\"2782\" data-end=\"2805\">\n<td data-start=\"2782\" data-end=\"2790\" data-col-size=\"sm\">Poids<\/td>\n<td data-start=\"2790\" data-end=\"2805\" data-col-size=\"sm\">env. 2,5 kg<\/td>\n<\/tr>\n<tr data-start=\"2806\" data-end=\"2841\">\n<td data-start=\"2806\" data-end=\"2820\" data-col-size=\"sm\">Emplacement<\/td>\n<td data-start=\"2820\" data-end=\"2841\" data-col-size=\"sm\">Batterie de cadre<\/td>\n<\/tr>\n<tr data-start=\"2842\" data-end=\"2870\">\n<td data-start=\"2842\" data-end=\"2849\" data-col-size=\"sm\">Type<\/td>\n<td data-start=\"2849\" data-end=\"2870\" data-col-size=\"sm\">Batterie amovible<\/td>\n<\/tr>\n<tr data-start=\"2871\" data-end=\"2897\">\n<td data-start=\"2871\" data-end=\"2882\" data-col-size=\"sm\">S\u00e9curit\u00e9<\/td>\n<td data-start=\"2882\" data-end=\"2897\" data-col-size=\"sm\">BMS int\u00e9gr\u00e9<\/td>\n<\/tr>\n<tr data-start=\"2898\" data-end=\"2943\">\n<td data-start=\"2898\" data-end=\"2926\" data-col-size=\"sm\">Temp\u00e9rature d\u2019utilisation<\/td>\n<td data-start=\"2926\" data-end=\"2943\" data-col-size=\"sm\">-10\u00b0C \u00e0 +40\u00b0C<\/td>\n<\/tr>\n<tr data-start=\"2944\" data-end=\"2989\">\n<td data-start=\"2944\" data-end=\"2960\" data-col-size=\"sm\">Ann\u00e9e \/ gamme<\/td>\n<td data-start=\"2960\" data-end=\"2989\" data-col-size=\"sm\">Bosch PowerPack s\u00e9rie 400<\/td>\n<\/tr>\n<\/tbody>\n<\/table>\n<\/div>\n<\/div>\n<h2 data-section-id=\"16zq9zk\" data-start=\"2996\" data-end=\"3018\"><\/h2>\n<h2 data-section-id=\"3nlb7b\" data-start=\"3027\" data-end=\"3065\">\ud83d\udd04 Tableau comparatif (concurrents)<\/h2>\n<div class=\"TyagGW_tableContainer\">\n<div class=\"group TyagGW_tableWrapper flex flex-col-reverse w-fit\" tabindex=\"-1\">\n<table class=\"w-fit min-w-(--thread-content-width)\" data-start=\"3067\" data-end=\"3611\">\n<thead data-start=\"3067\" data-end=\"3177\">\n<tr data-start=\"3067\" data-end=\"3177\">\n<th class=\"\" data-start=\"3067\" data-end=\"3076\" data-col-size=\"sm\">Mod\u00e8le<\/th>\n<th class=\"\" data-start=\"3076\" data-end=\"3095\" data-col-size=\"sm\">Type de batterie<\/th>\n<th class=\"\" data-start=\"3095\" data-end=\"3116\" data-col-size=\"sm\">Voltage \/ capacit\u00e9<\/th>\n<th class=\"\" data-start=\"3116\" data-end=\"3128\" data-col-size=\"sm\">Autonomie<\/th>\n<th class=\"\" data-start=\"3128\" data-end=\"3144\" data-col-size=\"sm\">Compatibilit\u00e9<\/th>\n<th class=\"\" data-start=\"3144\" data-end=\"3152\" data-col-size=\"sm\">Poids<\/th>\n<th class=\"\" data-start=\"3152\" data-end=\"3177\" data-col-size=\"sm\">Prix TTC constructeur<\/th>\n<\/tr>\n<\/thead>\n<tbody data-start=\"3291\" data-end=\"3611\">\n<tr data-start=\"3291\" data-end=\"3402\">\n<td data-start=\"3291\" data-end=\"3313\" data-col-size=\"sm\">Bosch PowerPack 400<\/td>\n<td data-start=\"3313\" data-end=\"3327\" data-col-size=\"sm\">Lithium-ion<\/td>\n<td data-start=\"3327\" data-end=\"3341\" data-col-size=\"sm\">36V \/ 400Wh<\/td>\n<td data-start=\"3341\" data-end=\"3353\" data-col-size=\"sm\">60\u2013120 km<\/td>\n<td data-start=\"3353\" data-end=\"3380\" data-col-size=\"sm\">Bosch Active\/Performance<\/td>\n<td data-start=\"3380\" data-end=\"3389\" data-col-size=\"sm\">2,5 kg<\/td>\n<td data-start=\"3389\" data-end=\"3402\" data-col-size=\"sm\">450\u2013650 \u20ac<\/td>\n<\/tr>\n<tr data-start=\"3403\" data-end=\"3514\">\n<td data-start=\"3403\" data-end=\"3425\" data-col-size=\"sm\">Bosch PowerPack 500<\/td>\n<td data-start=\"3425\" data-end=\"3439\" data-col-size=\"sm\">Lithium-ion<\/td>\n<td data-start=\"3439\" data-end=\"3453\" data-col-size=\"sm\">36V \/ 500Wh<\/td>\n<td data-start=\"3453\" data-end=\"3465\" data-col-size=\"sm\">80\u2013150 km<\/td>\n<td data-start=\"3465\" data-end=\"3492\" data-col-size=\"sm\">Bosch Active\/Performance<\/td>\n<td data-start=\"3492\" data-end=\"3501\" data-col-size=\"sm\">2,7 kg<\/td>\n<td data-start=\"3501\" data-end=\"3514\" data-col-size=\"sm\">550\u2013750 \u20ac<\/td>\n<\/tr>\n<tr data-start=\"3515\" data-end=\"3611\">\n<td data-start=\"3515\" data-end=\"3530\" data-col-size=\"sm\">Yamaha 400Wh<\/td>\n<td data-start=\"3530\" data-end=\"3544\" data-col-size=\"sm\">Lithium-ion<\/td>\n<td data-start=\"3544\" data-end=\"3558\" data-col-size=\"sm\">36V \/ 400Wh<\/td>\n<td data-start=\"3558\" data-end=\"3570\" data-col-size=\"sm\">50\u2013110 km<\/td>\n<td data-start=\"3570\" data-end=\"3589\" data-col-size=\"sm\">Yamaha PW system<\/td>\n<td data-start=\"3589\" data-end=\"3598\" data-col-size=\"sm\">2,6 kg<\/td>\n<td data-start=\"3598\" data-end=\"3611\" data-col-size=\"sm\">400\u2013600 \u20ac<\/td>\n<\/tr>\n<\/tbody>\n<\/table>\n<\/div>\n<\/div>\n<h2 data-section-id=\"1s6ha81\" data-start=\"3618\" data-end=\"3644\"><\/h2>\n<h2 data-section-id=\"1km66j9\" data-start=\"3653\" data-end=\"3706\">Conclusion \u2013 Une batterie fiable et performante<\/h2>\n<p data-start=\"3708\" data-end=\"3876\">La <strong data-start=\"3711\" data-end=\"3734\">Bosch PowerPack 400<\/strong> s\u2019impose comme une solution id\u00e9ale pour tous les cyclistes recherchant une <strong data-start=\"3810\" data-end=\"3844\">batterie v\u00e9lo grande autonomie<\/strong> fiable, durable et performante.<\/p>\n<p data-start=\"3878\" data-end=\"4058\">Ses points forts :<br \/>\n\u2714 excellente autonomie<br data-start=\"3919\" data-end=\"3922\" \/>\u2714 technologie lithium-ion avanc\u00e9e<br data-start=\"3955\" data-end=\"3958\" \/>\u2714 compatibilit\u00e9 large Bosch<br data-start=\"3985\" data-end=\"3988\" \/>\u2714 s\u00e9curit\u00e9 maximale avec BMS int\u00e9gr\u00e9<br data-start=\"4024\" data-end=\"4027\" \/>\u2714 recharge rapide et pratique<\/p>\n<p data-start=\"4060\" data-end=\"4199\">\ud83d\udc49 C\u2019est un choix parfait pour remplacer ou am\u00e9liorer une batterie existante et profiter d\u2019un v\u00e9lo \u00e9lectrique plus performant au quotidien.<\/p>\n<h2 data-section-id=\"1q2id0p\" data-start=\"4206\" data-end=\"4228\"><\/h2>\n<h2 data-section-id=\"1wx5ky4\" data-start=\"4428\" data-end=\"4467\">\u2753 FAQ \u2013 Batterie Bosch PowerPack 400<\/h2>\n<h3 data-section-id=\"pmqh0u\" data-start=\"4469\" data-end=\"4514\">1. Quelle autonomie pour cette batterie ?<\/h3>\n<p data-start=\"4515\" data-end=\"4575\">Entre 60 et 120 km selon le mode d\u2019assistance et le terrain.<\/p>\n<h3 data-section-id=\"s9y40d\" data-start=\"4577\" data-end=\"4619\">2. Est-elle compatible avec mon v\u00e9lo ?<\/h3>\n<p data-start=\"4620\" data-end=\"4690\">Oui, si votre v\u00e9lo utilise un moteur Bosch Active ou Performance Line.<\/p>\n<h3 data-section-id=\"zgydd6\" data-start=\"4692\" data-end=\"4732\">3. Combien de temps dure la charge ?<\/h3>\n<p data-start=\"4733\" data-end=\"4783\">Environ 3,5 \u00e0 4,5 heures pour une charge compl\u00e8te.<\/p>\n<h3 data-section-id=\"1a516vf\" data-start=\"4785\" data-end=\"4833\">4. Peut-on remplacer une ancienne batterie ?<\/h3>\n<p data-start=\"4834\" data-end=\"4898\">Oui, elle est con\u00e7ue pour remplacer les anciennes PowerPack 400.<\/p>\n<h3 data-section-id=\"pk4uiq\" data-start=\"4900\" data-end=\"4935\">5. Quelle est sa dur\u00e9e de vie ?<\/h3>\n<p data-start=\"4936\" data-end=\"4972\">Environ 500 \u00e0 1000 cycles de charge.<\/p>\n<h3 data-section-id=\"12w6qnr\" data-start=\"4974\" data-end=\"5021\">6. Est-elle adapt\u00e9e aux longues distances ?<\/h3>\n<p data-start=\"5022\" data-end=\"5077\">Oui, id\u00e9ale pour le trekking et les trajets quotidiens.<\/p>\n<h3 data-section-id=\"xb64nm\" data-start=\"5079\" data-end=\"5121\">7. Peut-elle \u00eatre retir\u00e9e facilement ?<\/h3>\n<p data-start=\"5122\" data-end=\"5166\">Oui, elle est amovible avec cl\u00e9 de s\u00e9curit\u00e9.<\/p>\n","protected":false},"excerpt":{"rendered":"<ul data-start=\"5199\" data-end=\"5441\">\n<li data-section-id=\"sim5gb\" data-start=\"5199\" data-end=\"5248\"><span style=\"color: #008000;\">\ud83d\udd0b Puissance et autonomie : 400Wh \/ 60\u2013120 km<\/span><\/li>\n<li data-section-id=\"1loy8uj\" data-start=\"5249\" data-end=\"5305\"><span style=\"color: #008000;\">\ud83e\udde0 Technologie et s\u00e9curit\u00e9 : Lithium-ion + BMS Bosch<\/span><\/li>\n<li data-section-id=\"3egmqr\" data-start=\"5306\" data-end=\"5360\"><span style=\"color: #008000;\">\ud83d\udeb2 Compatibilit\u00e9 : Bosch Active \/ Performance Line<\/span><\/li>\n<li data-section-id=\"sf8xro\" data-start=\"5361\" data-end=\"5441\"><span style=\"color: #008000;\">\u2b50 Avantage principal : \u00e9quilibre parfait entre autonomie, poids et fiabilit\u00e9.<\/span><\/li>\n<li data-section-id=\"sf8xro\" data-start=\"5361\" data-end=\"5441\"><strong>Optez pour la Bosch PowerPack 400 et redonnez une nouvelle vie \u00e0 votre v\u00e9lo \u00e9lectrique. Profitez d\u2019une autonomie optimis\u00e9e, d\u2019une puissance constante et d\u2019une fiabilit\u00e9 reconnue mondialement.<\/strong><\/li>\n<\/ul>\n","protected":false},"featured_media":27198,"comment_status":"open","ping_status":"closed","template":"","meta":[],"product_brand":[76],"product_cat":[129,141,118,111,33],"product_tag":[478,479],"class_list":{"0":"post-27226","1":"product","2":"type-product","3":"status-publish","4":"has-post-thumbnail","6":"product_brand-bosch","7":"product_cat-10-15-ah","8":"product_cat-360-540-wh","9":"product_cat-36v","10":"product_cat-batterie-amovible","11":"product_cat-batteries-de-velos","12":"product_tag-batterie-velo-electrique","13":"product_tag-batterie-velo-fiable","15":"first","16":"instock","17":"sale","18":"featured","19":"shipping-taxable","20":"purchasable","21":"product-type-simple"},"yoast_head":"<!-- This site is optimized with the Yoast SEO plugin v27.5 - https:\/\/yoast.com\/product\/yoast-seo-wordpress\/ -->\n<title>Batterie pour velos Bosch PowerPack 400 | Performance\/Active | cadre - ateliervae.fr<\/title>\n<meta name=\"description\" content=\"Batterie v\u00e9lo grande autonomie Bosch PowerPack 400 pour v\u00e9lo \u00e9lectrique, lithium-ion 36V 400Wh. Prix \u00e0 \u20ac, autonomie et fiabilit\u00e9 optimales.\" \/>\n<meta name=\"robots\" content=\"index, follow, max-snippet:-1, max-image-preview:large, max-video-preview:-1\" \/>\n<link rel=\"canonical\" href=\"https:\/\/ateliervae.fr\/?product=bosch-powerpack-400-performance-active-cadre-batterie-velo\" \/>\n<meta property=\"og:locale\" content=\"fr_FR\" \/>\n<meta property=\"og:type\" content=\"article\" \/>\n<meta property=\"og:title\" content=\"Batterie pour velos Bosch PowerPack 400 | Performance\/Active | cadre - ateliervae.fr\" \/>\n<meta property=\"og:description\" content=\"Batterie v\u00e9lo grande autonomie Bosch PowerPack 400 pour v\u00e9lo \u00e9lectrique, lithium-ion 36V 400Wh. Prix \u00e0 \u20ac, autonomie et fiabilit\u00e9 optimales.\" \/>\n<meta property=\"og:url\" content=\"https:\/\/ateliervae.fr\/?product=bosch-powerpack-400-performance-active-cadre-batterie-velo\" \/>\n<meta property=\"og:site_name\" content=\"ateliervae.fr\" \/>\n<meta property=\"article:modified_time\" content=\"2026-04-17T10:26:08+00:00\" \/>\n<meta property=\"og:image\" content=\"https:\/\/ateliervae.fr\/wp-content\/uploads\/2026\/04\/bosch-powerpack-active-400-frame-antraciet-fietsbatterij-afbeelding-1.png\" \/>\n\t<meta property=\"og:image:width\" content=\"360\" \/>\n\t<meta property=\"og:image:height\" content=\"360\" \/>\n\t<meta property=\"og:image:type\" content=\"image\/png\" \/>\n<meta name=\"twitter:card\" content=\"summary_large_image\" \/>\n<meta name=\"twitter:label1\" content=\"Dur\u00e9e de lecture estim\u00e9e\" \/>\n\t<meta name=\"twitter:data1\" content=\"4 minutes\" \/>\n<script type=\"application\/ld+json\" class=\"yoast-schema-graph\">{\"@context\":\"https:\\\/\\\/schema.org\",\"@graph\":[{\"@type\":\"WebPage\",\"@id\":\"https:\\\/\\\/ateliervae.fr\\\/?product=bosch-powerpack-400-performance-active-cadre-batterie-velo\",\"url\":\"https:\\\/\\\/ateliervae.fr\\\/?product=bosch-powerpack-400-performance-active-cadre-batterie-velo\",\"name\":\"Batterie pour velos Bosch PowerPack 400 | Performance\\\/Active | cadre - ateliervae.fr\",\"isPartOf\":{\"@id\":\"https:\\\/\\\/ateliervae.fr\\\/#website\"},\"primaryImageOfPage\":{\"@id\":\"https:\\\/\\\/ateliervae.fr\\\/?product=bosch-powerpack-400-performance-active-cadre-batterie-velo#primaryimage\"},\"image\":{\"@id\":\"https:\\\/\\\/ateliervae.fr\\\/?product=bosch-powerpack-400-performance-active-cadre-batterie-velo#primaryimage\"},\"thumbnailUrl\":\"https:\\\/\\\/ateliervae.fr\\\/wp-content\\\/uploads\\\/2026\\\/04\\\/bosch-powerpack-active-400-frame-antraciet-fietsbatterij-afbeelding-1.png\",\"datePublished\":\"2026-04-13T09:39:03+00:00\",\"dateModified\":\"2026-04-17T10:26:08+00:00\",\"description\":\"Batterie v\u00e9lo grande autonomie Bosch PowerPack 400 pour v\u00e9lo \u00e9lectrique, lithium-ion 36V 400Wh. Prix \u00e0 \u20ac, autonomie et fiabilit\u00e9 optimales.\",\"breadcrumb\":{\"@id\":\"https:\\\/\\\/ateliervae.fr\\\/?product=bosch-powerpack-400-performance-active-cadre-batterie-velo#breadcrumb\"},\"inLanguage\":\"fr-FR\",\"potentialAction\":[{\"@type\":\"ReadAction\",\"target\":[\"https:\\\/\\\/ateliervae.fr\\\/?product=bosch-powerpack-400-performance-active-cadre-batterie-velo\"]}]},{\"@type\":\"ImageObject\",\"inLanguage\":\"fr-FR\",\"@id\":\"https:\\\/\\\/ateliervae.fr\\\/?product=bosch-powerpack-400-performance-active-cadre-batterie-velo#primaryimage\",\"url\":\"https:\\\/\\\/ateliervae.fr\\\/wp-content\\\/uploads\\\/2026\\\/04\\\/bosch-powerpack-active-400-frame-antraciet-fietsbatterij-afbeelding-1.png\",\"contentUrl\":\"https:\\\/\\\/ateliervae.fr\\\/wp-content\\\/uploads\\\/2026\\\/04\\\/bosch-powerpack-active-400-frame-antraciet-fietsbatterij-afbeelding-1.png\",\"width\":360,\"height\":360,\"caption\":\"batterie v\u00e9lo grande autonomie\"},{\"@type\":\"BreadcrumbList\",\"@id\":\"https:\\\/\\\/ateliervae.fr\\\/?product=bosch-powerpack-400-performance-active-cadre-batterie-velo#breadcrumb\",\"itemListElement\":[{\"@type\":\"ListItem\",\"position\":1,\"name\":\"Home\",\"item\":\"https:\\\/\\\/ateliervae.fr\\\/\"},{\"@type\":\"ListItem\",\"position\":2,\"name\":\"Produits\",\"item\":\"https:\\\/\\\/ateliervae.fr\\\/shop\\\/\"},{\"@type\":\"ListItem\",\"position\":3,\"name\":\"Batterie pour velos Bosch PowerPack 400 | Performance\\\/Active | cadre\"}]},{\"@type\":\"WebSite\",\"@id\":\"https:\\\/\\\/ateliervae.fr\\\/#website\",\"url\":\"https:\\\/\\\/ateliervae.fr\\\/\",\"name\":\"ateliervae.fr\",\"description\":\"L\u2019\u00e9nergie au c\u0153ur de vos trajets\",\"publisher\":{\"@id\":\"https:\\\/\\\/ateliervae.fr\\\/#organization\"},\"potentialAction\":[{\"@type\":\"SearchAction\",\"target\":{\"@type\":\"EntryPoint\",\"urlTemplate\":\"https:\\\/\\\/ateliervae.fr\\\/?s={search_term_string}\"},\"query-input\":{\"@type\":\"PropertyValueSpecification\",\"valueRequired\":true,\"valueName\":\"search_term_string\"}}],\"inLanguage\":\"fr-FR\"},{\"@type\":\"Organization\",\"@id\":\"https:\\\/\\\/ateliervae.fr\\\/#organization\",\"name\":\"ateliervae.fr\",\"url\":\"https:\\\/\\\/ateliervae.fr\\\/\",\"logo\":{\"@type\":\"ImageObject\",\"inLanguage\":\"fr-FR\",\"@id\":\"https:\\\/\\\/ateliervae.fr\\\/#\\\/schema\\\/logo\\\/image\\\/\",\"url\":\"https:\\\/\\\/ateliervae.fr\\\/wp-content\\\/uploads\\\/2026\\\/04\\\/ChatGPT-Image-6-avr.-2026-11_58_22.png\",\"contentUrl\":\"https:\\\/\\\/ateliervae.fr\\\/wp-content\\\/uploads\\\/2026\\\/04\\\/ChatGPT-Image-6-avr.-2026-11_58_22.png\",\"width\":1536,\"height\":1024,\"caption\":\"ateliervae.fr\"},\"image\":{\"@id\":\"https:\\\/\\\/ateliervae.fr\\\/#\\\/schema\\\/logo\\\/image\\\/\"}}]}<\/script>\n<!-- \/ Yoast SEO plugin. -->","yoast_head_json":{"title":"Batterie pour velos Bosch PowerPack 400 | Performance\/Active | cadre - ateliervae.fr","description":"Batterie v\u00e9lo grande autonomie Bosch PowerPack 400 pour v\u00e9lo \u00e9lectrique, lithium-ion 36V 400Wh. Prix \u00e0 \u20ac, autonomie et fiabilit\u00e9 optimales.","robots":{"index":"index","follow":"follow","max-snippet":"max-snippet:-1","max-image-preview":"max-image-preview:large","max-video-preview":"max-video-preview:-1"},"canonical":"https:\/\/ateliervae.fr\/?product=bosch-powerpack-400-performance-active-cadre-batterie-velo","og_locale":"fr_FR","og_type":"article","og_title":"Batterie pour velos Bosch PowerPack 400 | Performance\/Active | cadre - ateliervae.fr","og_description":"Batterie v\u00e9lo grande autonomie Bosch PowerPack 400 pour v\u00e9lo \u00e9lectrique, lithium-ion 36V 400Wh. Prix \u00e0 \u20ac, autonomie et fiabilit\u00e9 optimales.","og_url":"https:\/\/ateliervae.fr\/?product=bosch-powerpack-400-performance-active-cadre-batterie-velo","og_site_name":"ateliervae.fr","article_modified_time":"2026-04-17T10:26:08+00:00","og_image":[{"width":360,"height":360,"url":"https:\/\/ateliervae.fr\/wp-content\/uploads\/2026\/04\/bosch-powerpack-active-400-frame-antraciet-fietsbatterij-afbeelding-1.png","type":"image\/png"}],"twitter_card":"summary_large_image","twitter_misc":{"Dur\u00e9e de lecture estim\u00e9e":"4 minutes"},"schema":{"@context":"https:\/\/schema.org","@graph":[{"@type":"WebPage","@id":"https:\/\/ateliervae.fr\/?product=bosch-powerpack-400-performance-active-cadre-batterie-velo","url":"https:\/\/ateliervae.fr\/?product=bosch-powerpack-400-performance-active-cadre-batterie-velo","name":"Batterie pour velos Bosch PowerPack 400 | Performance\/Active | cadre - ateliervae.fr","isPartOf":{"@id":"https:\/\/ateliervae.fr\/#website"},"primaryImageOfPage":{"@id":"https:\/\/ateliervae.fr\/?product=bosch-powerpack-400-performance-active-cadre-batterie-velo#primaryimage"},"image":{"@id":"https:\/\/ateliervae.fr\/?product=bosch-powerpack-400-performance-active-cadre-batterie-velo#primaryimage"},"thumbnailUrl":"https:\/\/ateliervae.fr\/wp-content\/uploads\/2026\/04\/bosch-powerpack-active-400-frame-antraciet-fietsbatterij-afbeelding-1.png","datePublished":"2026-04-13T09:39:03+00:00","dateModified":"2026-04-17T10:26:08+00:00","description":"Batterie v\u00e9lo grande autonomie Bosch PowerPack 400 pour v\u00e9lo \u00e9lectrique, lithium-ion 36V 400Wh. Prix \u00e0 \u20ac, autonomie et fiabilit\u00e9 optimales.","breadcrumb":{"@id":"https:\/\/ateliervae.fr\/?product=bosch-powerpack-400-performance-active-cadre-batterie-velo#breadcrumb"},"inLanguage":"fr-FR","potentialAction":[{"@type":"ReadAction","target":["https:\/\/ateliervae.fr\/?product=bosch-powerpack-400-performance-active-cadre-batterie-velo"]}]},{"@type":"ImageObject","inLanguage":"fr-FR","@id":"https:\/\/ateliervae.fr\/?product=bosch-powerpack-400-performance-active-cadre-batterie-velo#primaryimage","url":"https:\/\/ateliervae.fr\/wp-content\/uploads\/2026\/04\/bosch-powerpack-active-400-frame-antraciet-fietsbatterij-afbeelding-1.png","contentUrl":"https:\/\/ateliervae.fr\/wp-content\/uploads\/2026\/04\/bosch-powerpack-active-400-frame-antraciet-fietsbatterij-afbeelding-1.png","width":360,"height":360,"caption":"batterie v\u00e9lo grande autonomie"},{"@type":"BreadcrumbList","@id":"https:\/\/ateliervae.fr\/?product=bosch-powerpack-400-performance-active-cadre-batterie-velo#breadcrumb","itemListElement":[{"@type":"ListItem","position":1,"name":"Home","item":"https:\/\/ateliervae.fr\/"},{"@type":"ListItem","position":2,"name":"Produits","item":"https:\/\/ateliervae.fr\/shop\/"},{"@type":"ListItem","position":3,"name":"Batterie pour velos Bosch PowerPack 400 | Performance\/Active | cadre"}]},{"@type":"WebSite","@id":"https:\/\/ateliervae.fr\/#website","url":"https:\/\/ateliervae.fr\/","name":"ateliervae.fr","description":"L\u2019\u00e9nergie au c\u0153ur de vos trajets","publisher":{"@id":"https:\/\/ateliervae.fr\/#organization"},"potentialAction":[{"@type":"SearchAction","target":{"@type":"EntryPoint","urlTemplate":"https:\/\/ateliervae.fr\/?s={search_term_string}"},"query-input":{"@type":"PropertyValueSpecification","valueRequired":true,"valueName":"search_term_string"}}],"inLanguage":"fr-FR"},{"@type":"Organization","@id":"https:\/\/ateliervae.fr\/#organization","name":"ateliervae.fr","url":"https:\/\/ateliervae.fr\/","logo":{"@type":"ImageObject","inLanguage":"fr-FR","@id":"https:\/\/ateliervae.fr\/#\/schema\/logo\/image\/","url":"https:\/\/ateliervae.fr\/wp-content\/uploads\/2026\/04\/ChatGPT-Image-6-avr.-2026-11_58_22.png","contentUrl":"https:\/\/ateliervae.fr\/wp-content\/uploads\/2026\/04\/ChatGPT-Image-6-avr.-2026-11_58_22.png","width":1536,"height":1024,"caption":"ateliervae.fr"},"image":{"@id":"https:\/\/ateliervae.fr\/#\/schema\/logo\/image\/"}}]}},"_links":{"self":[{"href":"https:\/\/ateliervae.fr\/index.php?rest_route=\/wp\/v2\/product\/27226","targetHints":{"allow":["GET"]}}],"collection":[{"href":"https:\/\/ateliervae.fr\/index.php?rest_route=\/wp\/v2\/product"}],"about":[{"href":"https:\/\/ateliervae.fr\/index.php?rest_route=\/wp\/v2\/types\/product"}],"replies":[{"embeddable":true,"href":"https:\/\/ateliervae.fr\/index.php?rest_route=%2Fwp%2Fv2%2Fcomments&post=27226"}],"version-history":[{"count":2,"href":"https:\/\/ateliervae.fr\/index.php?rest_route=\/wp\/v2\/product\/27226\/revisions"}],"predecessor-version":[{"id":27439,"href":"https:\/\/ateliervae.fr\/index.php?rest_route=\/wp\/v2\/product\/27226\/revisions\/27439"}],"wp:featuredmedia":[{"embeddable":true,"href":"https:\/\/ateliervae.fr\/index.php?rest_route=\/wp\/v2\/media\/27198"}],"wp:attachment":[{"href":"https:\/\/ateliervae.fr\/index.php?rest_route=%2Fwp%2Fv2%2Fmedia&parent=27226"}],"wp:term":[{"taxonomy":"product_brand","embeddable":true,"href":"https:\/\/ateliervae.fr\/index.php?rest_route=%2Fwp%2Fv2%2Fproduct_brand&post=27226"},{"taxonomy":"product_cat","embeddable":true,"href":"https:\/\/ateliervae.fr\/index.php?rest_route=%2Fwp%2Fv2%2Fproduct_cat&post=27226"},{"taxonomy":"product_tag","embeddable":true,"href":"https:\/\/ateliervae.fr\/index.php?rest_route=%2Fwp%2Fv2%2Fproduct_tag&post=27226"}],"curies":[{"name":"wp","href":"https:\/\/api.w.org\/{rel}","templated":true}]}}