{"id":27225,"date":"2026-04-13T09:39:03","date_gmt":"2026-04-13T09:39:03","guid":{"rendered":"https:\/\/ateliervae.fr\/product\/bosch-powerpack-540-performance-active-cadre-par-e-bike-vision\/"},"modified":"2026-04-16T08:43:27","modified_gmt":"2026-04-16T08:43:27","slug":"bosch-powerpack-540-performance-active-cadre-par-e-bike-vision","status":"publish","type":"product","link":"https:\/\/ateliervae.fr\/?product=bosch-powerpack-540-performance-active-cadre-par-e-bike-vision","title":{"rendered":"Batterie pour velos Bosch PowerPack 540 | Performance\/Active | cadre | par E-Bike Vision"},"content":{"rendered":"<div class=\"flex flex-col text-sm pb-25\">\n<section class=\"text-token-text-primary w-full focus:outline-none [--shadow-height:45px] has-data-writing-block:pointer-events-none has-data-writing-block:-mt-(--shadow-height) has-data-writing-block:pt-(--shadow-height) [&amp;:has([data-writing-block])&gt;*]:pointer-events-auto scroll-mt-[calc(var(--header-height)+min(200px,max(70px,20svh)))]\" dir=\"auto\" data-turn-id=\"request-WEB:39019f25-3ac2-4da2-bce9-88007f74835a-63\" data-testid=\"conversation-turn-2\" data-scroll-anchor=\"true\" data-turn=\"assistant\">\n<div class=\"text-base my-auto mx-auto pb-10 [--thread-content-margin:var(--thread-content-margin-xs,calc(var(--spacing)*4))] @w-sm\/main:[--thread-content-margin:var(--thread-content-margin-sm,calc(var(--spacing)*6))] @w-lg\/main:[--thread-content-margin:var(--thread-content-margin-lg,calc(var(--spacing)*16))] px-(--thread-content-margin)\">\n<div class=\"[--thread-content-max-width:40rem] @w-lg\/main:[--thread-content-max-width:48rem] mx-auto max-w-(--thread-content-max-width) flex-1 group\/turn-messages focus-visible:outline-hidden relative flex w-full min-w-0 flex-col agent-turn\">\n<div class=\"flex max-w-full flex-col gap-4 grow\">\n<div class=\"min-h-8 text-message relative flex w-full flex-col items-end gap-2 text-start break-words whitespace-normal outline-none keyboard-focused:focus-ring [.text-message+&amp;]:mt-1\" dir=\"auto\" tabindex=\"0\" data-message-author-role=\"assistant\" data-message-id=\"cc003a99-dacd-42e5-8b50-cad3b043d163\" data-message-model-slug=\"gpt-5-3\" data-turn-start-message=\"true\">\n<div class=\"flex w-full flex-col gap-1 empty:hidden\">\n<div class=\"markdown prose dark:prose-invert w-full wrap-break-word light markdown-new-styling\">\n<h2 data-section-id=\"10qs832\" data-start=\"196\" data-end=\"231\">Description d\u00e9taill\u00e9e du produit<\/h2>\n<p data-start=\"233\" data-end=\"629\">La <strong data-start=\"236\" data-end=\"326\">Batterie pour v\u00e9los Bosch PowerPack 540 Performance\/Active \u2013 cadre \u2013 par E-Bike Vision<\/strong> est une solution id\u00e9ale pour tous les cyclistes \u00e0 la recherche d\u2019une <strong data-start=\"396\" data-end=\"435\">batterie pour v\u00e9lo grande autonomie<\/strong> fiable et performante. Con\u00e7ue pour remplacer ou am\u00e9liorer votre batterie d\u2019origine Bosch, elle s\u2019adresse aussi bien aux utilisateurs de <strong data-start=\"572\" data-end=\"591\">VTT \u00e9lectriques<\/strong>, v\u00e9los urbains que v\u00e9los de trekking.<\/p>\n<p data-start=\"631\" data-end=\"962\">Gr\u00e2ce \u00e0 sa technologie avanc\u00e9e <strong data-start=\"662\" data-end=\"684\">lithium-ion e-bike<\/strong>, cette batterie offre une excellente densit\u00e9 \u00e9nerg\u00e9tique, garantissant des performances durables et une recharge optimis\u00e9e. Elle est parfaitement adapt\u00e9e aux utilisateurs exigeants souhaitant maximiser leur <strong data-start=\"892\" data-end=\"930\">autonomie batterie v\u00e9lo \u00e9lectrique<\/strong> sans compromis sur la s\u00e9curit\u00e9.<\/p>\n<h3 data-section-id=\"uxdee0\" data-start=\"964\" data-end=\"1009\">\u26a1 Performance et autonomie exceptionnelle<\/h3>\n<p data-start=\"1011\" data-end=\"1295\">Avec une capacit\u00e9 \u00e9lev\u00e9e de <strong data-start=\"1039\" data-end=\"1049\">540 Wh<\/strong>, cette batterie permet de parcourir de longues distances en toute s\u00e9r\u00e9nit\u00e9. Selon les conditions (poids, terrain, mode d\u2019assistance), vous pouvez atteindre une autonomie impressionnante, id\u00e9ale pour les trajets quotidiens ou les longues balades.<\/p>\n<h3 data-section-id=\"wdseh7\" data-start=\"1297\" data-end=\"1334\">\ud83d\udd0b Technologie Lithium-ion fiable<\/h3>\n<p data-start=\"1336\" data-end=\"1442\">La batterie utilise une technologie <strong data-start=\"1372\" data-end=\"1408\">batterie lithium v\u00e9lo \u00e9lectrique<\/strong> de derni\u00e8re g\u00e9n\u00e9ration, offrant :<\/p>\n<ul data-start=\"1443\" data-end=\"1526\">\n<li data-section-id=\"hq5cjo\" data-start=\"1443\" data-end=\"1471\">Une meilleure dur\u00e9e de vie<\/li>\n<li data-section-id=\"1ixiauo\" data-start=\"1472\" data-end=\"1493\">Une recharge rapide<\/li>\n<li data-section-id=\"i4fpq\" data-start=\"1494\" data-end=\"1526\">Une stabilit\u00e9 thermique accrue<\/li>\n<\/ul>\n<h3 data-section-id=\"u44oz7\" data-start=\"1528\" data-end=\"1559\">\ud83d\udeb4\u200d\u2642\ufe0f Compatibilit\u00e9 \u00e9tendue<\/h3>\n<p data-start=\"1561\" data-end=\"1742\">Cette batterie est compatible avec les syst\u00e8mes Bosch Active Line et Performance Line, ce qui en fait un excellent choix pour remplacer votre <strong data-start=\"1703\" data-end=\"1741\">batterie 36V v\u00e9lo \u00e9lectrique Bosch<\/strong>.<\/p>\n<h3 data-section-id=\"10ozv6n\" data-start=\"1744\" data-end=\"1774\">\ud83d\udee1\ufe0f S\u00e9curit\u00e9 et durabilit\u00e9<\/h3>\n<p data-start=\"1776\" data-end=\"1863\">\u00c9quip\u00e9e d\u2019un syst\u00e8me <strong data-start=\"1797\" data-end=\"1832\">BMS (Battery Management System)<\/strong> int\u00e9gr\u00e9, elle prot\u00e8ge contre :<\/p>\n<ul data-start=\"1864\" data-end=\"1908\">\n<li data-section-id=\"4949xx\" data-start=\"1864\" data-end=\"1876\">Surcharges<\/li>\n<li data-section-id=\"1xcejsl\" data-start=\"1877\" data-end=\"1890\">Surchauffes<\/li>\n<li data-section-id=\"6j3nvt\" data-start=\"1891\" data-end=\"1908\">Courts-circuits<\/li>\n<\/ul>\n<h3 data-section-id=\"1r684kd\" data-start=\"1915\" data-end=\"1937\"><\/h3>\n<div><\/div>\n<h2 data-section-id=\"t5bigv\" data-start=\"2073\" data-end=\"2101\">Tableau technique complet<\/h2>\n<div class=\"TyagGW_tableContainer\">\n<div class=\"group TyagGW_tableWrapper flex flex-col-reverse w-fit\" tabindex=\"-1\">\n<table class=\"w-fit min-w-(--thread-content-width)\" data-start=\"2103\" data-end=\"2889\">\n<thead data-start=\"2103\" data-end=\"2144\">\n<tr data-start=\"2103\" data-end=\"2144\">\n<th class=\"\" data-start=\"2103\" data-end=\"2134\" data-col-size=\"sm\">Caract\u00e9ristique<\/th>\n<th class=\"\" data-start=\"2134\" data-end=\"2144\" data-col-size=\"sm\">D\u00e9tail<\/th>\n<\/tr>\n<\/thead>\n<tbody data-start=\"2185\" data-end=\"2889\">\n<tr data-start=\"2185\" data-end=\"2235\">\n<td data-start=\"2185\" data-end=\"2214\" data-col-size=\"sm\">Type de batterie<\/td>\n<td data-start=\"2214\" data-end=\"2235\" data-col-size=\"sm\">Batterie amovible<\/td>\n<\/tr>\n<tr data-start=\"2236\" data-end=\"2280\">\n<td data-start=\"2236\" data-end=\"2265\" data-col-size=\"sm\">Technologie<\/td>\n<td data-start=\"2265\" data-end=\"2280\" data-col-size=\"sm\">Lithium-ion<\/td>\n<\/tr>\n<tr data-start=\"2281\" data-end=\"2317\">\n<td data-start=\"2281\" data-end=\"2310\" data-col-size=\"sm\">Voltage<\/td>\n<td data-start=\"2310\" data-end=\"2317\" data-col-size=\"sm\">36V<\/td>\n<\/tr>\n<tr data-start=\"2318\" data-end=\"2365\">\n<td data-start=\"2318\" data-end=\"2347\" data-col-size=\"sm\">Capacit\u00e9<\/td>\n<td data-start=\"2347\" data-end=\"2365\" data-col-size=\"sm\">15 Ah \/ 540 Wh<\/td>\n<\/tr>\n<tr data-start=\"2366\" data-end=\"2410\">\n<td data-start=\"2366\" data-end=\"2395\" data-col-size=\"sm\">Autonomie estim\u00e9e<\/td>\n<td data-start=\"2395\" data-end=\"2410\" data-col-size=\"sm\">70 \u00e0 150 km<\/td>\n<\/tr>\n<tr data-start=\"2411\" data-end=\"2456\">\n<td data-start=\"2411\" data-end=\"2440\" data-col-size=\"sm\">Temps de charge<\/td>\n<td data-start=\"2440\" data-end=\"2456\" data-col-size=\"sm\">4 \u00e0 6 heures<\/td>\n<\/tr>\n<tr data-start=\"2457\" data-end=\"2507\">\n<td data-start=\"2457\" data-end=\"2486\" data-col-size=\"sm\">Dur\u00e9e de vie<\/td>\n<td data-start=\"2486\" data-end=\"2507\" data-col-size=\"sm\">700 \u00e0 1000 cycles<\/td>\n<\/tr>\n<tr data-start=\"2508\" data-end=\"2567\">\n<td data-start=\"2508\" data-end=\"2537\" data-col-size=\"sm\">Compatibilit\u00e9<\/td>\n<td data-start=\"2537\" data-end=\"2567\" data-col-size=\"sm\">Bosch Active \/ Performance<\/td>\n<\/tr>\n<tr data-start=\"2568\" data-end=\"2606\">\n<td data-start=\"2568\" data-end=\"2597\" data-col-size=\"sm\">Syst\u00e8me de fixation<\/td>\n<td data-start=\"2597\" data-end=\"2606\" data-col-size=\"sm\">Cadre<\/td>\n<\/tr>\n<tr data-start=\"2607\" data-end=\"2647\">\n<td data-start=\"2607\" data-end=\"2636\" data-col-size=\"sm\">Poids<\/td>\n<td data-start=\"2636\" data-end=\"2647\" data-col-size=\"sm\">~2.8 kg<\/td>\n<\/tr>\n<tr data-start=\"2648\" data-end=\"2697\">\n<td data-start=\"2648\" data-end=\"2677\" data-col-size=\"sm\">Emplacement<\/td>\n<td data-start=\"2677\" data-end=\"2697\" data-col-size=\"sm\">Cadre (downtube)<\/td>\n<\/tr>\n<tr data-start=\"2698\" data-end=\"2747\">\n<td data-start=\"2698\" data-end=\"2727\" data-col-size=\"sm\">Type<\/td>\n<td data-start=\"2727\" data-end=\"2747\" data-col-size=\"sm\">Batterie externe<\/td>\n<\/tr>\n<tr data-start=\"2748\" data-end=\"2792\">\n<td data-start=\"2748\" data-end=\"2777\" data-col-size=\"sm\">S\u00e9curit\u00e9<\/td>\n<td data-start=\"2777\" data-end=\"2792\" data-col-size=\"sm\">BMS int\u00e9gr\u00e9<\/td>\n<\/tr>\n<tr data-start=\"2793\" data-end=\"2838\">\n<td data-start=\"2793\" data-end=\"2822\" data-col-size=\"sm\">Temp\u00e9rature d\u2019utilisation<\/td>\n<td data-start=\"2822\" data-end=\"2838\" data-col-size=\"sm\">-10\u00b0C \u00e0 40\u00b0C<\/td>\n<\/tr>\n<tr data-start=\"2839\" data-end=\"2889\">\n<td data-start=\"2839\" data-end=\"2868\" data-col-size=\"sm\">Ann\u00e9e \/ gamme<\/td>\n<td data-start=\"2868\" data-end=\"2889\" data-col-size=\"sm\">Gamme Performance<\/td>\n<\/tr>\n<\/tbody>\n<\/table>\n<\/div>\n<\/div>\n<h3 data-section-id=\"surocz\" data-start=\"2896\" data-end=\"2919\"><\/h3>\n<div><\/div>\n<h2 data-section-id=\"1mu3gfr\" data-start=\"2993\" data-end=\"3014\">Tableau comparatif<\/h2>\n<div class=\"TyagGW_tableContainer\">\n<div class=\"group TyagGW_tableWrapper flex flex-col-reverse w-fit\" tabindex=\"-1\">\n<table class=\"w-fit min-w-(--thread-content-width)\" data-start=\"3016\" data-end=\"3552\">\n<thead data-start=\"3016\" data-end=\"3125\">\n<tr data-start=\"3016\" data-end=\"3125\">\n<th class=\"\" data-start=\"3016\" data-end=\"3049\" data-col-size=\"sm\">Mod\u00e8le<\/th>\n<th class=\"\" data-start=\"3049\" data-end=\"3056\" data-col-size=\"sm\">Type<\/th>\n<th class=\"\" data-start=\"3056\" data-end=\"3077\" data-col-size=\"sm\">Voltage \/ Capacit\u00e9<\/th>\n<th class=\"\" data-start=\"3077\" data-end=\"3089\" data-col-size=\"sm\">Autonomie<\/th>\n<th class=\"\" data-start=\"3089\" data-end=\"3105\" data-col-size=\"sm\">Compatibilit\u00e9<\/th>\n<th class=\"\" data-start=\"3105\" data-end=\"3113\" data-col-size=\"sm\">Poids<\/th>\n<th class=\"\" data-start=\"3113\" data-end=\"3125\" data-col-size=\"sm\">Prix TTC<\/th>\n<\/tr>\n<\/thead>\n<tbody data-start=\"3237\" data-end=\"3552\">\n<tr data-start=\"3237\" data-end=\"3353\">\n<td data-start=\"3237\" data-end=\"3273\" data-col-size=\"sm\">Bosch PowerPack 540 E-Bike Vision<\/td>\n<td data-start=\"3273\" data-end=\"3282\" data-col-size=\"sm\">Li-ion<\/td>\n<td data-start=\"3282\" data-end=\"3296\" data-col-size=\"sm\">36V \/ 540Wh<\/td>\n<td data-start=\"3296\" data-end=\"3308\" data-col-size=\"sm\">70\u2013150 km<\/td>\n<td data-start=\"3308\" data-end=\"3335\" data-col-size=\"sm\">Bosch Active\/Performance<\/td>\n<td data-start=\"3335\" data-end=\"3344\" data-col-size=\"sm\">2.8 kg<\/td>\n<td data-start=\"3344\" data-end=\"3353\" data-col-size=\"sm\">~599\u20ac<\/td>\n<\/tr>\n<tr data-start=\"3354\" data-end=\"3448\">\n<td data-start=\"3354\" data-end=\"3387\" data-col-size=\"sm\">Bosch PowerPack 500<\/td>\n<td data-start=\"3387\" data-end=\"3396\" data-col-size=\"sm\">Li-ion<\/td>\n<td data-start=\"3396\" data-end=\"3410\" data-col-size=\"sm\">36V \/ 500Wh<\/td>\n<td data-start=\"3410\" data-end=\"3422\" data-col-size=\"sm\">60\u2013130 km<\/td>\n<td data-start=\"3422\" data-end=\"3430\" data-col-size=\"sm\">Bosch<\/td>\n<td data-start=\"3430\" data-end=\"3439\" data-col-size=\"sm\">2.7 kg<\/td>\n<td data-start=\"3439\" data-end=\"3448\" data-col-size=\"sm\">~649\u20ac<\/td>\n<\/tr>\n<tr data-start=\"3449\" data-end=\"3552\">\n<td data-start=\"3449\" data-end=\"3482\" data-col-size=\"sm\">Yamaha 500Wh<\/td>\n<td data-start=\"3482\" data-end=\"3491\" data-col-size=\"sm\">Li-ion<\/td>\n<td data-start=\"3491\" data-end=\"3505\" data-col-size=\"sm\">36V \/ 500Wh<\/td>\n<td data-start=\"3505\" data-end=\"3517\" data-col-size=\"sm\">60\u2013120 km<\/td>\n<td data-start=\"3517\" data-end=\"3534\" data-col-size=\"sm\">Yamaha moteurs<\/td>\n<td data-start=\"3534\" data-end=\"3543\" data-col-size=\"sm\">3.0 kg<\/td>\n<td data-start=\"3543\" data-end=\"3552\" data-col-size=\"sm\">~629\u20ac<\/td>\n<\/tr>\n<\/tbody>\n<\/table>\n<\/div>\n<\/div>\n<h3 data-section-id=\"tevwqq\" data-start=\"3559\" data-end=\"3586\"><\/h3>\n<div><\/div>\n<div><\/div>\n<h2 data-section-id=\"105r1gu\" data-start=\"3716\" data-end=\"3748\">Conclusion<\/h2>\n<p data-start=\"3750\" data-end=\"4062\">La <strong data-start=\"3753\" data-end=\"3803\">Batterie Bosch PowerPack 540 par E-Bike Vision<\/strong> est sans aucun doute l\u2019une des meilleures options pour ceux qui recherchent une <strong data-start=\"3884\" data-end=\"3923\">batterie pour v\u00e9lo grande autonomie<\/strong>. Gr\u00e2ce \u00e0 sa capacit\u00e9 \u00e9lev\u00e9e, sa compatibilit\u00e9 \u00e9tendue et sa technologie avanc\u00e9e, elle garantit des performances fiables sur le long terme.<\/p>\n<p data-start=\"4253\" data-end=\"4351\">\n<h2 data-section-id=\"1hryhf7\" data-start=\"4358\" data-end=\"4364\">FAQ<\/h2>\n<h3 data-section-id=\"3ca5zl\" data-start=\"4366\" data-end=\"4408\">Quelle autonomie pour cette batterie ?<\/h3>\n<p data-start=\"4409\" data-end=\"4509\">L\u2019autonomie varie entre 70 et 150 km selon le mode d\u2019assistance, le terrain et le poids du cycliste.<\/p>\n<h3 data-section-id=\"18f9gkx\" data-start=\"4511\" data-end=\"4550\">Est-elle compatible avec mon v\u00e9lo ?<\/h3>\n<p data-start=\"4551\" data-end=\"4676\">Elle est compatible avec les syst\u00e8mes Bosch Active Line et Performance Line utilisant une <strong data-start=\"4641\" data-end=\"4675\">batterie v\u00e9lo \u00e9lectrique cadre<\/strong>.<\/p>\n<h3 data-section-id=\"1rm5mbb\" data-start=\"4678\" data-end=\"4715\">Combien de temps dure la charge ?<\/h3>\n<p data-start=\"4716\" data-end=\"4788\">Le temps de charge est d\u2019environ 4 \u00e0 6 heures avec un chargeur standard.<\/p>\n<h3 data-section-id=\"yhi8p0\" data-start=\"4790\" data-end=\"4841\">Peut-on remplacer une ancienne batterie Bosch ?<\/h3>\n<p data-start=\"4842\" data-end=\"4919\">Oui, c\u2019est une excellente <strong data-start=\"4868\" data-end=\"4918\">batterie de remplacement v\u00e9lo \u00e9lectrique Bosch<\/strong>.<\/p>\n<h3 data-section-id=\"13txym1\" data-start=\"4921\" data-end=\"4953\">Quelle est sa dur\u00e9e de vie ?<\/h3>\n<p data-start=\"4954\" data-end=\"5026\">Entre 700 et 1000 cycles de charge, soit plusieurs ann\u00e9es d\u2019utilisation.<\/p>\n<h3 data-section-id=\"1m1i69q\" data-start=\"5028\" data-end=\"5063\">Est-ce une batterie s\u00e9curis\u00e9e ?<\/h3>\n<p data-start=\"5064\" data-end=\"5141\">Oui, gr\u00e2ce au syst\u00e8me BMS int\u00e9gr\u00e9 qui prot\u00e8ge contre les risques \u00e9lectriques.<\/p>\n<h3 data-section-id=\"1xf3yja\" data-start=\"5143\" data-end=\"5176\">Peut-on l\u2019utiliser en hiver ?<\/h3>\n<p data-start=\"5177\" data-end=\"5266\">Oui, elle fonctionne entre -10\u00b0C et 40\u00b0C, mais l\u2019autonomie peut diminuer par temps froid.<\/p>\n<\/div>\n<\/div>\n<\/div>\n<\/div>\n<\/div>\n<\/div>\n<\/section>\n<\/div>\n<div class=\"pointer-events-none h-px w-px absolute bottom-0\" aria-hidden=\"true\" data-edge=\"true\"><\/div>\n","protected":false},"excerpt":{"rendered":"<ul data-start=\"5296\" data-end=\"5557\" data-is-last-node=\"\" data-is-only-node=\"\">\n<li data-section-id=\"159d3ao\" data-start=\"5296\" data-end=\"5358\"><span style=\"color: #99cc00;\">\ud83d\udd0b <strong data-start=\"5301\" data-end=\"5327\">Puissance et autonomie<\/strong> : 540Wh pour longues distances<\/span><\/li>\n<li data-section-id=\"zwwq7k\" data-start=\"5359\" data-end=\"5419\"><span style=\"color: #99cc00;\">\u2699\ufe0f <strong data-start=\"5364\" data-end=\"5391\">Technologie et s\u00e9curit\u00e9<\/strong> : Lithium-ion + BMS int\u00e9gr\u00e9<\/span><\/li>\n<li data-section-id=\"hxok1o\" data-start=\"5420\" data-end=\"5476\"><span style=\"color: #99cc00;\">\ud83d\udd04 <strong data-start=\"5425\" data-end=\"5442\">Compatibilit\u00e9<\/strong> : Bosch Active &amp; Performance Line<\/span><\/li>\n<li data-section-id=\"1m8kkpf\" data-start=\"5477\" data-end=\"5557\" data-is-last-node=\"\"><span style=\"color: #99cc00;\">\ud83d\ude80 <strong data-start=\"5482\" data-end=\"5498\">Avantage cl\u00e9<\/strong> : id\u00e9ale comme batterie longue autonomie fiable et durable<\/span><\/li>\n<li data-section-id=\"1m8kkpf\" data-start=\"5477\" data-end=\"5557\" data-is-last-node=\"\">\n<p data-start=\"4064\" data-end=\"4251\">Que vous soyez un cycliste urbain ou amateur de longues randonn\u00e9es, cette <strong data-start=\"4138\" data-end=\"4179\">batterie rechargeable v\u00e9lo \u00e9lectrique<\/strong> vous permettra d\u2019aller plus loin, plus longtemps, et en toute s\u00e9curit\u00e9.<\/p>\n<p data-start=\"4253\" data-end=\"4351\">\ud83d\udc49 <strong data-start=\"4256\" data-end=\"4351\">Passez \u00e0 la performance sup\u00e9rieure d\u00e8s maintenant et redonnez vie \u00e0 votre v\u00e9lo \u00e9lectrique !<\/strong><\/p>\n<\/li>\n<\/ul>\n","protected":false},"featured_media":27196,"comment_status":"open","ping_status":"closed","template":"","meta":[],"product_brand":[76],"product_cat":[224,212,228,113,33,114],"product_tag":[478,479,480],"class_list":{"0":"post-27225","1":"product","2":"type-product","3":"status-publish","4":"has-post-thumbnail","6":"product_brand-bosch","7":"product_cat-15-20-ah-36v-batterie-integree","8":"product_cat-36v-batterie-integree","9":"product_cat-540-720-wh-15-20-ah-36v-batterie-integree","10":"product_cat-batterie-integree","11":"product_cat-batteries-de-velos","12":"product_cat-cadre-integre","13":"product_tag-batterie-velo-electrique","14":"product_tag-batterie-velo-fiable","15":"product_tag-batterie-velo-resistante","17":"first","18":"instock","19":"sale","20":"shipping-taxable","21":"purchasable","22":"product-type-simple"},"yoast_head":"<!-- This site is optimized with the Yoast SEO plugin v27.5 - https:\/\/yoast.com\/product\/yoast-seo-wordpress\/ -->\n<title>Batterie pour velos Bosch PowerPack 540 | Performance\/Active | cadre | par E-Bike Vision - ateliervae.fr<\/title>\n<meta name=\"description\" content=\"Batterie pour v\u00e9lo grande autonomie Bosch PowerPack 540 \u00e0 399\u20ac au lieu 599\u20ac : puissance, fiabilit\u00e9 et longues distances garanties.\" \/>\n<meta name=\"robots\" content=\"index, follow, max-snippet:-1, max-image-preview:large, max-video-preview:-1\" \/>\n<link rel=\"canonical\" href=\"https:\/\/ateliervae.fr\/?product=bosch-powerpack-540-performance-active-cadre-par-e-bike-vision\" \/>\n<meta property=\"og:locale\" content=\"fr_FR\" \/>\n<meta property=\"og:type\" content=\"article\" \/>\n<meta property=\"og:title\" content=\"Batterie pour velos Bosch PowerPack 540 | Performance\/Active | cadre | par E-Bike Vision - ateliervae.fr\" \/>\n<meta property=\"og:description\" content=\"Batterie pour v\u00e9lo grande autonomie Bosch PowerPack 540 \u00e0 399\u20ac au lieu 599\u20ac : puissance, fiabilit\u00e9 et longues distances garanties.\" \/>\n<meta property=\"og:url\" content=\"https:\/\/ateliervae.fr\/?product=bosch-powerpack-540-performance-active-cadre-par-e-bike-vision\" \/>\n<meta property=\"og:site_name\" content=\"ateliervae.fr\" \/>\n<meta property=\"article:modified_time\" content=\"2026-04-16T08:43:27+00:00\" \/>\n<meta property=\"og:image\" content=\"https:\/\/ateliervae.fr\/wp-content\/uploads\/2026\/04\/bosch_powerpack_540_frame_e-bike_vision_driekwartaanzicht_voorkant.jpg\" \/>\n\t<meta property=\"og:image:width\" content=\"360\" \/>\n\t<meta property=\"og:image:height\" content=\"360\" \/>\n\t<meta property=\"og:image:type\" content=\"image\/jpeg\" \/>\n<meta name=\"twitter:card\" content=\"summary_large_image\" \/>\n<meta name=\"twitter:label1\" content=\"Dur\u00e9e de lecture estim\u00e9e\" \/>\n\t<meta name=\"twitter:data1\" content=\"3 minutes\" \/>\n<script type=\"application\/ld+json\" class=\"yoast-schema-graph\">{\"@context\":\"https:\\\/\\\/schema.org\",\"@graph\":[{\"@type\":\"WebPage\",\"@id\":\"https:\\\/\\\/ateliervae.fr\\\/?product=bosch-powerpack-540-performance-active-cadre-par-e-bike-vision\",\"url\":\"https:\\\/\\\/ateliervae.fr\\\/?product=bosch-powerpack-540-performance-active-cadre-par-e-bike-vision\",\"name\":\"Batterie pour velos Bosch PowerPack 540 | Performance\\\/Active | cadre | par E-Bike Vision - ateliervae.fr\",\"isPartOf\":{\"@id\":\"https:\\\/\\\/ateliervae.fr\\\/#website\"},\"primaryImageOfPage\":{\"@id\":\"https:\\\/\\\/ateliervae.fr\\\/?product=bosch-powerpack-540-performance-active-cadre-par-e-bike-vision#primaryimage\"},\"image\":{\"@id\":\"https:\\\/\\\/ateliervae.fr\\\/?product=bosch-powerpack-540-performance-active-cadre-par-e-bike-vision#primaryimage\"},\"thumbnailUrl\":\"https:\\\/\\\/ateliervae.fr\\\/wp-content\\\/uploads\\\/2026\\\/04\\\/bosch_powerpack_540_frame_e-bike_vision_driekwartaanzicht_voorkant.jpg\",\"datePublished\":\"2026-04-13T09:39:03+00:00\",\"dateModified\":\"2026-04-16T08:43:27+00:00\",\"description\":\"Batterie pour v\u00e9lo grande autonomie Bosch PowerPack 540 \u00e0 399\u20ac au lieu 599\u20ac : puissance, fiabilit\u00e9 et longues distances garanties.\",\"breadcrumb\":{\"@id\":\"https:\\\/\\\/ateliervae.fr\\\/?product=bosch-powerpack-540-performance-active-cadre-par-e-bike-vision#breadcrumb\"},\"inLanguage\":\"fr-FR\",\"potentialAction\":[{\"@type\":\"ReadAction\",\"target\":[\"https:\\\/\\\/ateliervae.fr\\\/?product=bosch-powerpack-540-performance-active-cadre-par-e-bike-vision\"]}]},{\"@type\":\"ImageObject\",\"inLanguage\":\"fr-FR\",\"@id\":\"https:\\\/\\\/ateliervae.fr\\\/?product=bosch-powerpack-540-performance-active-cadre-par-e-bike-vision#primaryimage\",\"url\":\"https:\\\/\\\/ateliervae.fr\\\/wp-content\\\/uploads\\\/2026\\\/04\\\/bosch_powerpack_540_frame_e-bike_vision_driekwartaanzicht_voorkant.jpg\",\"contentUrl\":\"https:\\\/\\\/ateliervae.fr\\\/wp-content\\\/uploads\\\/2026\\\/04\\\/bosch_powerpack_540_frame_e-bike_vision_driekwartaanzicht_voorkant.jpg\",\"width\":360,\"height\":360,\"caption\":\"batterie pour v\u00e9lo grande autonomie\"},{\"@type\":\"BreadcrumbList\",\"@id\":\"https:\\\/\\\/ateliervae.fr\\\/?product=bosch-powerpack-540-performance-active-cadre-par-e-bike-vision#breadcrumb\",\"itemListElement\":[{\"@type\":\"ListItem\",\"position\":1,\"name\":\"Home\",\"item\":\"https:\\\/\\\/ateliervae.fr\\\/\"},{\"@type\":\"ListItem\",\"position\":2,\"name\":\"Produits\",\"item\":\"https:\\\/\\\/ateliervae.fr\\\/shop\\\/\"},{\"@type\":\"ListItem\",\"position\":3,\"name\":\"Batterie pour velos Bosch PowerPack 540 | Performance\\\/Active | cadre | par E-Bike Vision\"}]},{\"@type\":\"WebSite\",\"@id\":\"https:\\\/\\\/ateliervae.fr\\\/#website\",\"url\":\"https:\\\/\\\/ateliervae.fr\\\/\",\"name\":\"ateliervae.fr\",\"description\":\"L\u2019\u00e9nergie au c\u0153ur de vos trajets\",\"publisher\":{\"@id\":\"https:\\\/\\\/ateliervae.fr\\\/#organization\"},\"potentialAction\":[{\"@type\":\"SearchAction\",\"target\":{\"@type\":\"EntryPoint\",\"urlTemplate\":\"https:\\\/\\\/ateliervae.fr\\\/?s={search_term_string}\"},\"query-input\":{\"@type\":\"PropertyValueSpecification\",\"valueRequired\":true,\"valueName\":\"search_term_string\"}}],\"inLanguage\":\"fr-FR\"},{\"@type\":\"Organization\",\"@id\":\"https:\\\/\\\/ateliervae.fr\\\/#organization\",\"name\":\"ateliervae.fr\",\"url\":\"https:\\\/\\\/ateliervae.fr\\\/\",\"logo\":{\"@type\":\"ImageObject\",\"inLanguage\":\"fr-FR\",\"@id\":\"https:\\\/\\\/ateliervae.fr\\\/#\\\/schema\\\/logo\\\/image\\\/\",\"url\":\"https:\\\/\\\/ateliervae.fr\\\/wp-content\\\/uploads\\\/2026\\\/04\\\/ChatGPT-Image-6-avr.-2026-11_58_22.png\",\"contentUrl\":\"https:\\\/\\\/ateliervae.fr\\\/wp-content\\\/uploads\\\/2026\\\/04\\\/ChatGPT-Image-6-avr.-2026-11_58_22.png\",\"width\":1536,\"height\":1024,\"caption\":\"ateliervae.fr\"},\"image\":{\"@id\":\"https:\\\/\\\/ateliervae.fr\\\/#\\\/schema\\\/logo\\\/image\\\/\"}}]}<\/script>\n<!-- \/ Yoast SEO plugin. -->","yoast_head_json":{"title":"Batterie pour velos Bosch PowerPack 540 | Performance\/Active | cadre | par E-Bike Vision - ateliervae.fr","description":"Batterie pour v\u00e9lo grande autonomie Bosch PowerPack 540 \u00e0 399\u20ac au lieu 599\u20ac : puissance, fiabilit\u00e9 et longues distances garanties.","robots":{"index":"index","follow":"follow","max-snippet":"max-snippet:-1","max-image-preview":"max-image-preview:large","max-video-preview":"max-video-preview:-1"},"canonical":"https:\/\/ateliervae.fr\/?product=bosch-powerpack-540-performance-active-cadre-par-e-bike-vision","og_locale":"fr_FR","og_type":"article","og_title":"Batterie pour velos Bosch PowerPack 540 | Performance\/Active | cadre | par E-Bike Vision - ateliervae.fr","og_description":"Batterie pour v\u00e9lo grande autonomie Bosch PowerPack 540 \u00e0 399\u20ac au lieu 599\u20ac : puissance, fiabilit\u00e9 et longues distances garanties.","og_url":"https:\/\/ateliervae.fr\/?product=bosch-powerpack-540-performance-active-cadre-par-e-bike-vision","og_site_name":"ateliervae.fr","article_modified_time":"2026-04-16T08:43:27+00:00","og_image":[{"width":360,"height":360,"url":"https:\/\/ateliervae.fr\/wp-content\/uploads\/2026\/04\/bosch_powerpack_540_frame_e-bike_vision_driekwartaanzicht_voorkant.jpg","type":"image\/jpeg"}],"twitter_card":"summary_large_image","twitter_misc":{"Dur\u00e9e de lecture estim\u00e9e":"3 minutes"},"schema":{"@context":"https:\/\/schema.org","@graph":[{"@type":"WebPage","@id":"https:\/\/ateliervae.fr\/?product=bosch-powerpack-540-performance-active-cadre-par-e-bike-vision","url":"https:\/\/ateliervae.fr\/?product=bosch-powerpack-540-performance-active-cadre-par-e-bike-vision","name":"Batterie pour velos Bosch PowerPack 540 | Performance\/Active | cadre | par E-Bike Vision - ateliervae.fr","isPartOf":{"@id":"https:\/\/ateliervae.fr\/#website"},"primaryImageOfPage":{"@id":"https:\/\/ateliervae.fr\/?product=bosch-powerpack-540-performance-active-cadre-par-e-bike-vision#primaryimage"},"image":{"@id":"https:\/\/ateliervae.fr\/?product=bosch-powerpack-540-performance-active-cadre-par-e-bike-vision#primaryimage"},"thumbnailUrl":"https:\/\/ateliervae.fr\/wp-content\/uploads\/2026\/04\/bosch_powerpack_540_frame_e-bike_vision_driekwartaanzicht_voorkant.jpg","datePublished":"2026-04-13T09:39:03+00:00","dateModified":"2026-04-16T08:43:27+00:00","description":"Batterie pour v\u00e9lo grande autonomie Bosch PowerPack 540 \u00e0 399\u20ac au lieu 599\u20ac : puissance, fiabilit\u00e9 et longues distances garanties.","breadcrumb":{"@id":"https:\/\/ateliervae.fr\/?product=bosch-powerpack-540-performance-active-cadre-par-e-bike-vision#breadcrumb"},"inLanguage":"fr-FR","potentialAction":[{"@type":"ReadAction","target":["https:\/\/ateliervae.fr\/?product=bosch-powerpack-540-performance-active-cadre-par-e-bike-vision"]}]},{"@type":"ImageObject","inLanguage":"fr-FR","@id":"https:\/\/ateliervae.fr\/?product=bosch-powerpack-540-performance-active-cadre-par-e-bike-vision#primaryimage","url":"https:\/\/ateliervae.fr\/wp-content\/uploads\/2026\/04\/bosch_powerpack_540_frame_e-bike_vision_driekwartaanzicht_voorkant.jpg","contentUrl":"https:\/\/ateliervae.fr\/wp-content\/uploads\/2026\/04\/bosch_powerpack_540_frame_e-bike_vision_driekwartaanzicht_voorkant.jpg","width":360,"height":360,"caption":"batterie pour v\u00e9lo grande autonomie"},{"@type":"BreadcrumbList","@id":"https:\/\/ateliervae.fr\/?product=bosch-powerpack-540-performance-active-cadre-par-e-bike-vision#breadcrumb","itemListElement":[{"@type":"ListItem","position":1,"name":"Home","item":"https:\/\/ateliervae.fr\/"},{"@type":"ListItem","position":2,"name":"Produits","item":"https:\/\/ateliervae.fr\/shop\/"},{"@type":"ListItem","position":3,"name":"Batterie pour velos Bosch PowerPack 540 | Performance\/Active | cadre | par E-Bike Vision"}]},{"@type":"WebSite","@id":"https:\/\/ateliervae.fr\/#website","url":"https:\/\/ateliervae.fr\/","name":"ateliervae.fr","description":"L\u2019\u00e9nergie au c\u0153ur de vos trajets","publisher":{"@id":"https:\/\/ateliervae.fr\/#organization"},"potentialAction":[{"@type":"SearchAction","target":{"@type":"EntryPoint","urlTemplate":"https:\/\/ateliervae.fr\/?s={search_term_string}"},"query-input":{"@type":"PropertyValueSpecification","valueRequired":true,"valueName":"search_term_string"}}],"inLanguage":"fr-FR"},{"@type":"Organization","@id":"https:\/\/ateliervae.fr\/#organization","name":"ateliervae.fr","url":"https:\/\/ateliervae.fr\/","logo":{"@type":"ImageObject","inLanguage":"fr-FR","@id":"https:\/\/ateliervae.fr\/#\/schema\/logo\/image\/","url":"https:\/\/ateliervae.fr\/wp-content\/uploads\/2026\/04\/ChatGPT-Image-6-avr.-2026-11_58_22.png","contentUrl":"https:\/\/ateliervae.fr\/wp-content\/uploads\/2026\/04\/ChatGPT-Image-6-avr.-2026-11_58_22.png","width":1536,"height":1024,"caption":"ateliervae.fr"},"image":{"@id":"https:\/\/ateliervae.fr\/#\/schema\/logo\/image\/"}}]}},"_links":{"self":[{"href":"https:\/\/ateliervae.fr\/index.php?rest_route=\/wp\/v2\/product\/27225","targetHints":{"allow":["GET"]}}],"collection":[{"href":"https:\/\/ateliervae.fr\/index.php?rest_route=\/wp\/v2\/product"}],"about":[{"href":"https:\/\/ateliervae.fr\/index.php?rest_route=\/wp\/v2\/types\/product"}],"replies":[{"embeddable":true,"href":"https:\/\/ateliervae.fr\/index.php?rest_route=%2Fwp%2Fv2%2Fcomments&post=27225"}],"version-history":[{"count":2,"href":"https:\/\/ateliervae.fr\/index.php?rest_route=\/wp\/v2\/product\/27225\/revisions"}],"predecessor-version":[{"id":27461,"href":"https:\/\/ateliervae.fr\/index.php?rest_route=\/wp\/v2\/product\/27225\/revisions\/27461"}],"wp:featuredmedia":[{"embeddable":true,"href":"https:\/\/ateliervae.fr\/index.php?rest_route=\/wp\/v2\/media\/27196"}],"wp:attachment":[{"href":"https:\/\/ateliervae.fr\/index.php?rest_route=%2Fwp%2Fv2%2Fmedia&parent=27225"}],"wp:term":[{"taxonomy":"product_brand","embeddable":true,"href":"https:\/\/ateliervae.fr\/index.php?rest_route=%2Fwp%2Fv2%2Fproduct_brand&post=27225"},{"taxonomy":"product_cat","embeddable":true,"href":"https:\/\/ateliervae.fr\/index.php?rest_route=%2Fwp%2Fv2%2Fproduct_cat&post=27225"},{"taxonomy":"product_tag","embeddable":true,"href":"https:\/\/ateliervae.fr\/index.php?rest_route=%2Fwp%2Fv2%2Fproduct_tag&post=27225"}],"curies":[{"name":"wp","href":"https:\/\/api.w.org\/{rel}","templated":true}]}}